{"version":"1.0","provider_name":"UNI B\u00e0squet Girona","provider_url":"https:\/\/www.unigirona.cat\/en\/","title":"ROBERTO \u00cd\u00d1IGUEZ VALORA LA PRETEMPORADA DE L'UNI GIRONA - UNI B\u00e0squet Girona","type":"rich","width":600,"height":338,"html":"<blockquote class=\"wp-embedded-content\" data-secret=\"MOt1NOWshg\"><a href=\"https:\/\/www.unigirona.cat\/en\/spar-girona-tanca-la-pretermporada-amb-derrota-2\/\">ROBERTO \u00cd\u00d1IGUEZ VALORA LA PRETEMPORADA DE L&#8217;UNI GIRONA<\/a><\/blockquote><iframe sandbox=\"allow-scripts\" security=\"restricted\" src=\"https:\/\/www.unigirona.cat\/en\/spar-girona-tanca-la-pretermporada-amb-derrota-2\/embed\/#?secret=MOt1NOWshg\" width=\"600\" height=\"338\" title=\"&#8220;ROBERTO \u00cd\u00d1IGUEZ VALORA LA PRETEMPORADA DE L&#8217;UNI GIRONA&#8221; &#8212; UNI B\u00e0squet Girona\" data-secret=\"MOt1NOWshg\" frameborder=\"0\" marginwidth=\"0\" marginheight=\"0\" scrolling=\"no\" class=\"wp-embedded-content\"><\/iframe><script type=\"text\/javascript\">\n\/* <![CDATA[ *\/\n\/*! This file is auto-generated *\/\n!function(d,l){\"use strict\";l.querySelector&&d.addEventListener&&\"undefined\"!=typeof URL&&(d.wp=d.wp||{},d.wp.receiveEmbedMessage||(d.wp.receiveEmbedMessage=function(e){var t=e.data;if((t||t.secret||t.message||t.value)&&!\/[^a-zA-Z0-9]\/.test(t.secret)){for(var s,r,n,a=l.querySelectorAll('iframe[data-secret=\"'+t.secret+'\"]'),o=l.querySelectorAll('blockquote[data-secret=\"'+t.secret+'\"]'),c=new RegExp(\"^https?:$\",\"i\"),i=0;i<o.length;i++)o[i].style.display=\"none\";for(i=0;i<a.length;i++)s=a[i],e.source===s.contentWindow&&(s.removeAttribute(\"style\"),\"height\"===t.message?(1e3<(r=parseInt(t.value,10))?r=1e3:~~r<200&&(r=200),s.height=r):\"link\"===t.message&&(r=new URL(s.getAttribute(\"src\")),n=new URL(t.value),c.test(n.protocol))&&n.host===r.host&&l.activeElement===s&&(d.top.location.href=t.value))}},d.addEventListener(\"message\",d.wp.receiveEmbedMessage,!1),l.addEventListener(\"DOMContentLoaded\",function(){for(var e,t,s=l.querySelectorAll(\"iframe.wp-embedded-content\"),r=0;r<s.length;r++)(t=(e=s[r]).getAttribute(\"data-secret\"))||(t=Math.random().toString(36).substring(2,12),e.src+=\"#?secret=\"+t,e.setAttribute(\"data-secret\",t)),e.contentWindow.postMessage({message:\"ready\",secret:t},\"*\")},!1)))}(window,document);\n\/* ]]> *\/\n<\/script>\n","thumbnail_url":"https:\/\/www.unigirona.cat\/wp-content\/uploads\/2024\/10\/portada.jpg","thumbnail_width":5535,"thumbnail_height":3690,"description":"Aquest mat\u00ed, l\u2019entrenador de l\u2019Spar Girona, Roberto \u00cd\u00f1iguez, ha comparegut davant dels mitjans de comunicaci\u00f3 per fer una valoraci\u00f3 de la pretemporada del seu equip. El t\u00e8cnic ha destacat les dificultats que s\u2019han trobat fins ara, marcades per les lesions i les abs\u00e8ncies, aix\u00ed com per la pres\u00e8ncia de moltes jugadores joves. Segons \u00cd\u00f1iguez: \u201c\u00c9s [&hellip;]"}