{"version":"1.0","provider_name":"UNI B\u00e0squet Girona","provider_url":"https:\/\/www.unigirona.cat\/es\/","title":"Mariam Coulibaly, potencia interior para el B\u00e0squet Girona - UNI B\u00e0squet Girona","type":"rich","width":600,"height":338,"html":"<blockquote class=\"wp-embedded-content\" data-secret=\"9YOFUTxrQi\"><a href=\"https:\/\/www.unigirona.cat\/es\/mariam-coulibaly-potencia-interior-para-el-basquet-girona\/\">Mariam Coulibaly, potencia interior para el B\u00e0squet Girona<\/a><\/blockquote><iframe sandbox=\"allow-scripts\" security=\"restricted\" src=\"https:\/\/www.unigirona.cat\/es\/mariam-coulibaly-potencia-interior-para-el-basquet-girona\/embed\/#?secret=9YOFUTxrQi\" width=\"600\" height=\"338\" title=\"\u00abMariam Coulibaly, potencia interior para el B\u00e0squet Girona\u00bb \u2014 UNI B\u00e0squet Girona\" data-secret=\"9YOFUTxrQi\" frameborder=\"0\" marginwidth=\"0\" marginheight=\"0\" scrolling=\"no\" class=\"wp-embedded-content\"><\/iframe><script type=\"text\/javascript\">\n\/* <![CDATA[ *\/\n\/*! This file is auto-generated *\/\n!function(d,l){\"use strict\";l.querySelector&&d.addEventListener&&\"undefined\"!=typeof URL&&(d.wp=d.wp||{},d.wp.receiveEmbedMessage||(d.wp.receiveEmbedMessage=function(e){var t=e.data;if((t||t.secret||t.message||t.value)&&!\/[^a-zA-Z0-9]\/.test(t.secret)){for(var s,r,n,a=l.querySelectorAll('iframe[data-secret=\"'+t.secret+'\"]'),o=l.querySelectorAll('blockquote[data-secret=\"'+t.secret+'\"]'),c=new RegExp(\"^https?:$\",\"i\"),i=0;i<o.length;i++)o[i].style.display=\"none\";for(i=0;i<a.length;i++)s=a[i],e.source===s.contentWindow&&(s.removeAttribute(\"style\"),\"height\"===t.message?(1e3<(r=parseInt(t.value,10))?r=1e3:~~r<200&&(r=200),s.height=r):\"link\"===t.message&&(r=new URL(s.getAttribute(\"src\")),n=new URL(t.value),c.test(n.protocol))&&n.host===r.host&&l.activeElement===s&&(d.top.location.href=t.value))}},d.addEventListener(\"message\",d.wp.receiveEmbedMessage,!1),l.addEventListener(\"DOMContentLoaded\",function(){for(var e,t,s=l.querySelectorAll(\"iframe.wp-embedded-content\"),r=0;r<s.length;r++)(t=(e=s[r]).getAttribute(\"data-secret\"))||(t=Math.random().toString(36).substring(2,12),e.src+=\"#?secret=\"+t,e.setAttribute(\"data-secret\",t)),e.contentWindow.postMessage({message:\"ready\",secret:t},\"*\")},!1)))}(window,document);\n\/* ]]> *\/\n<\/script>\n","thumbnail_url":"http:\/\/www.unigirona.cat\/wp-content\/uploads\/2025\/08\/Captura-de-pantalla-2025-08-19-092915.png","thumbnail_width":1431,"thumbnail_height":873,"description":"Mariam Coulibaly (Bamako, Mali; 07\/10\/1997) es nueva jugadora del Spar Girona para la pr\u00f3xima temporada. La p\u00edvot, de 192 cm y 27 a\u00f1os, llega procedente del Club Joventut Badalona, donde firm\u00f3 una de las temporadas m\u00e1s dominantes de su carrera. Coulibaly se form\u00f3 en el CB Islas Canarias, donde debut\u00f3 en Liga Femenina la temporada [&hellip;]"}