{"id":41545,"date":"2022-07-26T10:37:46","date_gmt":"2022-07-26T08:37:46","guid":{"rendered":"https:\/\/www.unigirona.cat\/inici\/"},"modified":"2025-10-02T11:05:32","modified_gmt":"2025-10-02T09:05:32","slug":"inici","status":"publish","type":"page","link":"https:\/\/www.unigirona.cat\/es\/","title":{"rendered":"Inicio"},"content":{"rendered":"\t\t<div data-elementor-type=\"wp-page\" data-elementor-id=\"41545\" class=\"elementor elementor-41545 elementor-32647\" data-elementor-post-type=\"page\">\n\t\t\t\t\t\t<section class=\"elementor-section elementor-top-section elementor-element elementor-element-418c885 elementor-section-full_width elementor-section-content-middle elementor-section-height-default elementor-section-height-default\" data-id=\"418c885\" data-element_type=\"section\" data-settings=\"{&quot;background_background&quot;:&quot;classic&quot;}\">\n\t\t\t\t\t\t<div class=\"elementor-container elementor-column-gap-no\">\n\t\t\t\t\t<div class=\"elementor-column elementor-col-100 elementor-top-column elementor-element elementor-element-1bd4ddd\" data-id=\"1bd4ddd\" data-element_type=\"column\">\n\t\t\t<div class=\"elementor-widget-wrap elementor-element-populated\">\n\t\t\t\t\t\t\t<\/div>\n\t\t<\/div>\n\t\t\t\t\t<\/div>\n\t\t<\/section>\n\t\t<div class=\"elementor-element elementor-element-e053a38 lte-background-black e-flex e-con-boxed e-con e-parent\" data-id=\"e053a38\" data-element_type=\"container\" data-settings=\"{&quot;background_background&quot;:&quot;classic&quot;}\">\n\t\t\t\t\t<div class=\"e-con-inner\">\n\t\t\t\t<div class=\"elementor-element elementor-element-66f1dd6 elementor-widget elementor-widget-lte-button\" data-id=\"66f1dd6\" data-element_type=\"widget\" data-widget_type=\"lte-button.default\">\n\t\t\t\t<div class=\"elementor-widget-container\">\n\t\t\t\t\t<div class=\"lte-btn-wrap\">\r\n\t<a href=\"https:\/\/www.rtve.es\/play\/deportes\/\"  class=\"lte-btn btn-lg color-hover-default\"><span class=\"lte-btn-inner\"><span class=\"lte-btn-before\"><\/span>Ver online<span class=\"lte-btn-after\"><\/span><\/span><\/a><\/div>\t\t\t\t<\/div>\n\t\t\t\t<\/div>\n\t\t\t\t\t<\/div>\n\t\t\t\t<\/div>\n\t\t<div class=\"elementor-element elementor-element-d5740c3 lte-background-black e-flex e-con-boxed e-con e-parent\" data-id=\"d5740c3\" data-element_type=\"container\" data-settings=\"{&quot;background_background&quot;:&quot;classic&quot;}\">\n\t\t\t\t\t<div class=\"e-con-inner\">\n\t\t<div class=\"elementor-element elementor-element-6efbd42 lte-background-black e-con-full e-flex e-con e-child\" data-id=\"6efbd42\" data-element_type=\"container\" data-settings=\"{&quot;background_background&quot;:&quot;classic&quot;}\">\n\t\t\t\t<div class=\"elementor-element elementor-element-9f690eb elementor-widget elementor-widget-spacer\" data-id=\"9f690eb\" data-element_type=\"widget\" data-widget_type=\"spacer.default\">\n\t\t\t\t<div class=\"elementor-widget-container\">\n\t\t\t\t\t\t\t<div class=\"elementor-spacer\">\n\t\t\t<div class=\"elementor-spacer-inner\"><\/div>\n\t\t<\/div>\n\t\t\t\t\t\t<\/div>\n\t\t\t\t<\/div>\n\t\t\t\t<div class=\"elementor-element elementor-element-cb98027 lte-animation-speed-slow elementor-widget elementor-widget-image\" data-id=\"cb98027\" data-element_type=\"widget\" data-widget_type=\"image.default\">\n\t\t\t\t<div class=\"elementor-widget-container\">\n\t\t\t\t\t\t\t\t\t\t\t\t\t\t\t<img fetchpriority=\"high\" decoding=\"async\" width=\"927\" height=\"311\" src=\"https:\/\/www.unigirona.cat\/wp-content\/uploads\/2025\/10\/logos-1.jpg\" class=\"attachment-large size-large wp-image-45459\" alt=\"\" srcset=\"https:\/\/www.unigirona.cat\/wp-content\/uploads\/2025\/10\/logos-1.jpg 927w, https:\/\/www.unigirona.cat\/wp-content\/uploads\/2025\/10\/logos-1-300x101.jpg 300w, https:\/\/www.unigirona.cat\/wp-content\/uploads\/2025\/10\/logos-1-768x258.jpg 768w, https:\/\/www.unigirona.cat\/wp-content\/uploads\/2025\/10\/logos-1-500x168.jpg 500w, https:\/\/www.unigirona.cat\/wp-content\/uploads\/2025\/10\/logos-1-100x34.jpg 100w, https:\/\/www.unigirona.cat\/wp-content\/uploads\/2025\/10\/logos-1-480x161.jpg 480w, https:\/\/www.unigirona.cat\/wp-content\/uploads\/2025\/10\/logos-1-600x201.jpg 600w\" sizes=\"(max-width: 927px) 100vw, 927px\" \/>\t\t\t\t\t\t\t\t\t\t\t\t\t\t\t<\/div>\n\t\t\t\t<\/div>\n\t\t\t\t<div class=\"elementor-element elementor-element-0830a4b elementor-widget elementor-widget-text-editor\" data-id=\"0830a4b\" data-element_type=\"widget\" data-widget_type=\"text-editor.default\">\n\t\t\t\t<div class=\"elementor-widget-container\">\n\t\t\t\t\t\t\t\t\t<p><b>Toda la actualidad del Uni Girona, entradas, informaci\u00f3n de jugadoras y tienda<br \/><\/b><b>la encontrar\u00e1s en la web de Basquet Girona.<\/b><\/p>\t\t\t\t\t\t\t\t<\/div>\n\t\t\t\t<\/div>\n\t\t\t\t<div class=\"elementor-element elementor-element-60c1b74 elementor-widget elementor-widget-lte-button\" data-id=\"60c1b74\" data-element_type=\"widget\" data-widget_type=\"lte-button.default\">\n\t\t\t\t<div class=\"elementor-widget-container\">\n\t\t\t\t\t<div class=\"lte-btn-wrap\">\r\n\t<a href=\"https:\/\/basquetgirona.com\/es\/\"  class=\"lte-btn btn-lg color-hover-default\"><span class=\"lte-btn-inner\"><span class=\"lte-btn-before\"><\/span>WEB DE BASQUET GIRONA<span class=\"lte-btn-after\"><\/span><\/span><\/a><\/div>\t\t\t\t<\/div>\n\t\t\t\t<\/div>\n\t\t\t\t<\/div>\n\t\t\t\t\t<\/div>\n\t\t\t\t<\/div>\n\t\t<div class=\"elementor-element elementor-element-e31ff15 lte-background-gray e-con-full e-flex e-con e-parent\" data-id=\"e31ff15\" data-element_type=\"container\">\n\t\t<div class=\"elementor-element elementor-element-4e39364 e-con-full e-flex e-con e-child\" data-id=\"4e39364\" data-element_type=\"container\" data-settings=\"{&quot;background_background&quot;:&quot;classic&quot;}\">\n\t\t\t\t<div class=\"elementor-element elementor-element-f0d5f05 lte-animation-speed-slow elementor-widget elementor-widget-image\" data-id=\"f0d5f05\" data-element_type=\"widget\" data-widget_type=\"image.default\">\n\t\t\t\t<div class=\"elementor-widget-container\">\n\t\t\t\t\t\t\t\t\t\t\t\t\t\t\t\t<a href=\"https:\/\/basquetgirona.com\/wp-content\/uploads\/2025\/07\/dossier-campanya-abonaments-basquet-girona-25-26.pdf\">\n\t\t\t\t\t\t\t<img decoding=\"async\" width=\"750\" height=\"500\" src=\"https:\/\/www.unigirona.cat\/wp-content\/uploads\/2025\/07\/dossier-web-uni-cast.png\" class=\"attachment-large size-large wp-image-44941\" alt=\"\" srcset=\"https:\/\/www.unigirona.cat\/wp-content\/uploads\/2025\/07\/dossier-web-uni-cast.png 750w, https:\/\/www.unigirona.cat\/wp-content\/uploads\/2025\/07\/dossier-web-uni-cast-300x200.png 300w, https:\/\/www.unigirona.cat\/wp-content\/uploads\/2025\/07\/dossier-web-uni-cast-500x333.png 500w, https:\/\/www.unigirona.cat\/wp-content\/uploads\/2025\/07\/dossier-web-uni-cast-100x67.png 100w, https:\/\/www.unigirona.cat\/wp-content\/uploads\/2025\/07\/dossier-web-uni-cast-480x320.png 480w, https:\/\/www.unigirona.cat\/wp-content\/uploads\/2025\/07\/dossier-web-uni-cast-600x400.png 600w\" sizes=\"(max-width: 750px) 100vw, 750px\" \/>\t\t\t\t\t\t\t\t<\/a>\n\t\t\t\t\t\t\t\t\t\t\t\t\t\t\t<\/div>\n\t\t\t\t<\/div>\n\t\t\t\t<\/div>\n\t\t<div class=\"elementor-element elementor-element-a20e055 e-con-full e-flex e-con e-child\" data-id=\"a20e055\" data-element_type=\"container\" data-settings=\"{&quot;background_background&quot;:&quot;classic&quot;}\">\n\t\t\t\t<div class=\"elementor-element elementor-element-ecc996c lte-animation-speed-slow elementor-widget elementor-widget-image\" data-id=\"ecc996c\" data-element_type=\"widget\" data-widget_type=\"image.default\">\n\t\t\t\t<div class=\"elementor-widget-container\">\n\t\t\t\t\t\t\t\t\t\t\t\t\t\t\t\t<a href=\"https:\/\/basquetgirona.com\/wp-content\/uploads\/2025\/07\/dossier-campanya-abonaments-vip-basquet-girona-25-26.pdf%20\" target=\"_blank\">\n\t\t\t\t\t\t\t<img decoding=\"async\" width=\"750\" height=\"500\" src=\"https:\/\/www.unigirona.cat\/wp-content\/uploads\/2025\/07\/BANNER-WEB-UNI-CAST.png\" class=\"attachment-large size-large wp-image-44945\" alt=\"\" srcset=\"https:\/\/www.unigirona.cat\/wp-content\/uploads\/2025\/07\/BANNER-WEB-UNI-CAST.png 750w, https:\/\/www.unigirona.cat\/wp-content\/uploads\/2025\/07\/BANNER-WEB-UNI-CAST-300x200.png 300w, https:\/\/www.unigirona.cat\/wp-content\/uploads\/2025\/07\/BANNER-WEB-UNI-CAST-500x333.png 500w, https:\/\/www.unigirona.cat\/wp-content\/uploads\/2025\/07\/BANNER-WEB-UNI-CAST-100x67.png 100w, https:\/\/www.unigirona.cat\/wp-content\/uploads\/2025\/07\/BANNER-WEB-UNI-CAST-480x320.png 480w, https:\/\/www.unigirona.cat\/wp-content\/uploads\/2025\/07\/BANNER-WEB-UNI-CAST-600x400.png 600w\" sizes=\"(max-width: 750px) 100vw, 750px\" \/>\t\t\t\t\t\t\t\t<\/a>\n\t\t\t\t\t\t\t\t\t\t\t\t\t\t\t<\/div>\n\t\t\t\t<\/div>\n\t\t\t\t<\/div>\n\t\t<div class=\"elementor-element elementor-element-dc33b9f e-con-full e-flex e-con e-child\" data-id=\"dc33b9f\" data-element_type=\"container\" data-settings=\"{&quot;background_background&quot;:&quot;classic&quot;}\">\n\t\t\t\t<div class=\"elementor-element elementor-element-8f43b44 lte-animation-speed-slow elementor-widget elementor-widget-image\" data-id=\"8f43b44\" data-element_type=\"widget\" data-widget_type=\"image.default\">\n\t\t\t\t<div class=\"elementor-widget-container\">\n\t\t\t\t\t\t\t\t\t\t\t\t\t\t\t\t<a href=\"https:\/\/basquetgirona.com\/wp-content\/uploads\/2025\/07\/dossier-noves-altes-abonaments-basquet-girona-25-26.pdf%20\" target=\"_blank\">\n\t\t\t\t\t\t\t<img loading=\"lazy\" decoding=\"async\" width=\"750\" height=\"500\" src=\"https:\/\/www.unigirona.cat\/wp-content\/uploads\/2025\/07\/abono-caste.png\" class=\"attachment-large size-large wp-image-44954\" alt=\"\" srcset=\"https:\/\/www.unigirona.cat\/wp-content\/uploads\/2025\/07\/abono-caste.png 750w, https:\/\/www.unigirona.cat\/wp-content\/uploads\/2025\/07\/abono-caste-300x200.png 300w, https:\/\/www.unigirona.cat\/wp-content\/uploads\/2025\/07\/abono-caste-500x333.png 500w, https:\/\/www.unigirona.cat\/wp-content\/uploads\/2025\/07\/abono-caste-100x67.png 100w, https:\/\/www.unigirona.cat\/wp-content\/uploads\/2025\/07\/abono-caste-480x320.png 480w, https:\/\/www.unigirona.cat\/wp-content\/uploads\/2025\/07\/abono-caste-600x400.png 600w\" sizes=\"(max-width: 750px) 100vw, 750px\" \/>\t\t\t\t\t\t\t\t<\/a>\n\t\t\t\t\t\t\t\t\t\t\t\t\t\t\t<\/div>\n\t\t\t\t<\/div>\n\t\t\t\t<\/div>\n\t\t\t\t<\/div>\n\t\t<div class=\"elementor-element elementor-element-15cdf2a lte-background-gray e-flex e-con-boxed e-con e-parent\" data-id=\"15cdf2a\" data-element_type=\"container\">\n\t\t\t\t\t<div class=\"e-con-inner\">\n\t\t<div class=\"elementor-element elementor-element-2302c87 e-con-full e-flex e-con e-child\" data-id=\"2302c87\" data-element_type=\"container\">\n\t\t\t\t<\/div>\n\t\t<div class=\"elementor-element elementor-element-ef299bb e-con-full e-flex e-con e-child\" data-id=\"ef299bb\" data-element_type=\"container\">\n\t\t\t\t<div class=\"elementor-element elementor-element-418330e lte-animation-speed-slow elementor-widget elementor-widget-image\" data-id=\"418330e\" data-element_type=\"widget\" data-widget_type=\"image.default\">\n\t\t\t\t<div class=\"elementor-widget-container\">\n\t\t\t\t\t\t\t\t\t\t\t\t\t\t\t<img loading=\"lazy\" decoding=\"async\" width=\"300\" height=\"85\" src=\"https:\/\/www.unigirona.cat\/wp-content\/uploads\/2024\/11\/espai-logo.png\" class=\"attachment-large size-large wp-image-39933\" alt=\"\" srcset=\"https:\/\/www.unigirona.cat\/wp-content\/uploads\/2024\/11\/espai-logo.png 300w, https:\/\/www.unigirona.cat\/wp-content\/uploads\/2024\/11\/espai-logo-100x28.png 100w\" sizes=\"(max-width: 300px) 100vw, 300px\" \/>\t\t\t\t\t\t\t\t\t\t\t\t\t\t\t<\/div>\n\t\t\t\t<\/div>\n\t\t\t\t<\/div>\n\t\t<div class=\"elementor-element elementor-element-81760a9 e-con-full e-flex e-con e-child\" data-id=\"81760a9\" data-element_type=\"container\">\n\t\t\t\t<div class=\"elementor-element elementor-element-282bf7e lte-animation-speed-slow elementor-widget elementor-widget-image\" data-id=\"282bf7e\" data-element_type=\"widget\" data-widget_type=\"image.default\">\n\t\t\t\t<div class=\"elementor-widget-container\">\n\t\t\t\t\t\t\t\t\t\t\t\t\t\t\t<img loading=\"lazy\" decoding=\"async\" width=\"325\" height=\"60\" src=\"https:\/\/www.unigirona.cat\/wp-content\/uploads\/2024\/11\/bauhaus-logo.png\" class=\"attachment-large size-large wp-image-39934\" alt=\"\" srcset=\"https:\/\/www.unigirona.cat\/wp-content\/uploads\/2024\/11\/bauhaus-logo.png 325w, https:\/\/www.unigirona.cat\/wp-content\/uploads\/2024\/11\/bauhaus-logo-300x55.png 300w, https:\/\/www.unigirona.cat\/wp-content\/uploads\/2024\/11\/bauhaus-logo-100x18.png 100w\" sizes=\"(max-width: 325px) 100vw, 325px\" \/>\t\t\t\t\t\t\t\t\t\t\t\t\t\t\t<\/div>\n\t\t\t\t<\/div>\n\t\t\t\t<\/div>\n\t\t<div class=\"elementor-element elementor-element-b1562bb e-con-full e-flex e-con e-child\" data-id=\"b1562bb\" data-element_type=\"container\">\n\t\t\t\t<\/div>\n\t\t\t\t\t<\/div>\n\t\t\t\t<\/div>\n\t\t<div class=\"elementor-element elementor-element-f513e6b lte-background-gray e-flex e-con-boxed e-con e-parent\" data-id=\"f513e6b\" data-element_type=\"container\">\n\t\t\t\t\t<div class=\"e-con-inner\">\n\t\t<div class=\"elementor-element elementor-element-47cc566 e-flex e-con-boxed e-con e-child\" data-id=\"47cc566\" data-element_type=\"container\">\n\t\t\t\t\t<div class=\"e-con-inner\">\n\t\t<div class=\"elementor-element elementor-element-ce3ce25 e-con-full e-flex e-con e-child\" data-id=\"ce3ce25\" data-element_type=\"container\">\n\t\t\t\t<div class=\"elementor-element elementor-element-235d047 elementor-widget elementor-widget-lte-blog\" data-id=\"235d047\" data-element_type=\"widget\" data-widget_type=\"lte-blog.default\">\n\t\t\t\t<div class=\"elementor-widget-container\">\n\t\t\t\t\t<div class=\"blog lte-blog-sc row centered layout-posts-large hideLastOdd lte-grid-bg\"><div class=\"items col-xl-12 col-lg-12 col-md-12 col-sm-12 col-ms-12 col-xs-12\"><article class=\"post-45481 post type-post status-publish format-standard has-post-thumbnail hentry category-ultima-hora\">\n\t<a href=\"https:\/\/www.unigirona.cat\/es\/la-historia-de-luni-girona-queda-recollida-en-un-llibre\/\" class=\"lte-photo\"><img loading=\"lazy\" decoding=\"async\" width=\"500\" height=\"300\" src=\"https:\/\/www.unigirona.cat\/wp-content\/uploads\/2025\/12\/IMG_6035-500x300.jpg\" class=\"attachment-atleticos-blog size-atleticos-blog wp-post-image\" alt=\"\" \/><span class=\"lte-photo-overlay\"><\/span><\/a><span class=\"lte-cats\"><a href=\"https:\/\/www.unigirona.cat\/category\/ultima-hora\/\">\u00daltima hora<\/a><\/span> \t\n    <div class=\"lte-description\"> \n\t    <span class=\"lte-date-top\"><a href=\"https:\/\/www.unigirona.cat\/es\/la-historia-de-luni-girona-queda-recollida-en-un-llibre\/\" class=\"lte-date\"><span class=\"dt\">12\/12\/2025<\/span><\/a><\/span>       \t\n        <a href=\"https:\/\/www.unigirona.cat\/es\/la-historia-de-luni-girona-queda-recollida-en-un-llibre\/\" class=\"lte-header\"><h3>LA HIST\u00d2RIA DE L&#8217;UNI GIRONA QUEDA RECOLLIDA EN UN LLIBRE<\/h3><\/a>\n\t\t<div class=\"lte-excerpt\">El periodista Jordi Roura presenta \u00abUni Girona: 20 anys de b\u00e0squet i \u00e8xits\u00bb a la Fundaci\u00f3 Valvi amb Cayetano P\u00e9rez i Pere PuigL&#8217;obra es posar\u00e0 a la venda la setmana que al web de l&#8217;Uni Girona i tamb\u00e9 es podr\u00e0 trobar al pavell\u00f3 de Fontajau Compra &hellip;<\/div><ul class=\"lte-post-info\"><li class=\"lte-icon-comments\"><span>0<\/span><\/li><\/ul>\t\n\t\t\t\t\t\n    <\/div>    \n<\/article><\/div><\/div><div class=\"clearfix\"><\/div>\t\t\t\t<\/div>\n\t\t\t\t<\/div>\n\t\t\t\t<\/div>\n\t\t<div class=\"elementor-element elementor-element-89d0737 e-con-full e-flex e-con e-child\" data-id=\"89d0737\" data-element_type=\"container\">\n\t\t\t\t<div class=\"elementor-element elementor-element-b3bbd20 blog-home elementor-widget elementor-widget-lte-blog\" data-id=\"b3bbd20\" data-element_type=\"widget\" data-widget_type=\"lte-blog.default\">\n\t\t\t\t<div class=\"elementor-widget-container\">\n\t\t\t\t\t<div class=\"blog lte-blog-sc row centered layout-posts hideLastOdd lte-grid-bg\"><div class=\"items col-xl-6 col-lg-6 col-md-12 col-sm-12 col-ms-12 col-xs-12\"><article class=\"post-45402 post type-post status-publish format-standard has-post-thumbnail hentry category-lf-endesa\">\n\t<a href=\"https:\/\/www.unigirona.cat\/es\/basquet-girona-i-spar-girona-anuncien-els-dorsals-per-a-la-temporada-2025-26\/\" class=\"lte-photo\"><img loading=\"lazy\" decoding=\"async\" width=\"500\" height=\"300\" src=\"https:\/\/www.unigirona.cat\/wp-content\/uploads\/2025\/08\/DORSALS-500x300.png\" class=\"attachment-atleticos-blog size-atleticos-blog wp-post-image\" alt=\"\" \/><span class=\"lte-photo-overlay\"><\/span><\/a><span class=\"lte-cats\"><a href=\"https:\/\/www.unigirona.cat\/category\/lf-endesa\/\">LF Endesa<\/a><\/span> \t\n    <div class=\"lte-description\"> \n\t    <span class=\"lte-date-top\"><a href=\"https:\/\/www.unigirona.cat\/es\/basquet-girona-i-spar-girona-anuncien-els-dorsals-per-a-la-temporada-2025-26\/\" class=\"lte-date\"><span class=\"dt\">31\/08\/2025<\/span><\/a><\/span>       \t\n        <a href=\"https:\/\/www.unigirona.cat\/es\/basquet-girona-i-spar-girona-anuncien-els-dorsals-per-a-la-temporada-2025-26\/\" class=\"lte-header\"><h3>B\u00e0squet Girona i Spar Girona anuncien els dorsals per a la temporada 2025\u201326<\/h3><\/a>\n\t\t<div class=\"lte-excerpt\">El B\u00e0squet Girona i l\u2019Spar Girona ja tenen definits els &hellip;<\/div><ul class=\"lte-post-info\"><li class=\"lte-icon-comments\"><span>0<\/span><\/li><\/ul>\t\n\t\t\t\t\t\n    <\/div>    \n<\/article><\/div><div class=\"items col-xl-6 col-lg-6 col-md-12 col-sm-12 col-ms-12 col-xs-12\"><article class=\"post-45397 post type-post status-publish format-standard has-post-thumbnail hentry category-lf-endesa\">\n\t<a href=\"https:\/\/www.unigirona.cat\/es\/klara-holm-ja-es-a-girona\/\" class=\"lte-photo\"><img loading=\"lazy\" decoding=\"async\" width=\"500\" height=\"300\" src=\"https:\/\/www.unigirona.cat\/wp-content\/uploads\/2025\/08\/DSC7140-500x300.jpg\" class=\"attachment-atleticos-blog size-atleticos-blog wp-post-image\" alt=\"\" \/><span class=\"lte-photo-overlay\"><\/span><\/a><span class=\"lte-cats\"><a href=\"https:\/\/www.unigirona.cat\/category\/lf-endesa\/\">LF Endesa<\/a><\/span> \t\n    <div class=\"lte-description\"> \n\t    <span class=\"lte-date-top\"><a href=\"https:\/\/www.unigirona.cat\/es\/klara-holm-ja-es-a-girona\/\" class=\"lte-date\"><span class=\"dt\">29\/08\/2025<\/span><\/a><\/span>       \t\n        <a href=\"https:\/\/www.unigirona.cat\/es\/klara-holm-ja-es-a-girona\/\" class=\"lte-header\"><h3>KLARA HOLM JA \u00c9S A GIRONA<\/h3><\/a>\n\t\t<div class=\"lte-excerpt\">Klara Holm s\u2019ha incorporat als entrenaments de l\u2019Spar Girona. La &hellip;<\/div><ul class=\"lte-post-info\"><li class=\"lte-icon-comments\"><span>0<\/span><\/li><\/ul>\t\n\t\t\t\t\t\n    <\/div>    \n<\/article><\/div><div class=\"items col-xl-6 col-lg-6 col-md-12 col-sm-12 col-ms-12 col-xs-12\"><article class=\"post-45382 post type-post status-publish format-standard has-post-thumbnail hentry category-lf-endesa\">\n\t<a href=\"https:\/\/www.unigirona.cat\/es\/lspar-girona-inicia-la-pretemporada-a-fontajau\/\" class=\"lte-photo\"><img loading=\"lazy\" decoding=\"async\" width=\"500\" height=\"300\" src=\"https:\/\/www.unigirona.cat\/wp-content\/uploads\/2025\/08\/IMG_0404-1-min-500x300.jpg\" class=\"attachment-atleticos-blog size-atleticos-blog wp-post-image\" alt=\"\" \/><span class=\"lte-photo-overlay\"><\/span><\/a><span class=\"lte-cats\"><a href=\"https:\/\/www.unigirona.cat\/category\/lf-endesa\/\">LF Endesa<\/a><\/span> \t\n    <div class=\"lte-description\"> \n\t    <span class=\"lte-date-top\"><a href=\"https:\/\/www.unigirona.cat\/es\/lspar-girona-inicia-la-pretemporada-a-fontajau\/\" class=\"lte-date\"><span class=\"dt\">26\/08\/2025<\/span><\/a><\/span>       \t\n        <a href=\"https:\/\/www.unigirona.cat\/es\/lspar-girona-inicia-la-pretemporada-a-fontajau\/\" class=\"lte-header\"><h3>L\u2019Spar Girona comen\u00e7a la pretemporada<\/h3><\/a>\n\t\t<div class=\"lte-excerpt\">Despr\u00e9s de completar aquest dilluns les revisions m\u00e8diques, l\u2019Spar Girona &hellip;<\/div><ul class=\"lte-post-info\"><li class=\"lte-icon-comments\"><span>0<\/span><\/li><\/ul>\t\n\t\t\t\t\t\n    <\/div>    \n<\/article><\/div><div class=\"items col-xl-6 col-lg-6 col-md-12 col-sm-12 col-ms-12 col-xs-12\"><article class=\"post-45375 post type-post status-publish format-standard has-post-thumbnail hentry category-lf-endesa\">\n\t<a href=\"https:\/\/www.unigirona.cat\/es\/lspar-girona-dona-el-tret-de-sortida-amb-les-revisions-mediques\/\" class=\"lte-photo\"><img loading=\"lazy\" decoding=\"async\" width=\"500\" height=\"300\" src=\"https:\/\/www.unigirona.cat\/wp-content\/uploads\/2025\/08\/IMG_0303-500x300.jpg\" class=\"attachment-atleticos-blog size-atleticos-blog wp-post-image\" alt=\"\" \/><span class=\"lte-photo-overlay\"><\/span><\/a><span class=\"lte-cats\"><a href=\"https:\/\/www.unigirona.cat\/category\/lf-endesa\/\">LF Endesa<\/a><\/span> \t\n    <div class=\"lte-description\"> \n\t    <span class=\"lte-date-top\"><a href=\"https:\/\/www.unigirona.cat\/es\/lspar-girona-dona-el-tret-de-sortida-amb-les-revisions-mediques\/\" class=\"lte-date\"><span class=\"dt\">25\/08\/2025<\/span><\/a><\/span>       \t\n        <a href=\"https:\/\/www.unigirona.cat\/es\/lspar-girona-dona-el-tret-de-sortida-amb-les-revisions-mediques\/\" class=\"lte-header\"><h3>L\u2019Spar Girona dona el tret de sortida amb les revisions m\u00e8diques<\/h3><\/a>\n\t\t<div class=\"lte-excerpt\">L\u2019Spar Girona ja ha posat en marxa la preparaci\u00f3 per &hellip;<\/div><ul class=\"lte-post-info\"><li class=\"lte-icon-comments\"><span>0<\/span><\/li><\/ul>\t\n\t\t\t\t\t\n    <\/div>    \n<\/article><\/div><div class=\"items col-xl-6 col-lg-6 col-md-12 col-sm-12 col-ms-12 col-xs-12\"><article class=\"post-45365 post type-post status-publish format-standard has-post-thumbnail hentry category-lf-endesa\">\n\t<a href=\"https:\/\/www.unigirona.cat\/es\/el-basquet-girona-inicia-la-temporada-amb-una-jornada-de-presentacio-a-fontajau\/\" class=\"lte-photo\"><img loading=\"lazy\" decoding=\"async\" width=\"500\" height=\"300\" src=\"https:\/\/www.unigirona.cat\/wp-content\/uploads\/2025\/08\/DSC5364-500x300.jpg\" class=\"attachment-atleticos-blog size-atleticos-blog wp-post-image\" alt=\"\" \/><span class=\"lte-photo-overlay\"><\/span><\/a><span class=\"lte-cats\"><a href=\"https:\/\/www.unigirona.cat\/category\/lf-endesa\/\">LF Endesa<\/a><\/span> \t\n    <div class=\"lte-description\"> \n\t    <span class=\"lte-date-top\"><a href=\"https:\/\/www.unigirona.cat\/es\/el-basquet-girona-inicia-la-temporada-amb-una-jornada-de-presentacio-a-fontajau\/\" class=\"lte-date\"><span class=\"dt\">25\/08\/2025<\/span><\/a><\/span>       \t\n        <a href=\"https:\/\/www.unigirona.cat\/es\/el-basquet-girona-inicia-la-temporada-amb-una-jornada-de-presentacio-a-fontajau\/\" class=\"lte-header\"><h3>El B\u00e0squet Girona inicia la temporada amb una jornada de presentaci\u00f3 a Fontajau<\/h3><\/a>\n\t\t<div class=\"lte-excerpt\">El B\u00e0squet Girona ha celebrat la jornada de benvinguda als &hellip;<\/div><ul class=\"lte-post-info\"><li class=\"lte-icon-comments\"><span>0<\/span><\/li><\/ul>\t\n\t\t\t\t\t\n    <\/div>    \n<\/article><\/div><\/div><div class=\"clearfix\"><\/div>\t\t\t\t<\/div>\n\t\t\t\t<\/div>\n\t\t\t\t<\/div>\n\t\t\t\t\t<\/div>\n\t\t\t\t<\/div>\n\t\t\t\t\t<\/div>\n\t\t\t\t<\/div>\n\t\t<div class=\"elementor-element elementor-element-050873d lte-background-gray e-flex e-con-boxed e-con e-parent\" data-id=\"050873d\" data-element_type=\"container\" data-settings=\"{&quot;background_background&quot;:&quot;classic&quot;}\">\n\t\t\t\t\t<div class=\"e-con-inner\">\n\t\t<div class=\"elementor-element elementor-element-b032e16 e-con-full e-flex e-con e-child\" data-id=\"b032e16\" data-element_type=\"container\" data-settings=\"{&quot;background_background&quot;:&quot;classic&quot;}\">\n\t\t\t\t<\/div>\n\t\t<div class=\"elementor-element elementor-element-2f82f0d e-con-full e-flex e-con e-child\" data-id=\"2f82f0d\" data-element_type=\"container\" data-settings=\"{&quot;background_background&quot;:&quot;classic&quot;}\">\n\t\t\t\t<div class=\"elementor-element elementor-element-30a1d90 lte-animation-speed-slow elementor-widget elementor-widget-image\" data-id=\"30a1d90\" data-element_type=\"widget\" data-widget_type=\"image.default\">\n\t\t\t\t<div class=\"elementor-widget-container\">\n\t\t\t\t\t\t\t\t\t\t\t\t\t\t\t\t<a href=\"https:\/\/www.lfendesa.es\/clasificacion.aspx\" target=\"_blank\">\n\t\t\t\t\t\t\t<img loading=\"lazy\" decoding=\"async\" width=\"750\" height=\"500\" src=\"https:\/\/www.unigirona.cat\/wp-content\/uploads\/2024\/10\/class-lf-endesa-UNIGirona.png\" class=\"attachment-large size-large wp-image-38835\" alt=\"\" srcset=\"https:\/\/www.unigirona.cat\/wp-content\/uploads\/2024\/10\/class-lf-endesa-UNIGirona.png 750w, https:\/\/www.unigirona.cat\/wp-content\/uploads\/2024\/10\/class-lf-endesa-UNIGirona-300x200.png 300w, https:\/\/www.unigirona.cat\/wp-content\/uploads\/2024\/10\/class-lf-endesa-UNIGirona-500x333.png 500w, https:\/\/www.unigirona.cat\/wp-content\/uploads\/2024\/10\/class-lf-endesa-UNIGirona-100x67.png 100w, https:\/\/www.unigirona.cat\/wp-content\/uploads\/2024\/10\/class-lf-endesa-UNIGirona-480x320.png 480w, https:\/\/www.unigirona.cat\/wp-content\/uploads\/2024\/10\/class-lf-endesa-UNIGirona-600x400.png 600w\" sizes=\"(max-width: 750px) 100vw, 750px\" \/>\t\t\t\t\t\t\t\t<\/a>\n\t\t\t\t\t\t\t\t\t\t\t\t\t\t\t<\/div>\n\t\t\t\t<\/div>\n\t\t\t\t<\/div>\n\t\t<div class=\"elementor-element elementor-element-bbe83b0 e-con-full e-flex e-con e-child\" data-id=\"bbe83b0\" data-element_type=\"container\" data-settings=\"{&quot;background_background&quot;:&quot;classic&quot;}\">\n\t\t\t\t<div class=\"elementor-element elementor-element-bdc57f5 lte-animation-speed-slow elementor-widget elementor-widget-image\" data-id=\"bdc57f5\" data-element_type=\"widget\" data-widget_type=\"image.default\">\n\t\t\t\t<div class=\"elementor-widget-container\">\n\t\t\t\t\t\t\t\t\t\t\t\t\t\t\t\t<a href=\"https:\/\/www.fiba.basketball\/en\/events\/eurocup-women-24-25\/standings\" target=\"_blank\">\n\t\t\t\t\t\t\t<img loading=\"lazy\" decoding=\"async\" width=\"750\" height=\"500\" src=\"https:\/\/www.unigirona.cat\/wp-content\/uploads\/2024\/10\/class-eurocup-women-UNIGirona.png\" class=\"attachment-large size-large wp-image-38834\" alt=\"\" srcset=\"https:\/\/www.unigirona.cat\/wp-content\/uploads\/2024\/10\/class-eurocup-women-UNIGirona.png 750w, https:\/\/www.unigirona.cat\/wp-content\/uploads\/2024\/10\/class-eurocup-women-UNIGirona-300x200.png 300w, https:\/\/www.unigirona.cat\/wp-content\/uploads\/2024\/10\/class-eurocup-women-UNIGirona-500x333.png 500w, https:\/\/www.unigirona.cat\/wp-content\/uploads\/2024\/10\/class-eurocup-women-UNIGirona-100x67.png 100w, https:\/\/www.unigirona.cat\/wp-content\/uploads\/2024\/10\/class-eurocup-women-UNIGirona-480x320.png 480w, https:\/\/www.unigirona.cat\/wp-content\/uploads\/2024\/10\/class-eurocup-women-UNIGirona-600x400.png 600w\" sizes=\"(max-width: 750px) 100vw, 750px\" \/>\t\t\t\t\t\t\t\t<\/a>\n\t\t\t\t\t\t\t\t\t\t\t\t\t\t\t<\/div>\n\t\t\t\t<\/div>\n\t\t\t\t<\/div>\n\t\t<div class=\"elementor-element elementor-element-1bb01c9 e-con-full e-flex e-con e-child\" data-id=\"1bb01c9\" data-element_type=\"container\" data-settings=\"{&quot;background_background&quot;:&quot;classic&quot;}\">\n\t\t\t\t<\/div>\n\t\t\t\t\t<\/div>\n\t\t\t\t<\/div>\n\t\t<div class=\"elementor-element elementor-element-051c21d e-flex e-con-boxed e-con e-parent\" data-id=\"051c21d\" data-element_type=\"container\">\n\t\t\t\t\t<div class=\"e-con-inner\">\n\t\t\t\t<div class=\"elementor-element elementor-element-99b318a lte-heading-style-header-subheader elementor-widget__width-initial lte-heading-align-tablet_extra-center elementor-widget-tablet_extra__width-initial lte-watermark-offset-1 elementor-widget elementor-widget-lte-header\" data-id=\"99b318a\" data-element_type=\"widget\" data-widget_type=\"lte-header.default\">\n\t\t\t\t<div class=\"elementor-widget-container\">\n\t\t\t\t\t<div class=\"lte-heading lte-style-header-subheader lte-uppercase lte-subcolor-main has-subheader has-watermark heading-tag-h3 heading-subtag-h6\"><div class=\"lte-heading-content\"><h6 class=\"lte-subheader\">Tienda online<\/h6><h3 class=\"lte-header\">\u00a1Viste del Spar Girona para apoyar al equipo!<\/h3><span class=\"lte-watermark\">Tienda online<\/span><\/div><\/div>\t\t\t\t<\/div>\n\t\t\t\t<\/div>\n\t\t\t\t\t<\/div>\n\t\t\t\t<\/div>\n\t\t<div class=\"elementor-element elementor-element-b4522c1 e-flex e-con-boxed e-con e-parent\" data-id=\"b4522c1\" data-element_type=\"container\">\n\t\t\t\t\t<div class=\"e-con-inner\">\n\t\t\t\t\t<\/div>\n\t\t\t\t<\/div>\n\t\t<div class=\"elementor-element elementor-element-865ed0b lte-background-white e-flex e-con-boxed e-con e-parent\" data-id=\"865ed0b\" data-element_type=\"container\">\n\t\t\t\t\t<div class=\"e-con-inner\">\n\t\t<div class=\"elementor-element elementor-element-008c206 e-con-full e-flex e-con e-child\" data-id=\"008c206\" data-element_type=\"container\">\n\t\t\t\t<div class=\"elementor-element elementor-element-5f114d7 lte-animation-speed-slow elementor-widget elementor-widget-image\" data-id=\"5f114d7\" data-element_type=\"widget\" data-widget_type=\"image.default\">\n\t\t\t\t<div class=\"elementor-widget-container\">\n\t\t\t\t\t\t\t\t\t\t\t\t\t\t\t\t<a href=\"https:\/\/unigirona.koobin.com\/index.php?action=PU_eventos&#038;idioma=ES&#038;act=1\" target=\"_blank\">\n\t\t\t\t\t\t\t<img loading=\"lazy\" decoding=\"async\" width=\"1024\" height=\"299\" src=\"https:\/\/www.unigirona.cat\/wp-content\/uploads\/2024\/10\/banner-compra-entrades-UNIGirona-1024x299.png\" class=\"attachment-large size-large wp-image-38820\" alt=\"\" srcset=\"https:\/\/www.unigirona.cat\/wp-content\/uploads\/2024\/10\/banner-compra-entrades-UNIGirona-1024x299.png 1024w, https:\/\/www.unigirona.cat\/wp-content\/uploads\/2024\/10\/banner-compra-entrades-UNIGirona-300x88.png 300w, https:\/\/www.unigirona.cat\/wp-content\/uploads\/2024\/10\/banner-compra-entrades-UNIGirona-768x224.png 768w, https:\/\/www.unigirona.cat\/wp-content\/uploads\/2024\/10\/banner-compra-entrades-UNIGirona-500x146.png 500w, https:\/\/www.unigirona.cat\/wp-content\/uploads\/2024\/10\/banner-compra-entrades-UNIGirona-100x29.png 100w, https:\/\/www.unigirona.cat\/wp-content\/uploads\/2024\/10\/banner-compra-entrades-UNIGirona-480x140.png 480w, https:\/\/www.unigirona.cat\/wp-content\/uploads\/2024\/10\/banner-compra-entrades-UNIGirona-600x175.png 600w, https:\/\/www.unigirona.cat\/wp-content\/uploads\/2024\/10\/banner-compra-entrades-UNIGirona.png 1200w\" sizes=\"(max-width: 1024px) 100vw, 1024px\" \/>\t\t\t\t\t\t\t\t<\/a>\n\t\t\t\t\t\t\t\t\t\t\t\t\t\t\t<\/div>\n\t\t\t\t<\/div>\n\t\t\t\t<\/div>\n\t\t<div class=\"elementor-element elementor-element-e32e27f e-con-full e-flex e-con e-child\" data-id=\"e32e27f\" data-element_type=\"container\">\n\t\t\t\t<div class=\"elementor-element elementor-element-0c57b05 lte-animation-speed-slow elementor-widget elementor-widget-image\" data-id=\"0c57b05\" data-element_type=\"widget\" data-widget_type=\"image.default\">\n\t\t\t\t<div class=\"elementor-widget-container\">\n\t\t\t\t\t\t\t\t\t\t\t\t\t\t\t\t<a href=\"http:\/\/www.unigirona.cat\/wp-content\/uploads\/2025\/01\/Revista-Jornada-15.pdf\" target=\"_blank\">\n\t\t\t\t\t\t\t<img loading=\"lazy\" decoding=\"async\" width=\"400\" height=\"280\" src=\"https:\/\/www.unigirona.cat\/wp-content\/uploads\/2025\/01\/banner-j15-cistella.png\" class=\"attachment-large size-large wp-image-41168\" alt=\"\" srcset=\"https:\/\/www.unigirona.cat\/wp-content\/uploads\/2025\/01\/banner-j15-cistella.png 400w, https:\/\/www.unigirona.cat\/wp-content\/uploads\/2025\/01\/banner-j15-cistella-300x210.png 300w, https:\/\/www.unigirona.cat\/wp-content\/uploads\/2025\/01\/banner-j15-cistella-100x70.png 100w\" sizes=\"(max-width: 400px) 100vw, 400px\" \/>\t\t\t\t\t\t\t\t<\/a>\n\t\t\t\t\t\t\t\t\t\t\t\t\t\t\t<\/div>\n\t\t\t\t<\/div>\n\t\t\t\t<\/div>\n\t\t\t\t\t<\/div>\n\t\t\t\t<\/div>\n\t\t\t\t<\/div>\n\t\t","protected":false},"excerpt":{"rendered":"<p>Presentades les noves equipacions Compra ara Ver online Toda la actualidad del Uni Girona, entradas, informaci\u00f3n de jugadoras y tiendala encontrar\u00e1s en la web de Basquet Girona. WEB DE BASQUET GIRONA \u00daltima hora 28\/08\/2025 PERE PUIG: \u201cTENIM L\u2019EQUIP QUE VOL\u00cdEM\u201d El director esportiu de l\u2019Spar Girona, Pere Puig, ha valorat aquest dimecres l\u2019estat de la [&hellip;]<\/p>\n","protected":false},"author":1,"featured_media":0,"parent":0,"menu_order":0,"comment_status":"closed","ping_status":"closed","template":"page-templates\/full-width.php","meta":{"footnotes":""},"class_list":["post-41545","page","type-page","status-publish","hentry","has-post-thumbnail"],"yoast_head":"<!-- This site is optimized with the Yoast SEO plugin v25.1 - https:\/\/yoast.com\/wordpress\/plugins\/seo\/ -->\n<title>Inicio - UNI B\u00e0squet Girona<\/title>\n<meta name=\"robots\" content=\"index, follow, max-snippet:-1, max-image-preview:large, max-video-preview:-1\" \/>\n<link rel=\"canonical\" href=\"https:\/\/www.unigirona.cat\/\" \/>\n<meta property=\"og:locale\" content=\"es_ES\" \/>\n<meta property=\"og:type\" content=\"article\" \/>\n<meta property=\"og:title\" content=\"Inicio - UNI B\u00e0squet Girona\" \/>\n<meta property=\"og:description\" content=\"Presentades les noves equipacions Compra ara Ver online Toda la actualidad del Uni Girona, entradas, informaci\u00f3n de jugadoras y tiendala encontrar\u00e1s en la web de Basquet Girona. WEB DE BASQUET GIRONA \u00daltima hora 28\/08\/2025 PERE PUIG: \u201cTENIM L\u2019EQUIP QUE VOL\u00cdEM\u201d El director esportiu de l\u2019Spar Girona, Pere Puig, ha valorat aquest dimecres l\u2019estat de la [&hellip;]\" \/>\n<meta property=\"og:url\" content=\"https:\/\/www.unigirona.cat\/\" \/>\n<meta property=\"og:site_name\" content=\"UNI B\u00e0squet Girona\" \/>\n<meta property=\"article:modified_time\" content=\"2025-10-02T09:05:32+00:00\" \/>\n<meta property=\"og:image\" content=\"https:\/\/www.unigirona.cat\/wp-content\/uploads\/2025\/10\/logos-1.jpg\" \/>\n\t<meta property=\"og:image:width\" content=\"927\" \/>\n\t<meta property=\"og:image:height\" content=\"311\" \/>\n\t<meta property=\"og:image:type\" content=\"image\/jpeg\" \/>\n<meta name=\"twitter:card\" content=\"summary_large_image\" \/>\n<meta name=\"twitter:label1\" content=\"Tiempo de lectura\" \/>\n\t<meta name=\"twitter:data1\" content=\"5 minutos\" \/>\n<script type=\"application\/ld+json\" class=\"yoast-schema-graph\">{\"@context\":\"https:\/\/schema.org\",\"@graph\":[{\"@type\":\"WebPage\",\"@id\":\"https:\/\/www.unigirona.cat\/\",\"url\":\"https:\/\/www.unigirona.cat\/\",\"name\":\"Inicio - UNI B\u00e0squet Girona\",\"isPartOf\":{\"@id\":\"https:\/\/www.unigirona.cat\/#website\"},\"primaryImageOfPage\":{\"@id\":\"https:\/\/www.unigirona.cat\/#primaryimage\"},\"image\":{\"@id\":\"https:\/\/www.unigirona.cat\/#primaryimage\"},\"thumbnailUrl\":\"http:\/\/www.unigirona.cat\/wp-content\/uploads\/2025\/10\/logos-1.jpg\",\"datePublished\":\"2022-07-26T08:37:46+00:00\",\"dateModified\":\"2025-10-02T09:05:32+00:00\",\"breadcrumb\":{\"@id\":\"https:\/\/www.unigirona.cat\/#breadcrumb\"},\"inLanguage\":\"es\",\"potentialAction\":[{\"@type\":\"ReadAction\",\"target\":[\"https:\/\/www.unigirona.cat\/\"]}]},{\"@type\":\"ImageObject\",\"inLanguage\":\"es\",\"@id\":\"https:\/\/www.unigirona.cat\/#primaryimage\",\"url\":\"http:\/\/www.unigirona.cat\/wp-content\/uploads\/2025\/10\/logos-1.jpg\",\"contentUrl\":\"http:\/\/www.unigirona.cat\/wp-content\/uploads\/2025\/10\/logos-1.jpg\"},{\"@type\":\"BreadcrumbList\",\"@id\":\"https:\/\/www.unigirona.cat\/#breadcrumb\",\"itemListElement\":[{\"@type\":\"ListItem\",\"position\":1,\"name\":\"Portada\",\"item\":\"https:\/\/www.unigirona.cat\/\"},{\"@type\":\"ListItem\",\"position\":2,\"name\":\"Inicio\"}]},{\"@type\":\"WebSite\",\"@id\":\"https:\/\/www.unigirona.cat\/#website\",\"url\":\"https:\/\/www.unigirona.cat\/\",\"name\":\"Spar Girona\",\"description\":\"\",\"potentialAction\":[{\"@type\":\"SearchAction\",\"target\":{\"@type\":\"EntryPoint\",\"urlTemplate\":\"https:\/\/www.unigirona.cat\/?s={search_term_string}\"},\"query-input\":{\"@type\":\"PropertyValueSpecification\",\"valueRequired\":true,\"valueName\":\"search_term_string\"}}],\"inLanguage\":\"es\"}]}<\/script>\n<!-- \/ Yoast SEO plugin. -->","yoast_head_json":{"title":"Inicio - UNI B\u00e0squet Girona","robots":{"index":"index","follow":"follow","max-snippet":"max-snippet:-1","max-image-preview":"max-image-preview:large","max-video-preview":"max-video-preview:-1"},"canonical":"https:\/\/www.unigirona.cat\/","og_locale":"es_ES","og_type":"article","og_title":"Inicio - UNI B\u00e0squet Girona","og_description":"Presentades les noves equipacions Compra ara Ver online Toda la actualidad del Uni Girona, entradas, informaci\u00f3n de jugadoras y tiendala encontrar\u00e1s en la web de Basquet Girona. WEB DE BASQUET GIRONA \u00daltima hora 28\/08\/2025 PERE PUIG: \u201cTENIM L\u2019EQUIP QUE VOL\u00cdEM\u201d El director esportiu de l\u2019Spar Girona, Pere Puig, ha valorat aquest dimecres l\u2019estat de la [&hellip;]","og_url":"https:\/\/www.unigirona.cat\/","og_site_name":"UNI B\u00e0squet Girona","article_modified_time":"2025-10-02T09:05:32+00:00","og_image":[{"width":927,"height":311,"url":"https:\/\/www.unigirona.cat\/wp-content\/uploads\/2025\/10\/logos-1.jpg","type":"image\/jpeg"}],"twitter_card":"summary_large_image","twitter_misc":{"Tiempo de lectura":"5 minutos"},"schema":{"@context":"https:\/\/schema.org","@graph":[{"@type":"WebPage","@id":"https:\/\/www.unigirona.cat\/","url":"https:\/\/www.unigirona.cat\/","name":"Inicio - UNI B\u00e0squet Girona","isPartOf":{"@id":"https:\/\/www.unigirona.cat\/#website"},"primaryImageOfPage":{"@id":"https:\/\/www.unigirona.cat\/#primaryimage"},"image":{"@id":"https:\/\/www.unigirona.cat\/#primaryimage"},"thumbnailUrl":"http:\/\/www.unigirona.cat\/wp-content\/uploads\/2025\/10\/logos-1.jpg","datePublished":"2022-07-26T08:37:46+00:00","dateModified":"2025-10-02T09:05:32+00:00","breadcrumb":{"@id":"https:\/\/www.unigirona.cat\/#breadcrumb"},"inLanguage":"es","potentialAction":[{"@type":"ReadAction","target":["https:\/\/www.unigirona.cat\/"]}]},{"@type":"ImageObject","inLanguage":"es","@id":"https:\/\/www.unigirona.cat\/#primaryimage","url":"http:\/\/www.unigirona.cat\/wp-content\/uploads\/2025\/10\/logos-1.jpg","contentUrl":"http:\/\/www.unigirona.cat\/wp-content\/uploads\/2025\/10\/logos-1.jpg"},{"@type":"BreadcrumbList","@id":"https:\/\/www.unigirona.cat\/#breadcrumb","itemListElement":[{"@type":"ListItem","position":1,"name":"Portada","item":"https:\/\/www.unigirona.cat\/"},{"@type":"ListItem","position":2,"name":"Inicio"}]},{"@type":"WebSite","@id":"https:\/\/www.unigirona.cat\/#website","url":"https:\/\/www.unigirona.cat\/","name":"Spar Girona","description":"","potentialAction":[{"@type":"SearchAction","target":{"@type":"EntryPoint","urlTemplate":"https:\/\/www.unigirona.cat\/?s={search_term_string}"},"query-input":{"@type":"PropertyValueSpecification","valueRequired":true,"valueName":"search_term_string"}}],"inLanguage":"es"}]}},"_links":{"self":[{"href":"https:\/\/www.unigirona.cat\/es\/wp-json\/wp\/v2\/pages\/41545"}],"collection":[{"href":"https:\/\/www.unigirona.cat\/es\/wp-json\/wp\/v2\/pages"}],"about":[{"href":"https:\/\/www.unigirona.cat\/es\/wp-json\/wp\/v2\/types\/page"}],"author":[{"embeddable":true,"href":"https:\/\/www.unigirona.cat\/es\/wp-json\/wp\/v2\/users\/1"}],"replies":[{"embeddable":true,"href":"https:\/\/www.unigirona.cat\/es\/wp-json\/wp\/v2\/comments?post=41545"}],"version-history":[{"count":19,"href":"https:\/\/www.unigirona.cat\/es\/wp-json\/wp\/v2\/pages\/41545\/revisions"}],"predecessor-version":[{"id":45470,"href":"https:\/\/www.unigirona.cat\/es\/wp-json\/wp\/v2\/pages\/41545\/revisions\/45470"}],"wp:attachment":[{"href":"https:\/\/www.unigirona.cat\/es\/wp-json\/wp\/v2\/media?parent=41545"}],"curies":[{"name":"wp","href":"https:\/\/api.w.org\/{rel}","templated":true}]}}