{"id":42335,"date":"2025-01-20T12:20:58","date_gmt":"2025-01-20T11:20:58","guid":{"rendered":"https:\/\/www.unigirona.cat\/actualitat\/"},"modified":"2025-01-20T12:34:17","modified_gmt":"2025-01-20T11:34:17","slug":"actualidad","status":"publish","type":"page","link":"https:\/\/www.unigirona.cat\/es\/actualidad\/","title":{"rendered":"Actualidad"},"content":{"rendered":"\t\t<div data-elementor-type=\"wp-page\" data-elementor-id=\"42335\" class=\"elementor elementor-42335 elementor-42328\" data-elementor-post-type=\"page\">\n\t\t\t\t<div class=\"elementor-element elementor-element-3af30d9 e-flex e-con-boxed e-con e-parent\" data-id=\"3af30d9\" data-element_type=\"container\">\n\t\t\t\t\t<div class=\"e-con-inner\">\n\t\t\t\t<div class=\"elementor-element elementor-element-f3b8095 elementor-widget elementor-widget-lte-blog\" data-id=\"f3b8095\" data-element_type=\"widget\" data-widget_type=\"lte-blog.default\">\n\t\t\t\t<div class=\"elementor-widget-container\">\n\t\t\t\t\t<div class=\"blog lte-blog-sc row centered layout-posts\"><div class=\"items col-xl-4 col-lg-4 col-md-4 col-sm-4 col-ms-6 col-xs-12\"><article class=\"post-45481 post type-post status-publish format-standard has-post-thumbnail hentry category-ultima-hora\">\n\t<a href=\"https:\/\/www.unigirona.cat\/es\/la-historia-de-luni-girona-queda-recollida-en-un-llibre\/\" class=\"lte-photo\"><img fetchpriority=\"high\" decoding=\"async\" width=\"500\" height=\"300\" src=\"https:\/\/www.unigirona.cat\/wp-content\/uploads\/2025\/12\/IMG_6035-500x300.jpg\" class=\"attachment-atleticos-blog size-atleticos-blog wp-post-image\" alt=\"\" \/><span class=\"lte-photo-overlay\"><\/span><\/a><span class=\"lte-cats\"><a href=\"https:\/\/www.unigirona.cat\/category\/ultima-hora\/\">\u00daltima hora<\/a><\/span> \t\n    <div class=\"lte-description\"> \n\t    <span class=\"lte-date-top\"><a href=\"https:\/\/www.unigirona.cat\/es\/la-historia-de-luni-girona-queda-recollida-en-un-llibre\/\" class=\"lte-date\"><span class=\"dt\">12\/12\/2025<\/span><\/a><\/span>       \t\n        <a href=\"https:\/\/www.unigirona.cat\/es\/la-historia-de-luni-girona-queda-recollida-en-un-llibre\/\" class=\"lte-header\"><h3>LA HIST\u00d2RIA DE L&#8217;UNI GIRONA QUEDA RECOLLIDA EN UN LLIBRE<\/h3><\/a>\n\t\t<div class=\"lte-excerpt\">El periodista Jordi Roura presenta \u00abUni Girona: 20 anys de b\u00e0squet i \u00e8xits\u00bb a la Fundaci\u00f3 Valvi amb Cayetano P\u00e9rez i Pere PuigL&#8217;obra es posar\u00e0 a la venda la setmana que al web de l&#8217;Uni Girona i tamb\u00e9 es podr\u00e0 trobar al pavell\u00f3 de Fontajau Compra el llibre: https:\/\/www.unigirona.cat\/es\/product\/llibre-uni-girona-20-anys-de-basquet-i-exits\/ Les dues d\u00e8cades de vida de [&hellip;] &hellip;<\/div><ul class=\"lte-post-info\"><li class=\"lte-icon-comments\"><span>0<\/span><\/li><\/ul>\t\n\t\t\t\t\t\n    <\/div>    \n<\/article><\/div><div class=\"items col-xl-4 col-lg-4 col-md-4 col-sm-4 col-ms-6 col-xs-12\"><article class=\"post-45402 post type-post status-publish format-standard has-post-thumbnail hentry category-lf-endesa\">\n\t<a href=\"https:\/\/www.unigirona.cat\/es\/basquet-girona-i-spar-girona-anuncien-els-dorsals-per-a-la-temporada-2025-26\/\" class=\"lte-photo\"><img decoding=\"async\" width=\"500\" height=\"300\" src=\"https:\/\/www.unigirona.cat\/wp-content\/uploads\/2025\/08\/DORSALS-500x300.png\" class=\"attachment-atleticos-blog size-atleticos-blog wp-post-image\" alt=\"\" \/><span class=\"lte-photo-overlay\"><\/span><\/a><span class=\"lte-cats\"><a href=\"https:\/\/www.unigirona.cat\/category\/lf-endesa\/\">LF Endesa<\/a><\/span> \t\n    <div class=\"lte-description\"> \n\t    <span class=\"lte-date-top\"><a href=\"https:\/\/www.unigirona.cat\/es\/basquet-girona-i-spar-girona-anuncien-els-dorsals-per-a-la-temporada-2025-26\/\" class=\"lte-date\"><span class=\"dt\">31\/08\/2025<\/span><\/a><\/span>       \t\n        <a href=\"https:\/\/www.unigirona.cat\/es\/basquet-girona-i-spar-girona-anuncien-els-dorsals-per-a-la-temporada-2025-26\/\" class=\"lte-header\"><h3>B\u00e0squet Girona i Spar Girona anuncien els dorsals per a la temporada 2025\u201326<\/h3><\/a>\n\t\t<div class=\"lte-excerpt\">El B\u00e0squet Girona i l\u2019Spar Girona ja tenen definits els dorsals que lluiran els seus jugadors i jugadores durant la temporada 2025\u201326. A l\u2019equip ACB dirigit per Moncho Fern\u00e1ndez, les novetats arriben de la m\u00e0 de Derek Needham (5), Mark Hughes (8), Jos\u00e9 Ignacio Vildoza (10), Otis Livingston Jr (11) i Nikola Maric (25). Pel [&hellip;] &hellip;<\/div><ul class=\"lte-post-info\"><li class=\"lte-icon-comments\"><span>0<\/span><\/li><\/ul>\t\n\t\t\t\t\t\n    <\/div>    \n<\/article><\/div><div class=\"items col-xl-4 col-lg-4 col-md-4 col-sm-4 col-ms-6 col-xs-12\"><article class=\"post-45397 post type-post status-publish format-standard has-post-thumbnail hentry category-lf-endesa\">\n\t<a href=\"https:\/\/www.unigirona.cat\/es\/klara-holm-ja-es-a-girona\/\" class=\"lte-photo\"><img decoding=\"async\" width=\"500\" height=\"300\" src=\"https:\/\/www.unigirona.cat\/wp-content\/uploads\/2025\/08\/DSC7140-500x300.jpg\" class=\"attachment-atleticos-blog size-atleticos-blog wp-post-image\" alt=\"\" \/><span class=\"lte-photo-overlay\"><\/span><\/a><span class=\"lte-cats\"><a href=\"https:\/\/www.unigirona.cat\/category\/lf-endesa\/\">LF Endesa<\/a><\/span> \t\n    <div class=\"lte-description\"> \n\t    <span class=\"lte-date-top\"><a href=\"https:\/\/www.unigirona.cat\/es\/klara-holm-ja-es-a-girona\/\" class=\"lte-date\"><span class=\"dt\">29\/08\/2025<\/span><\/a><\/span>       \t\n        <a href=\"https:\/\/www.unigirona.cat\/es\/klara-holm-ja-es-a-girona\/\" class=\"lte-header\"><h3>KLARA HOLM JA \u00c9S A GIRONA<\/h3><\/a>\n\t\t<div class=\"lte-excerpt\">Klara Holm s\u2019ha incorporat als entrenaments de l\u2019Spar Girona. La base sueca encarar\u00e0 la seva segona temporada a Fontajau despr\u00e9s de brillar aquest estiu a l\u2019EuroBasket Women 2025, on es va consolidar com una de les jugadores m\u00e9s destacades de la selecci\u00f3 sueca. Holm ha compartit ja les primeres sessions amb les seves companyes sota [&hellip;] &hellip;<\/div><ul class=\"lte-post-info\"><li class=\"lte-icon-comments\"><span>0<\/span><\/li><\/ul>\t\n\t\t\t\t\t\n    <\/div>    \n<\/article><\/div><div class=\"items col-xl-4 col-lg-4 col-md-4 col-sm-4 col-ms-6 col-xs-12\"><article class=\"post-45392 post type-post status-publish format-standard has-post-thumbnail hentry category-ultima-hora\">\n\t<a href=\"https:\/\/www.unigirona.cat\/es\/pere-puig-tenim-lequip-que-voliem\/\" class=\"lte-photo\"><img loading=\"lazy\" decoding=\"async\" width=\"500\" height=\"300\" src=\"https:\/\/www.unigirona.cat\/wp-content\/uploads\/2025\/08\/IMG_0447-min-1-500x300.jpg\" class=\"attachment-atleticos-blog size-atleticos-blog wp-post-image\" alt=\"\" \/><span class=\"lte-photo-overlay\"><\/span><\/a><span class=\"lte-cats\"><a href=\"https:\/\/www.unigirona.cat\/category\/ultima-hora\/\">\u00daltima hora<\/a><\/span> \t\n    <div class=\"lte-description\"> \n\t    <span class=\"lte-date-top\"><a href=\"https:\/\/www.unigirona.cat\/es\/pere-puig-tenim-lequip-que-voliem\/\" class=\"lte-date\"><span class=\"dt\">28\/08\/2025<\/span><\/a><\/span>       \t\n        <a href=\"https:\/\/www.unigirona.cat\/es\/pere-puig-tenim-lequip-que-voliem\/\" class=\"lte-header\"><h3>PERE PUIG: \u201cTENIM L\u2019EQUIP QUE VOL\u00cdEM\u201d<\/h3><\/a>\n\t\t<div class=\"lte-excerpt\">El director esportiu de l\u2019Spar Girona, Pere Puig, ha valorat aquest dimecres l\u2019estat de la plantilla i la preparaci\u00f3 de la temporada 2025\u201326. Puig ha subratllat la import\u00e0ncia de mantenir el bloc, la idea de joc marcada per Roberto \u00cd\u00f1iguez i el comprom\u00eds mostrat per les jugadores. \u201cHi ha un fet que ens obre els [&hellip;] &hellip;<\/div><ul class=\"lte-post-info\"><li class=\"lte-icon-comments\"><span>0<\/span><\/li><\/ul>\t\n\t\t\t\t\t\n    <\/div>    \n<\/article><\/div><div class=\"items col-xl-4 col-lg-4 col-md-4 col-sm-4 col-ms-6 col-xs-12\"><article class=\"post-45382 post type-post status-publish format-standard has-post-thumbnail hentry category-lf-endesa\">\n\t<a href=\"https:\/\/www.unigirona.cat\/es\/lspar-girona-inicia-la-pretemporada-a-fontajau\/\" class=\"lte-photo\"><img loading=\"lazy\" decoding=\"async\" width=\"500\" height=\"300\" src=\"https:\/\/www.unigirona.cat\/wp-content\/uploads\/2025\/08\/IMG_0404-1-min-500x300.jpg\" class=\"attachment-atleticos-blog size-atleticos-blog wp-post-image\" alt=\"\" \/><span class=\"lte-photo-overlay\"><\/span><\/a><span class=\"lte-cats\"><a href=\"https:\/\/www.unigirona.cat\/category\/lf-endesa\/\">LF Endesa<\/a><\/span> \t\n    <div class=\"lte-description\"> \n\t    <span class=\"lte-date-top\"><a href=\"https:\/\/www.unigirona.cat\/es\/lspar-girona-inicia-la-pretemporada-a-fontajau\/\" class=\"lte-date\"><span class=\"dt\">26\/08\/2025<\/span><\/a><\/span>       \t\n        <a href=\"https:\/\/www.unigirona.cat\/es\/lspar-girona-inicia-la-pretemporada-a-fontajau\/\" class=\"lte-header\"><h3>L\u2019Spar Girona comen\u00e7a la pretemporada<\/h3><\/a>\n\t\t<div class=\"lte-excerpt\">Despr\u00e9s de completar aquest dilluns les revisions m\u00e8diques, l\u2019Spar Girona ha comen\u00e7at avui els entrenaments de pretemporada. L\u2019equip ha fet aquest mat\u00ed la primera sessi\u00f3 a Fontajau, que ha servit com a presa de contacte i retrobament entre les jugadores i el cos t\u00e8cnic. Amb aquest primer pas sobre el parquet, el conjunt giron\u00ed enceta [&hellip;] &hellip;<\/div><ul class=\"lte-post-info\"><li class=\"lte-icon-comments\"><span>0<\/span><\/li><\/ul>\t\n\t\t\t\t\t\n    <\/div>    \n<\/article><\/div><div class=\"items col-xl-4 col-lg-4 col-md-4 col-sm-4 col-ms-6 col-xs-12\"><article class=\"post-45375 post type-post status-publish format-standard has-post-thumbnail hentry category-lf-endesa\">\n\t<a href=\"https:\/\/www.unigirona.cat\/es\/lspar-girona-dona-el-tret-de-sortida-amb-les-revisions-mediques\/\" class=\"lte-photo\"><img loading=\"lazy\" decoding=\"async\" width=\"500\" height=\"300\" src=\"https:\/\/www.unigirona.cat\/wp-content\/uploads\/2025\/08\/IMG_0303-500x300.jpg\" class=\"attachment-atleticos-blog size-atleticos-blog wp-post-image\" alt=\"\" \/><span class=\"lte-photo-overlay\"><\/span><\/a><span class=\"lte-cats\"><a href=\"https:\/\/www.unigirona.cat\/category\/lf-endesa\/\">LF Endesa<\/a><\/span> \t\n    <div class=\"lte-description\"> \n\t    <span class=\"lte-date-top\"><a href=\"https:\/\/www.unigirona.cat\/es\/lspar-girona-dona-el-tret-de-sortida-amb-les-revisions-mediques\/\" class=\"lte-date\"><span class=\"dt\">25\/08\/2025<\/span><\/a><\/span>       \t\n        <a href=\"https:\/\/www.unigirona.cat\/es\/lspar-girona-dona-el-tret-de-sortida-amb-les-revisions-mediques\/\" class=\"lte-header\"><h3>L\u2019Spar Girona dona el tret de sortida amb les revisions m\u00e8diques<\/h3><\/a>\n\t\t<div class=\"lte-excerpt\">L\u2019Spar Girona ja ha posat en marxa la preparaci\u00f3 per al curs 2025\u20132026 i ho ha fet amb les habituals revisions m\u00e8diques a Cl\u00ednica Girona, partner de salut de l\u2019equip per segon any consecutiu, i al Centre de Medicina de l\u2019Esport a Girona del Consell Catal\u00e0 de l\u2019Esport (Departament d\u2019Esports de la Generalitat de Catalunya). [&hellip;] &hellip;<\/div><ul class=\"lte-post-info\"><li class=\"lte-icon-comments\"><span>0<\/span><\/li><\/ul>\t\n\t\t\t\t\t\n    <\/div>    \n<\/article><\/div><div class=\"items col-xl-4 col-lg-4 col-md-4 col-sm-4 col-ms-6 col-xs-12\"><article class=\"post-45365 post type-post status-publish format-standard has-post-thumbnail hentry category-lf-endesa\">\n\t<a href=\"https:\/\/www.unigirona.cat\/es\/el-basquet-girona-inicia-la-temporada-amb-una-jornada-de-presentacio-a-fontajau\/\" class=\"lte-photo\"><img loading=\"lazy\" decoding=\"async\" width=\"500\" height=\"300\" src=\"https:\/\/www.unigirona.cat\/wp-content\/uploads\/2025\/08\/DSC5364-500x300.jpg\" class=\"attachment-atleticos-blog size-atleticos-blog wp-post-image\" alt=\"\" \/><span class=\"lte-photo-overlay\"><\/span><\/a><span class=\"lte-cats\"><a href=\"https:\/\/www.unigirona.cat\/category\/lf-endesa\/\">LF Endesa<\/a><\/span> \t\n    <div class=\"lte-description\"> \n\t    <span class=\"lte-date-top\"><a href=\"https:\/\/www.unigirona.cat\/es\/el-basquet-girona-inicia-la-temporada-amb-una-jornada-de-presentacio-a-fontajau\/\" class=\"lte-date\"><span class=\"dt\">25\/08\/2025<\/span><\/a><\/span>       \t\n        <a href=\"https:\/\/www.unigirona.cat\/es\/el-basquet-girona-inicia-la-temporada-amb-una-jornada-de-presentacio-a-fontajau\/\" class=\"lte-header\"><h3>El B\u00e0squet Girona inicia la temporada amb una jornada de presentaci\u00f3 a Fontajau<\/h3><\/a>\n\t\t<div class=\"lte-excerpt\">El B\u00e0squet Girona ha celebrat la jornada de benvinguda als jugadors dels equips mascul\u00ed i femen\u00ed, un acte que ha tingut lloc a les instal\u00b7lacions de Fontajau i que ha servit per presentar el funcionament general del club i donar el tret de sortida oficial a la temporada. Durant la trobada, els jugadors i jugadores [&hellip;] &hellip;<\/div><ul class=\"lte-post-info\"><li class=\"lte-icon-comments\"><span>0<\/span><\/li><\/ul>\t\n\t\t\t\t\t\n    <\/div>    \n<\/article><\/div><div class=\"items col-xl-4 col-lg-4 col-md-4 col-sm-4 col-ms-6 col-xs-12\"><article class=\"post-45359 post type-post status-publish format-standard has-post-thumbnail hentry category-ultima-hora\">\n\t<a href=\"https:\/\/www.unigirona.cat\/es\/el-basquet-girona-confirma-els-equips-tecnics-dels-primers-equips-masculi-i-femeni-per-a-la-temporada-2025-26\/\" class=\"lte-photo\"><img loading=\"lazy\" decoding=\"async\" width=\"500\" height=\"300\" src=\"https:\/\/www.unigirona.cat\/wp-content\/uploads\/2025\/08\/IMATGE-STAFF-500x300.jpeg\" class=\"attachment-atleticos-blog size-atleticos-blog wp-post-image\" alt=\"\" \/><span class=\"lte-photo-overlay\"><\/span><\/a><span class=\"lte-cats\"><a href=\"https:\/\/www.unigirona.cat\/category\/ultima-hora\/\">\u00daltima hora<\/a><\/span> \t\n    <div class=\"lte-description\"> \n\t    <span class=\"lte-date-top\"><a href=\"https:\/\/www.unigirona.cat\/es\/el-basquet-girona-confirma-els-equips-tecnics-dels-primers-equips-masculi-i-femeni-per-a-la-temporada-2025-26\/\" class=\"lte-date\"><span class=\"dt\">24\/08\/2025<\/span><\/a><\/span>       \t\n        <a href=\"https:\/\/www.unigirona.cat\/es\/el-basquet-girona-confirma-els-equips-tecnics-dels-primers-equips-masculi-i-femeni-per-a-la-temporada-2025-26\/\" class=\"lte-header\"><h3>EL B\u00c0SQUET GIRONA CONFIRMA ELS EQUIPS T\u00c8CNICS DELS PRIMERS EQUIPS MASCUL\u00cd I FEMEN\u00cd PER A LA TEMPORADA 2025\/26<\/h3><\/a>\n\t\t<div class=\"lte-excerpt\">El B\u00e0squet Girona ha definit l&#8217;estructura dels equips t\u00e8cnics que lideraran els seus dos primers equips \u2014el mascul\u00ed i el femen\u00ed\u2014 durant la temporada 2025-2026, amb un equip hum\u00e0 consolidat i noves incorporacions que reforcen el projecte esportiu del club. Primer equip mascul\u00ed B\u00e0squet GironaMoncho Fern\u00e1ndez continuar\u00e0 al capdavant del primer equip mascul\u00ed com a [&hellip;] &hellip;<\/div><ul class=\"lte-post-info\"><li class=\"lte-icon-comments\"><span>0<\/span><\/li><\/ul>\t\n\t\t\t\t\t\n    <\/div>    \n<\/article><\/div><div class=\"items col-xl-4 col-lg-4 col-md-4 col-sm-4 col-ms-6 col-xs-12\"><article class=\"post-45355 post type-post status-publish format-standard has-post-thumbnail hentry category-lf-endesa-es\">\n\t<a href=\"https:\/\/www.unigirona.cat\/es\/el-basquet-girona-completa-el-equipo-con-el-fichaje-de-anna-badosa\/\" class=\"lte-photo\"><img loading=\"lazy\" decoding=\"async\" width=\"500\" height=\"300\" src=\"https:\/\/www.unigirona.cat\/wp-content\/uploads\/2025\/08\/badosa-500x300.png\" class=\"attachment-atleticos-blog size-atleticos-blog wp-post-image\" alt=\"\" srcset=\"https:\/\/www.unigirona.cat\/wp-content\/uploads\/2025\/08\/badosa-500x300.png 500w, https:\/\/www.unigirona.cat\/wp-content\/uploads\/2025\/08\/badosa-300x179.png 300w, https:\/\/www.unigirona.cat\/wp-content\/uploads\/2025\/08\/badosa-100x60.png 100w\" sizes=\"(max-width: 500px) 100vw, 500px\" \/><span class=\"lte-photo-overlay\"><\/span><\/a><span class=\"lte-cats\"><a href=\"https:\/\/www.unigirona.cat\/es\/category\/lf-endesa-es\/\">LF Endesa<\/a><\/span> \t\n    <div class=\"lte-description\"> \n\t    <span class=\"lte-date-top\"><a href=\"https:\/\/www.unigirona.cat\/es\/el-basquet-girona-completa-el-equipo-con-el-fichaje-de-anna-badosa\/\" class=\"lte-date\"><span class=\"dt\">23\/08\/2025<\/span><\/a><\/span>       \t\n        <a href=\"https:\/\/www.unigirona.cat\/es\/el-basquet-girona-completa-el-equipo-con-el-fichaje-de-anna-badosa\/\" class=\"lte-header\"><h3>El B\u00e0squet Girona completa el equipo con el fichaje de Anna Badosa<\/h3><\/a>\n\t\t<div class=\"lte-excerpt\">Badosa estar\u00e1 vinculada esta temporada al BC Fontajau, equipo de Copa Catalunya Femenina. Girona, 23 de agosto de 2025.- Anna Badosa (Girona; 10\/08\/2002) es nueva jugadora del Spar Girona para la temporada 2025\/26. La base, de 172 cm y 22 a\u00f1os, llega procedente de Liberty University, donde ha jugado el \u00faltimo curso en la NCAA [&hellip;] &hellip;<\/div><ul class=\"lte-post-info\"><li class=\"lte-icon-comments\"><span>0<\/span><\/li><\/ul>\t\n\t\t\t\t\t\n    <\/div>    \n<\/article><\/div><div class=\"items col-xl-4 col-lg-4 col-md-4 col-sm-4 col-ms-6 col-xs-12\"><article class=\"post-45287 post type-post status-publish format-standard has-post-thumbnail hentry category-lf-endesa-es\">\n\t<a href=\"https:\/\/www.unigirona.cat\/es\/el-spar-girona-suma-un-nuevo-amistoso-y-debutara-en-viladecans\/\" class=\"lte-photo vertical\"><img loading=\"lazy\" decoding=\"async\" width=\"500\" height=\"300\" src=\"https:\/\/www.unigirona.cat\/wp-content\/uploads\/2025\/08\/Calendari-Pretemporada-2526-1-500x300.jpg\" class=\"attachment-atleticos-blog size-atleticos-blog wp-post-image\" alt=\"\" \/><span class=\"lte-photo-overlay\"><\/span><\/a><span class=\"lte-cats\"><a href=\"https:\/\/www.unigirona.cat\/es\/category\/lf-endesa-es\/\">LF Endesa<\/a><\/span> \t\n    <div class=\"lte-description\"> \n\t    <span class=\"lte-date-top\"><a href=\"https:\/\/www.unigirona.cat\/es\/el-spar-girona-suma-un-nuevo-amistoso-y-debutara-en-viladecans\/\" class=\"lte-date\"><span class=\"dt\">21\/08\/2025<\/span><\/a><\/span>       \t\n        <a href=\"https:\/\/www.unigirona.cat\/es\/el-spar-girona-suma-un-nuevo-amistoso-y-debutara-en-viladecans\/\" class=\"lte-header\"><h3>EL SPAR GIRONA SUMA UN NUEVO AMISTOSO Y DEBUTAR\u00c1 EN VILADECANS<\/h3><\/a>\n\t\t<div class=\"lte-excerpt\">El Spar Girona a\u00f1ade un nuevo duelo a su pretemporada, que pasar\u00e1 a ser el primer compromiso del curso 2025\/26. El conjunto dirigido por Roberto \u00cd\u00f1iguez visitar\u00e1 al DISHELEC 65 Viladecans (LF2) el viernes 5 de septiembre a las 20 h, en el estreno del nuevo proyecto gerundense. Tras el estreno en Viladecans, el equipo [&hellip;] &hellip;<\/div><ul class=\"lte-post-info\"><li class=\"lte-icon-comments\"><span>0<\/span><\/li><\/ul>\t\n\t\t\t\t\t\n    <\/div>    \n<\/article><\/div><div class=\"items col-xl-4 col-lg-4 col-md-4 col-sm-4 col-ms-6 col-xs-12\"><article class=\"post-45279 post type-post status-publish format-standard has-post-thumbnail hentry category-lf-endesa-es\">\n\t<a href=\"https:\/\/www.unigirona.cat\/es\/arica-carter-nueva-incorporacion-exterior-para-el-basquet-girona\/\" class=\"lte-photo\"><img loading=\"lazy\" decoding=\"async\" width=\"500\" height=\"300\" src=\"https:\/\/www.unigirona.cat\/wp-content\/uploads\/2025\/08\/image-500x300.png\" class=\"attachment-atleticos-blog size-atleticos-blog wp-post-image\" alt=\"\" srcset=\"https:\/\/www.unigirona.cat\/wp-content\/uploads\/2025\/08\/image-500x300.png 500w, https:\/\/www.unigirona.cat\/wp-content\/uploads\/2025\/08\/image-100x59.png 100w\" sizes=\"(max-width: 500px) 100vw, 500px\" \/><span class=\"lte-photo-overlay\"><\/span><\/a><span class=\"lte-cats\"><a href=\"https:\/\/www.unigirona.cat\/es\/category\/lf-endesa-es\/\">LF Endesa<\/a><\/span> \t\n    <div class=\"lte-description\"> \n\t    <span class=\"lte-date-top\"><a href=\"https:\/\/www.unigirona.cat\/es\/arica-carter-nueva-incorporacion-exterior-para-el-basquet-girona\/\" class=\"lte-date\"><span class=\"dt\">21\/08\/2025<\/span><\/a><\/span>       \t\n        <a href=\"https:\/\/www.unigirona.cat\/es\/arica-carter-nueva-incorporacion-exterior-para-el-basquet-girona\/\" class=\"lte-header\"><h3>Arica Carter, nueva incorporaci\u00f3n exterior para el B\u00e0squet Girona<\/h3><\/a>\n\t\t<div class=\"lte-excerpt\">Arica Derris Carter (Los \u00c1ngeles, California; 19\/07\/1996) es nueva jugadora del Spar Girona para la temporada 2024\/25. La escolta, de 1,75 metros de altura y nacionalizada azerbaiyana, llega procedente del Perfumer\u00edas Avenida, con quien ha disputado la Liga Femenina Endesa y la EuroLeague Women. Carter se form\u00f3 en la prestigiosa Universidad de Louisville, donde jug\u00f3 [&hellip;] &hellip;<\/div><ul class=\"lte-post-info\"><li class=\"lte-icon-comments\"><span>0<\/span><\/li><\/ul>\t\n\t\t\t\t\t\n    <\/div>    \n<\/article><\/div><div class=\"items col-xl-4 col-lg-4 col-md-4 col-sm-4 col-ms-6 col-xs-12\"><article class=\"post-45247 post type-post status-publish format-standard has-post-thumbnail hentry category-lf-endesa\">\n\t<a href=\"https:\/\/www.unigirona.cat\/es\/mariam-coulibaly-potencia-interior-para-el-basquet-girona\/\" class=\"lte-photo\"><img loading=\"lazy\" decoding=\"async\" width=\"500\" height=\"300\" src=\"https:\/\/www.unigirona.cat\/wp-content\/uploads\/2025\/08\/Captura-de-pantalla-2025-08-19-092915-500x300.png\" class=\"attachment-atleticos-blog size-atleticos-blog wp-post-image\" alt=\"\" srcset=\"https:\/\/www.unigirona.cat\/wp-content\/uploads\/2025\/08\/Captura-de-pantalla-2025-08-19-092915-500x300.png 500w, https:\/\/www.unigirona.cat\/wp-content\/uploads\/2025\/08\/Captura-de-pantalla-2025-08-19-092915-100x61.png 100w\" sizes=\"(max-width: 500px) 100vw, 500px\" \/><span class=\"lte-photo-overlay\"><\/span><\/a><span class=\"lte-cats\"><a href=\"https:\/\/www.unigirona.cat\/category\/lf-endesa\/\">LF Endesa<\/a><\/span> \t\n    <div class=\"lte-description\"> \n\t    <span class=\"lte-date-top\"><a href=\"https:\/\/www.unigirona.cat\/es\/mariam-coulibaly-potencia-interior-para-el-basquet-girona\/\" class=\"lte-date\"><span class=\"dt\">19\/08\/2025<\/span><\/a><\/span>       \t\n        <a href=\"https:\/\/www.unigirona.cat\/es\/mariam-coulibaly-potencia-interior-para-el-basquet-girona\/\" class=\"lte-header\"><h3>Mariam Coulibaly, potencia interior para el B\u00e0squet Girona<\/h3><\/a>\n\t\t<div class=\"lte-excerpt\">Mariam Coulibaly (Bamako, Mali; 07\/10\/1997) es nueva jugadora del Spar Girona para la pr\u00f3xima temporada. La p\u00edvot, de 192 cm y 27 a\u00f1os, llega procedente del Club Joventut Badalona, donde firm\u00f3 una de las temporadas m\u00e1s dominantes de su carrera. Coulibaly se form\u00f3 en el CB Islas Canarias, donde debut\u00f3 en Liga Femenina la temporada [&hellip;] &hellip;<\/div><ul class=\"lte-post-info\"><li class=\"lte-icon-comments\"><span>0<\/span><\/li><\/ul>\t\n\t\t\t\t\t\n    <\/div>    \n<\/article><\/div><div class=\"items col-xl-4 col-lg-4 col-md-4 col-sm-4 col-ms-6 col-xs-12\"><article class=\"post-45234 post type-post status-publish format-standard has-post-thumbnail hentry category-lf-endesa-es\">\n\t<a href=\"https:\/\/www.unigirona.cat\/es\/lola-pendande-pisa-fontajau\/\" class=\"lte-photo\"><img loading=\"lazy\" decoding=\"async\" width=\"500\" height=\"300\" src=\"https:\/\/www.unigirona.cat\/wp-content\/uploads\/2025\/08\/IMG_9919-1-500x300.jpg\" class=\"attachment-atleticos-blog size-atleticos-blog wp-post-image\" alt=\"\" \/><span class=\"lte-photo-overlay\"><\/span><\/a><span class=\"lte-cats\"><a href=\"https:\/\/www.unigirona.cat\/es\/category\/lf-endesa-es\/\">LF Endesa<\/a><\/span> \t\n    <div class=\"lte-description\"> \n\t    <span class=\"lte-date-top\"><a href=\"https:\/\/www.unigirona.cat\/es\/lola-pendande-pisa-fontajau\/\" class=\"lte-date\"><span class=\"dt\">18\/08\/2025<\/span><\/a><\/span>       \t\n        <a href=\"https:\/\/www.unigirona.cat\/es\/lola-pendande-pisa-fontajau\/\" class=\"lte-header\"><h3>LOLA PENDANDE PISA FONTAJAU<\/h3><\/a>\n\t\t<div class=\"lte-excerpt\">La p\u00edvot andaluza Lola Pendande, primer fichaje anunciado del Spar Girona para la temporada 2025\u201326, ya ha llegado a la ciudad y este lunes ha realizado su primera visita oficial al pabell\u00f3n de Fontajau. Pendande se ha encontrado con la entrenadora asistente Laia Palau, con quien ha mantenido las primeras conversaciones. Durante su visita, la [&hellip;] &hellip;<\/div><ul class=\"lte-post-info\"><li class=\"lte-icon-comments\"><span>0<\/span><\/li><\/ul>\t\n\t\t\t\t\t\n    <\/div>    \n<\/article><\/div><div class=\"items col-xl-4 col-lg-4 col-md-4 col-sm-4 col-ms-6 col-xs-12\"><article class=\"post-45192 post type-post status-publish format-standard has-post-thumbnail hentry category-uncategorized-ca\">\n\t<a href=\"https:\/\/www.unigirona.cat\/es\/lspar-girona-i-chloe-bibby-junts-una-temporada-mes\/\" class=\"lte-photo\"><img loading=\"lazy\" decoding=\"async\" width=\"500\" height=\"300\" src=\"https:\/\/www.unigirona.cat\/wp-content\/uploads\/2025\/08\/renovacio-bibby-1-500x300.jpg\" class=\"attachment-atleticos-blog size-atleticos-blog wp-post-image\" alt=\"\" srcset=\"https:\/\/www.unigirona.cat\/wp-content\/uploads\/2025\/08\/renovacio-bibby-1-500x300.jpg 500w, https:\/\/www.unigirona.cat\/wp-content\/uploads\/2025\/08\/renovacio-bibby-1-300x180.jpg 300w, https:\/\/www.unigirona.cat\/wp-content\/uploads\/2025\/08\/renovacio-bibby-1-1024x614.jpg 1024w, https:\/\/www.unigirona.cat\/wp-content\/uploads\/2025\/08\/renovacio-bibby-1-768x461.jpg 768w, https:\/\/www.unigirona.cat\/wp-content\/uploads\/2025\/08\/renovacio-bibby-1-100x60.jpg 100w, https:\/\/www.unigirona.cat\/wp-content\/uploads\/2025\/08\/renovacio-bibby-1-480x288.jpg 480w, https:\/\/www.unigirona.cat\/wp-content\/uploads\/2025\/08\/renovacio-bibby-1-600x360.jpg 600w, https:\/\/www.unigirona.cat\/wp-content\/uploads\/2025\/08\/renovacio-bibby-1.jpg 1080w\" sizes=\"(max-width: 500px) 100vw, 500px\" \/><span class=\"lte-photo-overlay\"><\/span><\/a><span class=\"lte-cats\"><a href=\"https:\/\/www.unigirona.cat\/category\/uncategorized-ca\/\">Uncategorized @ca<\/a><\/span> \t\n    <div class=\"lte-description\"> \n\t    <span class=\"lte-date-top\"><a href=\"https:\/\/www.unigirona.cat\/es\/lspar-girona-i-chloe-bibby-junts-una-temporada-mes\/\" class=\"lte-date\"><span class=\"dt\">12\/08\/2025<\/span><\/a><\/span>       \t\n        <a href=\"https:\/\/www.unigirona.cat\/es\/lspar-girona-i-chloe-bibby-junts-una-temporada-mes\/\" class=\"lte-header\"><h3>L\u2019Spar Girona i Chloe Bibby, junts una temporada m\u00e9s<\/h3><\/a>\n\t\t<div class=\"lte-excerpt\">La MVP de la LF Endesa seguir\u00e0 a Girona El B\u00e0squet Girona ha tancat la renovaci\u00f3 de Chloe Bibby per a l\u2019equip Spar Girona. L\u2019ala-pivot australiana, de 27 anys i 185 cm, continuar\u00e0 formant part del primer equip femen\u00ed i encadenar\u00e0 aix\u00ed la seva segona temporada consecutiva des que va arribar a Fontajau l\u2019estiu de [&hellip;] &hellip;<\/div><ul class=\"lte-post-info\"><li class=\"lte-icon-comments\"><span>0<\/span><\/li><\/ul>\t\n\t\t\t\t\t\n    <\/div>    \n<\/article><\/div><div class=\"items col-xl-4 col-lg-4 col-md-4 col-sm-4 col-ms-6 col-xs-12\"><article class=\"post-45185 post type-post status-publish format-standard has-post-thumbnail hentry category-uncategorized-ca\">\n\t<a href=\"https:\/\/www.unigirona.cat\/es\/klara-holm-talent-i-electricitat-pel-basquet-girona\/\" class=\"lte-photo\"><img loading=\"lazy\" decoding=\"async\" width=\"500\" height=\"300\" src=\"https:\/\/www.unigirona.cat\/wp-content\/uploads\/2025\/08\/KLARA_HOLM-500x300.jpg\" class=\"attachment-atleticos-blog size-atleticos-blog wp-post-image\" alt=\"\" srcset=\"https:\/\/www.unigirona.cat\/wp-content\/uploads\/2025\/08\/KLARA_HOLM-500x300.jpg 500w, https:\/\/www.unigirona.cat\/wp-content\/uploads\/2025\/08\/KLARA_HOLM-300x180.jpg 300w, https:\/\/www.unigirona.cat\/wp-content\/uploads\/2025\/08\/KLARA_HOLM-1024x614.jpg 1024w, https:\/\/www.unigirona.cat\/wp-content\/uploads\/2025\/08\/KLARA_HOLM-768x461.jpg 768w, https:\/\/www.unigirona.cat\/wp-content\/uploads\/2025\/08\/KLARA_HOLM-100x60.jpg 100w, https:\/\/www.unigirona.cat\/wp-content\/uploads\/2025\/08\/KLARA_HOLM-480x288.jpg 480w, https:\/\/www.unigirona.cat\/wp-content\/uploads\/2025\/08\/KLARA_HOLM-600x360.jpg 600w, https:\/\/www.unigirona.cat\/wp-content\/uploads\/2025\/08\/KLARA_HOLM.jpg 1080w\" sizes=\"(max-width: 500px) 100vw, 500px\" \/><span class=\"lte-photo-overlay\"><\/span><\/a><span class=\"lte-cats\"><a href=\"https:\/\/www.unigirona.cat\/category\/uncategorized-ca\/\">Uncategorized @ca<\/a><\/span> \t\n    <div class=\"lte-description\"> \n\t    <span class=\"lte-date-top\"><a href=\"https:\/\/www.unigirona.cat\/es\/klara-holm-talent-i-electricitat-pel-basquet-girona\/\" class=\"lte-date\"><span class=\"dt\">06\/08\/2025<\/span><\/a><\/span>       \t\n        <a href=\"https:\/\/www.unigirona.cat\/es\/klara-holm-talent-i-electricitat-pel-basquet-girona\/\" class=\"lte-header\"><h3>Klara Holm, talent i electricitat pel B\u00e0squet Girona<\/h3><\/a>\n\t\t<div class=\"lte-excerpt\">La sueca seguir\u00e0 sent clau en el projecte giron\u00ed. El B\u00e0squet Girona ha tancat la renovaci\u00f3 de Klara Holm per a l\u2019equip Spar Girona. La base sueca, de 25 anys i 1,73 m, encadenar\u00e0 la seva segona temporada a Fontajau despr\u00e9s d\u2019un primer curs on ha estat una pe\u00e7a fonamental a l\u2019esquema de l\u2019equip. Amb [&hellip;] &hellip;<\/div><ul class=\"lte-post-info\"><li class=\"lte-icon-comments\"><span>0<\/span><\/li><\/ul>\t\n\t\t\t\t\t\n    <\/div>    \n<\/article><\/div><div class=\"items col-xl-4 col-lg-4 col-md-4 col-sm-4 col-ms-6 col-xs-12\"><article class=\"post-45175 post type-post status-publish format-standard has-post-thumbnail hentry category-uncategorized-ca\">\n\t<a href=\"https:\/\/www.unigirona.cat\/es\/el-basquet-girona-tanca-el-fitxatge-de-laura-quevedo\/\" class=\"lte-photo\"><img loading=\"lazy\" decoding=\"async\" width=\"500\" height=\"300\" src=\"https:\/\/www.unigirona.cat\/wp-content\/uploads\/2025\/08\/Demo-Fitxatge-Uni-1-1-500x300.jpg\" class=\"attachment-atleticos-blog size-atleticos-blog wp-post-image\" alt=\"\" srcset=\"https:\/\/www.unigirona.cat\/wp-content\/uploads\/2025\/08\/Demo-Fitxatge-Uni-1-1-500x300.jpg 500w, https:\/\/www.unigirona.cat\/wp-content\/uploads\/2025\/08\/Demo-Fitxatge-Uni-1-1-300x180.jpg 300w, https:\/\/www.unigirona.cat\/wp-content\/uploads\/2025\/08\/Demo-Fitxatge-Uni-1-1-1024x614.jpg 1024w, https:\/\/www.unigirona.cat\/wp-content\/uploads\/2025\/08\/Demo-Fitxatge-Uni-1-1-768x461.jpg 768w, https:\/\/www.unigirona.cat\/wp-content\/uploads\/2025\/08\/Demo-Fitxatge-Uni-1-1-100x60.jpg 100w, https:\/\/www.unigirona.cat\/wp-content\/uploads\/2025\/08\/Demo-Fitxatge-Uni-1-1-480x288.jpg 480w, https:\/\/www.unigirona.cat\/wp-content\/uploads\/2025\/08\/Demo-Fitxatge-Uni-1-1-600x360.jpg 600w, https:\/\/www.unigirona.cat\/wp-content\/uploads\/2025\/08\/Demo-Fitxatge-Uni-1-1.jpg 1080w\" sizes=\"(max-width: 500px) 100vw, 500px\" \/><span class=\"lte-photo-overlay\"><\/span><\/a><span class=\"lte-cats\"><a href=\"https:\/\/www.unigirona.cat\/category\/uncategorized-ca\/\">Uncategorized @ca<\/a><\/span> \t\n    <div class=\"lte-description\"> \n\t    <span class=\"lte-date-top\"><a href=\"https:\/\/www.unigirona.cat\/es\/el-basquet-girona-tanca-el-fitxatge-de-laura-quevedo\/\" class=\"lte-date\"><span class=\"dt\">04\/08\/2025<\/span><\/a><\/span>       \t\n        <a href=\"https:\/\/www.unigirona.cat\/es\/el-basquet-girona-tanca-el-fitxatge-de-laura-quevedo\/\" class=\"lte-header\"><h3>El B\u00e0squet Girona tanca el fitxatge de Laura Quevedo<\/h3><\/a>\n\t\t<div class=\"lte-excerpt\">Talent, experi\u00e8ncia i encert exterior per a l\u2019Spar Girona Laura Quevedo (Coslada, Madrid; 15\/04\/1996) \u00e9s nova jugadora de l\u2019Spar Girona per les dues properes temporades. L\u2019aler, de 184 cm i 29 anys, arriba procedent del LDLC ASVEL F\u00e9minin, on ha jugat les tres \u00faltimes temporades, disputant la LFB i competici\u00f3 europea. Formada a les categories [&hellip;] &hellip;<\/div><ul class=\"lte-post-info\"><li class=\"lte-icon-comments\"><span>0<\/span><\/li><\/ul>\t\n\t\t\t\t\t\n    <\/div>    \n<\/article><\/div><div class=\"items col-xl-4 col-lg-4 col-md-4 col-sm-4 col-ms-6 col-xs-12\"><article class=\"post-45158 post type-post status-publish format-standard has-post-thumbnail hentry category-uncategorized-ca\">\n\t<a href=\"https:\/\/www.unigirona.cat\/es\/juste-jocyte-talent-europeu-per-a-lexterior-de-lspar-girona\/\" class=\"lte-photo\"><img loading=\"lazy\" decoding=\"async\" width=\"500\" height=\"300\" src=\"https:\/\/www.unigirona.cat\/wp-content\/uploads\/2025\/08\/1-copia-1-500x300.jpg\" class=\"attachment-atleticos-blog size-atleticos-blog wp-post-image\" alt=\"\" srcset=\"https:\/\/www.unigirona.cat\/wp-content\/uploads\/2025\/08\/1-copia-1-500x300.jpg 500w, https:\/\/www.unigirona.cat\/wp-content\/uploads\/2025\/08\/1-copia-1-300x180.jpg 300w, https:\/\/www.unigirona.cat\/wp-content\/uploads\/2025\/08\/1-copia-1-1024x614.jpg 1024w, https:\/\/www.unigirona.cat\/wp-content\/uploads\/2025\/08\/1-copia-1-768x461.jpg 768w, https:\/\/www.unigirona.cat\/wp-content\/uploads\/2025\/08\/1-copia-1-100x60.jpg 100w, https:\/\/www.unigirona.cat\/wp-content\/uploads\/2025\/08\/1-copia-1-480x288.jpg 480w, https:\/\/www.unigirona.cat\/wp-content\/uploads\/2025\/08\/1-copia-1-600x360.jpg 600w, https:\/\/www.unigirona.cat\/wp-content\/uploads\/2025\/08\/1-copia-1.jpg 1080w\" sizes=\"(max-width: 500px) 100vw, 500px\" \/><span class=\"lte-photo-overlay\"><\/span><\/a><span class=\"lte-cats\"><a href=\"https:\/\/www.unigirona.cat\/category\/uncategorized-ca\/\">Uncategorized @ca<\/a><\/span> \t\n    <div class=\"lte-description\"> \n\t    <span class=\"lte-date-top\"><a href=\"https:\/\/www.unigirona.cat\/es\/juste-jocyte-talent-europeu-per-a-lexterior-de-lspar-girona\/\" class=\"lte-date\"><span class=\"dt\">02\/08\/2025<\/span><\/a><\/span>       \t\n        <a href=\"https:\/\/www.unigirona.cat\/es\/juste-jocyte-talent-europeu-per-a-lexterior-de-lspar-girona\/\" class=\"lte-header\"><h3>Juste Jocyte, talent europeu per a l&#8217;exterior de l&#8217;Spar Girona<\/h3><\/a>\n\t\t<div class=\"lte-excerpt\">Internacional amb Litu\u00e0nia i amb experi\u00e8ncia a Europa, Juste Jocyte refor\u00e7a la l\u00ednia exterior de l\u2019Spar Girona. Juste Jocyte (Palanga, Litu\u00e0nia, 19\/11\/2005) \u00e9s nova jugadora de l\u2019Spar Girona per a les dues pr\u00f2ximes temporades. L\u2019aler esquerrana, de 19 anys, arriba procedent del LDLC ASVEL F\u00e9minin, club on s\u2019ha format i amb qui ha disputat la [&hellip;] &hellip;<\/div><ul class=\"lte-post-info\"><li class=\"lte-icon-comments\"><span>0<\/span><\/li><\/ul>\t\n\t\t\t\t\t\n    <\/div>    \n<\/article><\/div><div class=\"items col-xl-4 col-lg-4 col-md-4 col-sm-4 col-ms-6 col-xs-12\"><article class=\"post-45153 post type-post status-publish format-standard has-post-thumbnail hentry category-uncategorized-ca\">\n\t<a href=\"https:\/\/www.unigirona.cat\/es\/carol-guerrero-renova-amb-lspar-girona\/\" class=\"lte-photo\"><img loading=\"lazy\" decoding=\"async\" width=\"500\" height=\"300\" src=\"https:\/\/www.unigirona.cat\/wp-content\/uploads\/2025\/08\/carol-guerrero-1-500x300.jpg\" class=\"attachment-atleticos-blog size-atleticos-blog wp-post-image\" alt=\"\" srcset=\"https:\/\/www.unigirona.cat\/wp-content\/uploads\/2025\/08\/carol-guerrero-1-500x300.jpg 500w, https:\/\/www.unigirona.cat\/wp-content\/uploads\/2025\/08\/carol-guerrero-1-300x180.jpg 300w, https:\/\/www.unigirona.cat\/wp-content\/uploads\/2025\/08\/carol-guerrero-1-1024x614.jpg 1024w, https:\/\/www.unigirona.cat\/wp-content\/uploads\/2025\/08\/carol-guerrero-1-768x461.jpg 768w, https:\/\/www.unigirona.cat\/wp-content\/uploads\/2025\/08\/carol-guerrero-1-100x60.jpg 100w, https:\/\/www.unigirona.cat\/wp-content\/uploads\/2025\/08\/carol-guerrero-1-480x288.jpg 480w, https:\/\/www.unigirona.cat\/wp-content\/uploads\/2025\/08\/carol-guerrero-1-600x360.jpg 600w, https:\/\/www.unigirona.cat\/wp-content\/uploads\/2025\/08\/carol-guerrero-1.jpg 1080w\" sizes=\"(max-width: 500px) 100vw, 500px\" \/><span class=\"lte-photo-overlay\"><\/span><\/a><span class=\"lte-cats\"><a href=\"https:\/\/www.unigirona.cat\/category\/uncategorized-ca\/\">Uncategorized @ca<\/a><\/span> \t\n    <div class=\"lte-description\"> \n\t    <span class=\"lte-date-top\"><a href=\"https:\/\/www.unigirona.cat\/es\/carol-guerrero-renova-amb-lspar-girona\/\" class=\"lte-date\"><span class=\"dt\">01\/08\/2025<\/span><\/a><\/span>       \t\n        <a href=\"https:\/\/www.unigirona.cat\/es\/carol-guerrero-renova-amb-lspar-girona\/\" class=\"lte-header\"><h3>Carol Guerrero renova amb l\u2019Spar Girona<\/h3><\/a>\n\t\t<div class=\"lte-excerpt\">Continua el projecte esportiu amb la jugadora barcelonina El B\u00e0squet Girona ha tancat la renovaci\u00f3 de Carol Guerrero per a l\u2019equip Spar Girona. La barcelonina, de 24 anys i 188 cm, continuar\u00e0 formant part del primer equip femen\u00ed i encadenar\u00e0 aix\u00ed la seva segona temporada consecutiva des que va debutar a Fontajau l\u2019any 2024. Guerrero [&hellip;] &hellip;<\/div><ul class=\"lte-post-info\"><li class=\"lte-icon-comments\"><span>0<\/span><\/li><\/ul>\t\n\t\t\t\t\t\n    <\/div>    \n<\/article><\/div><div class=\"items col-xl-4 col-lg-4 col-md-4 col-sm-4 col-ms-6 col-xs-12\"><article class=\"post-45144 post type-post status-publish format-standard has-post-thumbnail hentry category-uncategorized-ca\">\n\t<a href=\"https:\/\/www.unigirona.cat\/es\/roberto-iniguez-seguira-al-capdavant-de-lspar-girona-la-temporada-2025-26\/\" class=\"lte-photo\"><img loading=\"lazy\" decoding=\"async\" width=\"500\" height=\"300\" src=\"https:\/\/www.unigirona.cat\/wp-content\/uploads\/2025\/07\/BasquetGirona_Renovacio_RobertoIniguez_Post-1-1-500x300.jpg\" class=\"attachment-atleticos-blog size-atleticos-blog wp-post-image\" alt=\"\" srcset=\"https:\/\/www.unigirona.cat\/wp-content\/uploads\/2025\/07\/BasquetGirona_Renovacio_RobertoIniguez_Post-1-1-500x300.jpg 500w, https:\/\/www.unigirona.cat\/wp-content\/uploads\/2025\/07\/BasquetGirona_Renovacio_RobertoIniguez_Post-1-1-300x180.jpg 300w, https:\/\/www.unigirona.cat\/wp-content\/uploads\/2025\/07\/BasquetGirona_Renovacio_RobertoIniguez_Post-1-1-1024x614.jpg 1024w, https:\/\/www.unigirona.cat\/wp-content\/uploads\/2025\/07\/BasquetGirona_Renovacio_RobertoIniguez_Post-1-1-768x461.jpg 768w, https:\/\/www.unigirona.cat\/wp-content\/uploads\/2025\/07\/BasquetGirona_Renovacio_RobertoIniguez_Post-1-1-100x60.jpg 100w, https:\/\/www.unigirona.cat\/wp-content\/uploads\/2025\/07\/BasquetGirona_Renovacio_RobertoIniguez_Post-1-1-480x288.jpg 480w, https:\/\/www.unigirona.cat\/wp-content\/uploads\/2025\/07\/BasquetGirona_Renovacio_RobertoIniguez_Post-1-1-600x360.jpg 600w, https:\/\/www.unigirona.cat\/wp-content\/uploads\/2025\/07\/BasquetGirona_Renovacio_RobertoIniguez_Post-1-1.jpg 1080w\" sizes=\"(max-width: 500px) 100vw, 500px\" \/><span class=\"lte-photo-overlay\"><\/span><\/a><span class=\"lte-cats\"><a href=\"https:\/\/www.unigirona.cat\/category\/uncategorized-ca\/\">Uncategorized @ca<\/a><\/span> \t\n    <div class=\"lte-description\"> \n\t    <span class=\"lte-date-top\"><a href=\"https:\/\/www.unigirona.cat\/es\/roberto-iniguez-seguira-al-capdavant-de-lspar-girona-la-temporada-2025-26\/\" class=\"lte-date\"><span class=\"dt\">30\/07\/2025<\/span><\/a><\/span>       \t\n        <a href=\"https:\/\/www.unigirona.cat\/es\/roberto-iniguez-seguira-al-capdavant-de-lspar-girona-la-temporada-2025-26\/\" class=\"lte-header\"><h3>Roberto \u00cd\u00f1iguez seguir\u00e0 al capdavant de l&#8217;Spar Girona la temporada 2025-26<\/h3><\/a>\n\t\t<div class=\"lte-excerpt\">El t\u00e8cnic firma per una temporada m\u00e9s El B\u00e0squet Girona ha tancat la renovaci\u00f3 de Roberto \u00cd\u00f1iguez per a l\u2019equip Spar Girona. El t\u00e8cnic basc continuar\u00e0 al capdavant de la banqueta despr\u00e9s de classificar l\u2019equip per a l\u2019EuroLeague Women i signar una gran temporada 2024-2025, en qu\u00e8 l\u2019Spar Girona ha exhibit un dels jocs m\u00e9s [&hellip;] &hellip;<\/div><ul class=\"lte-post-info\"><li class=\"lte-icon-comments\"><span>0<\/span><\/li><\/ul>\t\n\t\t\t\t\t\n    <\/div>    \n<\/article><\/div><div class=\"items col-xl-4 col-lg-4 col-md-4 col-sm-4 col-ms-6 col-xs-12\"><article class=\"post-45141 post type-post status-publish format-standard has-post-thumbnail hentry category-lf-endesa-es\">\n\t<a href=\"https:\/\/www.unigirona.cat\/es\/el-spar-girona-ya-conoce-a-sus-rivales-en-la-euroleague-women-2025-26\/\" class=\"lte-photo\"><img loading=\"lazy\" decoding=\"async\" width=\"500\" height=\"300\" src=\"https:\/\/www.unigirona.cat\/wp-content\/uploads\/2025\/07\/fase-de-grups-500x300.jpg\" class=\"attachment-atleticos-blog size-atleticos-blog wp-post-image\" alt=\"\" \/><span class=\"lte-photo-overlay\"><\/span><\/a><span class=\"lte-cats\"><a href=\"https:\/\/www.unigirona.cat\/es\/category\/lf-endesa-es\/\">LF Endesa<\/a><\/span> \t\n    <div class=\"lte-description\"> \n\t    <span class=\"lte-date-top\"><a href=\"https:\/\/www.unigirona.cat\/es\/el-spar-girona-ya-conoce-a-sus-rivales-en-la-euroleague-women-2025-26\/\" class=\"lte-date\"><span class=\"dt\">23\/07\/2025<\/span><\/a><\/span>       \t\n        <a href=\"https:\/\/www.unigirona.cat\/es\/el-spar-girona-ya-conoce-a-sus-rivales-en-la-euroleague-women-2025-26\/\" class=\"lte-header\"><h3>El Spar Girona ya conoce a sus rivales en la EuroLeague Women 2025-26<\/h3><\/a>\n\t\t<div class=\"lte-excerpt\">El Spar Girona ha quedado encuadrado en el Grupo A de la fase regular de la EuroLeague Women 2025-26, tras el sorteo celebrado este mi\u00e9rcoles 23 de julio en M\u00fanich (Alemania). La m\u00e1xima competici\u00f3n continental arrancar\u00e1 el pr\u00f3ximo mes de octubre con un total de 16 equipos repartidos en dos grupos. Despu\u00e9s de quedar incluido [&hellip;] &hellip;<\/div><ul class=\"lte-post-info\"><li class=\"lte-icon-comments\"><span>0<\/span><\/li><\/ul>\t\n\t\t\t\t\t\n    <\/div>    \n<\/article><\/div><div class=\"items col-xl-4 col-lg-4 col-md-4 col-sm-4 col-ms-6 col-xs-12\"><article class=\"post-45096 post type-post status-publish format-standard has-post-thumbnail hentry category-lf-endesa category-uncategorized-ca\">\n\t<a href=\"https:\/\/www.unigirona.cat\/es\/lespai-girones-reafirma-el-suport-al-basquet-gironi-amb-un-nou-conveni\/\" class=\"lte-photo\"><img loading=\"lazy\" decoding=\"async\" width=\"500\" height=\"300\" src=\"https:\/\/www.unigirona.cat\/wp-content\/uploads\/2025\/07\/IMG_8330-Mejorado-NR-500x300.jpg\" class=\"attachment-atleticos-blog size-atleticos-blog wp-post-image\" alt=\"\" \/><span class=\"lte-photo-overlay\"><\/span><\/a><span class=\"lte-cats\"><a href=\"https:\/\/www.unigirona.cat\/category\/lf-endesa\/\">LF Endesa<\/a><\/span> \t\n    <div class=\"lte-description\"> \n\t    <span class=\"lte-date-top\"><a href=\"https:\/\/www.unigirona.cat\/es\/lespai-girones-reafirma-el-suport-al-basquet-gironi-amb-un-nou-conveni\/\" class=\"lte-date\"><span class=\"dt\">21\/07\/2025<\/span><\/a><\/span>       \t\n        <a href=\"https:\/\/www.unigirona.cat\/es\/lespai-girones-reafirma-el-suport-al-basquet-gironi-amb-un-nou-conveni\/\" class=\"lte-header\"><h3>L\u2019Espai Giron\u00e8s reafirma el suport al b\u00e0squet giron\u00ed amb un nou conveni<\/h3><\/a>\n\t\t<div class=\"lte-excerpt\">L\u2019objectiu \u00e9s seguir sumant sinergies a favor del territori. L\u2019Espai Giron\u00e8s i el B\u00e0squet Girona han signat un acord de col\u00b7laboraci\u00f3 per refor\u00e7ar el seu comprom\u00eds amb el b\u00e0squet femen\u00ed de la ciutat de Girona i continuar sumant sinergies a favor de l\u2019esport giron\u00ed en el territori.&nbsp; Durant catorze temporades, l\u2019Espai Giron\u00e8s ha estat fidel [&hellip;] &hellip;<\/div><ul class=\"lte-post-info\"><li class=\"lte-icon-comments\"><span>0<\/span><\/li><\/ul>\t\n\t\t\t\t\t\n    <\/div>    \n<\/article><\/div><div class=\"items col-xl-4 col-lg-4 col-md-4 col-sm-4 col-ms-6 col-xs-12\"><article class=\"post-45068 post type-post status-publish format-standard has-post-thumbnail hentry category-lf-endesa\">\n\t<a href=\"https:\/\/www.unigirona.cat\/es\/lola-pendande-fitxa-pel-basquet-girona\/\" class=\"lte-photo\"><img loading=\"lazy\" decoding=\"async\" width=\"500\" height=\"300\" src=\"https:\/\/www.unigirona.cat\/wp-content\/uploads\/2025\/07\/Demo-Fitxatge-Uni-1-1-500x300.png\" class=\"attachment-atleticos-blog size-atleticos-blog wp-post-image\" alt=\"\" \/><span class=\"lte-photo-overlay\"><\/span><\/a><span class=\"lte-cats\"><a href=\"https:\/\/www.unigirona.cat\/category\/lf-endesa\/\">LF Endesa<\/a><\/span> \t\n    <div class=\"lte-description\"> \n\t    <span class=\"lte-date-top\"><a href=\"https:\/\/www.unigirona.cat\/es\/lola-pendande-fitxa-pel-basquet-girona\/\" class=\"lte-date\"><span class=\"dt\">17\/07\/2025<\/span><\/a><\/span>       \t\n        <a href=\"https:\/\/www.unigirona.cat\/es\/lola-pendande-fitxa-pel-basquet-girona\/\" class=\"lte-header\"><h3>Lola Pendande fitxa pel B\u00e0squet Girona<\/h3><\/a>\n\t\t<div class=\"lte-excerpt\">\u00c9s el segon nom confirmat de l\u2019Spar Girona per a la temporada 25\/26. Lola Pendande (Roquetas de Mar, 29\/03\/2000) \u00e9s nova jugadora de l\u2019Spar Girona per a la propera temporada. La pivot, de 190 cm i 25 anys, arriba procedent de l\u2019IDK Euskotren, on ha disputat la LF Endesa i l\u2019EuroCup Women. Pendande va debutar [&hellip;] &hellip;<\/div><ul class=\"lte-post-info\"><li class=\"lte-icon-comments\"><span>1<\/span><\/li><\/ul>\t\n\t\t\t\t\t\n    <\/div>    \n<\/article><\/div><div class=\"items col-xl-4 col-lg-4 col-md-4 col-sm-4 col-ms-6 col-xs-12\"><article class=\"post-45053 post type-post status-publish format-standard has-post-thumbnail hentry category-lf-endesa-es\">\n\t<a href=\"https:\/\/www.unigirona.cat\/es\/los-posibles-rivales-del-spar-girona-en-la-euroleague-women\/\" class=\"lte-photo\"><img loading=\"lazy\" decoding=\"async\" width=\"500\" height=\"300\" src=\"https:\/\/www.unigirona.cat\/wp-content\/uploads\/2025\/07\/euroleague-seed-500x300.jpeg\" class=\"attachment-atleticos-blog size-atleticos-blog wp-post-image\" alt=\"\" \/><span class=\"lte-photo-overlay\"><\/span><\/a><span class=\"lte-cats\"><a href=\"https:\/\/www.unigirona.cat\/es\/category\/lf-endesa-es\/\">LF Endesa<\/a><\/span> \t\n    <div class=\"lte-description\"> \n\t    <span class=\"lte-date-top\"><a href=\"https:\/\/www.unigirona.cat\/es\/los-posibles-rivales-del-spar-girona-en-la-euroleague-women\/\" class=\"lte-date\"><span class=\"dt\">16\/07\/2025<\/span><\/a><\/span>       \t\n        <a href=\"https:\/\/www.unigirona.cat\/es\/los-posibles-rivales-del-spar-girona-en-la-euroleague-women\/\" class=\"lte-header\"><h3>Los posibles rivales del Spar Girona en la EuroLeague Women<\/h3><\/a>\n\t\t<div class=\"lte-excerpt\">El Spar Girona ya sabe que formar\u00e1 parte del Bombo 2 de cara al sorteo de la fase regular de la EuroLeague Women 2025-26, que tendr\u00e1 lugar el pr\u00f3ximo mi\u00e9rcoles 23 de julio en M\u00fanich (Alemania). El sorteo servir\u00e1 para establecer la composici\u00f3n de los grupos de una nueva edici\u00f3n de la m\u00e1xima competici\u00f3n continental, [&hellip;] &hellip;<\/div><ul class=\"lte-post-info\"><li class=\"lte-icon-comments\"><span>0<\/span><\/li><\/ul>\t\n\t\t\t\t\t\n    <\/div>    \n<\/article><\/div><div class=\"items col-xl-4 col-lg-4 col-md-4 col-sm-4 col-ms-6 col-xs-12\"><article class=\"post-45042 post type-post status-publish format-standard has-post-thumbnail hentry category-lf-endesa\">\n\t<a href=\"https:\/\/www.unigirona.cat\/es\/confirmats-els-horaris-de-la-lliga-catalana-femenina\/\" class=\"lte-photo\"><img loading=\"lazy\" decoding=\"async\" width=\"500\" height=\"300\" src=\"https:\/\/www.unigirona.cat\/wp-content\/uploads\/2025\/07\/54013109368_c2c3bb8e95_o-500x300.jpg\" class=\"attachment-atleticos-blog size-atleticos-blog wp-post-image\" alt=\"\" \/><span class=\"lte-photo-overlay\"><\/span><\/a><span class=\"lte-cats\"><a href=\"https:\/\/www.unigirona.cat\/category\/lf-endesa\/\">LF Endesa<\/a><\/span> \t\n    <div class=\"lte-description\"> \n\t    <span class=\"lte-date-top\"><a href=\"https:\/\/www.unigirona.cat\/es\/confirmats-els-horaris-de-la-lliga-catalana-femenina\/\" class=\"lte-date\"><span class=\"dt\">16\/07\/2025<\/span><\/a><\/span>       \t\n        <a href=\"https:\/\/www.unigirona.cat\/es\/confirmats-els-horaris-de-la-lliga-catalana-femenina\/\" class=\"lte-header\"><h3>Confirmats els horaris de la Lliga Catalana Femenina<\/h3><\/a>\n\t\t<div class=\"lte-excerpt\">L\u2019Spar Girona ja coneix els horaris de la Lliga Catalana 2025, que es disputar\u00e0 al Palau d\u2019Esports de Tarragona. L\u2019equip jugar\u00e0 la semifinal el dissabte 20 de setembre a les 16:00 h davant el campi\u00f3 de la Lliga Catalana Challenge. En cas de vict\u00f2ria, la final tindr\u00e0 lloc l\u2019endem\u00e0, diumenge 21 de setembre a les [&hellip;] &hellip;<\/div><ul class=\"lte-post-info\"><li class=\"lte-icon-comments\"><span>0<\/span><\/li><\/ul>\t\n\t\t\t\t\t\n    <\/div>    \n<\/article><\/div><div class=\"items col-xl-4 col-lg-4 col-md-4 col-sm-4 col-ms-6 col-xs-12\"><article class=\"post-45038 post type-post status-publish format-standard has-post-thumbnail hentry category-lf-endesa-es\">\n\t<a href=\"https:\/\/www.unigirona.cat\/es\/definido-el-calendario-de-la-lf-endesa-2025-26\/\" class=\"lte-photo\"><img loading=\"lazy\" decoding=\"async\" width=\"500\" height=\"300\" src=\"https:\/\/www.unigirona.cat\/wp-content\/uploads\/2025\/07\/web-500x300.png\" class=\"attachment-atleticos-blog size-atleticos-blog wp-post-image\" alt=\"\" \/><span class=\"lte-photo-overlay\"><\/span><\/a><span class=\"lte-cats\"><a href=\"https:\/\/www.unigirona.cat\/es\/category\/lf-endesa-es\/\">LF Endesa<\/a><\/span> \t\n    <div class=\"lte-description\"> \n\t    <span class=\"lte-date-top\"><a href=\"https:\/\/www.unigirona.cat\/es\/definido-el-calendario-de-la-lf-endesa-2025-26\/\" class=\"lte-date\"><span class=\"dt\">15\/07\/2025<\/span><\/a><\/span>       \t\n        <a href=\"https:\/\/www.unigirona.cat\/es\/definido-el-calendario-de-la-lf-endesa-2025-26\/\" class=\"lte-header\"><h3>Definido el calendario de la LF Endesa 2025\/26<\/h3><\/a>\n\t\t<div class=\"lte-excerpt\">El primer partido en Fontajau ser\u00e1 contra el Baxi Ferrol el fin de semana del 11-12 de octubre. La LF Endesa 2025\/26 ya tiene calendario oficial. El Spar Girona comenzar\u00e1 la competici\u00f3n regular el fin de semana del 4 y 5 de octubre, visitando la pista del CAB Estepona, uno de los equipos reci\u00e9n ascendidos [&hellip;] &hellip;<\/div><ul class=\"lte-post-info\"><li class=\"lte-icon-comments\"><span>0<\/span><\/li><\/ul>\t\n\t\t\t\t\t\n    <\/div>    \n<\/article><\/div><div class=\"items col-xl-4 col-lg-4 col-md-4 col-sm-4 col-ms-6 col-xs-12\"><article class=\"post-45011 post type-post status-publish format-standard has-post-thumbnail hentry category-lf-endesa\">\n\t<a href=\"https:\/\/www.unigirona.cat\/es\/ainhoa-lopez-seguira-una-temporada-mes-a-girona\/\" class=\"lte-photo vertical\"><img loading=\"lazy\" decoding=\"async\" width=\"500\" height=\"300\" src=\"https:\/\/www.unigirona.cat\/wp-content\/uploads\/2025\/07\/ainhoa-lopez-500x300.jpg\" class=\"attachment-atleticos-blog size-atleticos-blog wp-post-image\" alt=\"\" \/><span class=\"lte-photo-overlay\"><\/span><\/a><span class=\"lte-cats\"><a href=\"https:\/\/www.unigirona.cat\/category\/lf-endesa\/\">LF Endesa<\/a><\/span> \t\n    <div class=\"lte-description\"> \n\t    <span class=\"lte-date-top\"><a href=\"https:\/\/www.unigirona.cat\/es\/ainhoa-lopez-seguira-una-temporada-mes-a-girona\/\" class=\"lte-date\"><span class=\"dt\">11\/07\/2025<\/span><\/a><\/span>       \t\n        <a href=\"https:\/\/www.unigirona.cat\/es\/ainhoa-lopez-seguira-una-temporada-mes-a-girona\/\" class=\"lte-header\"><h3>AINHOA L\u00d3PEZ SEGUIR\u00c0 UNA TEMPORADA M\u00c9S A GIRONA<\/h3><\/a>\n\t\t<div class=\"lte-excerpt\">Ser\u00e0 la tercera temporada consecutiva amb l\u2019Spar Girona. El B\u00e0squet Girona ha tancat la renovaci\u00f3 d\u2019Ainhoa L\u00f3pez per a l\u2019equip Spar Girona. L\u2019escorta catalana, de 28 anys i 182 cm, continuar\u00e0 formant part del primer equip i encadenar\u00e0 aix\u00ed la seva tercera temporada consecutiva \u2014la quarta en total\u2014 des que va debutar a Fontajau l\u2019any [&hellip;] &hellip;<\/div><ul class=\"lte-post-info\"><li class=\"lte-icon-comments\"><span>0<\/span><\/li><\/ul>\t\n\t\t\t\t\t\n    <\/div>    \n<\/article><\/div><div class=\"items col-xl-4 col-lg-4 col-md-4 col-sm-4 col-ms-6 col-xs-12\"><article class=\"post-45002 post type-post status-publish format-standard has-post-thumbnail hentry category-lf-endesa-es\">\n\t<a href=\"https:\/\/www.unigirona.cat\/es\/el-spar-girona-ya-conoce-a-sus-posibles-rivales-en-la-euroleague-women-2025-26\/\" class=\"lte-photo\"><img loading=\"lazy\" decoding=\"async\" width=\"500\" height=\"300\" src=\"https:\/\/www.unigirona.cat\/wp-content\/uploads\/2025\/07\/imatge-equips-500x300.jpg\" class=\"attachment-atleticos-blog size-atleticos-blog wp-post-image\" alt=\"\" \/><span class=\"lte-photo-overlay\"><\/span><\/a><span class=\"lte-cats\"><a href=\"https:\/\/www.unigirona.cat\/es\/category\/lf-endesa-es\/\">LF Endesa<\/a><\/span> \t\n    <div class=\"lte-description\"> \n\t    <span class=\"lte-date-top\"><a href=\"https:\/\/www.unigirona.cat\/es\/el-spar-girona-ya-conoce-a-sus-posibles-rivales-en-la-euroleague-women-2025-26\/\" class=\"lte-date\"><span class=\"dt\">08\/07\/2025<\/span><\/a><\/span>       \t\n        <a href=\"https:\/\/www.unigirona.cat\/es\/el-spar-girona-ya-conoce-a-sus-posibles-rivales-en-la-euroleague-women-2025-26\/\" class=\"lte-header\"><h3>El Spar Girona ya conoce a sus posibles rivales en la EuroLeague Women 2025-26<\/h3><\/a>\n\t\t<div class=\"lte-excerpt\">El Spar Girona ha sido confirmado este lunes como uno de los 11 equipos con acceso directo a la fase regular de la EuroLeague Women 2025-26, seg\u00fan ha anunciado la FIBA. El conjunto giron\u00ed volver\u00e1 a competir entre las mejores plantillas del continente en la segunda edici\u00f3n del nuevo formato europeo, consolid\u00e1ndose como un referente [&hellip;] &hellip;<\/div><ul class=\"lte-post-info\"><li class=\"lte-icon-comments\"><span>0<\/span><\/li><\/ul>\t\n\t\t\t\t\t\n    <\/div>    \n<\/article><\/div><div class=\"items col-xl-4 col-lg-4 col-md-4 col-sm-4 col-ms-6 col-xs-12\"><article class=\"post-44993 post type-post status-publish format-standard has-post-thumbnail hentry category-lf-endesa category-ultima-hora\">\n\t<a href=\"https:\/\/www.unigirona.cat\/es\/basquet-girona-se-reune-con-los-abonados-para-explicar-los-cambios-de-la-temporada-y-reafirmar-el-compromiso-con-la-sostenibilidad-del-proyecto\/\" class=\"lte-photo\"><img loading=\"lazy\" decoding=\"async\" width=\"500\" height=\"300\" src=\"https:\/\/www.unigirona.cat\/wp-content\/uploads\/2025\/07\/IMG_3218-500x300.jpg\" class=\"attachment-atleticos-blog size-atleticos-blog wp-post-image\" alt=\"\" \/><span class=\"lte-photo-overlay\"><\/span><\/a><span class=\"lte-cats\"><a href=\"https:\/\/www.unigirona.cat\/category\/lf-endesa\/\">LF Endesa<\/a><\/span> \t\n    <div class=\"lte-description\"> \n\t    <span class=\"lte-date-top\"><a href=\"https:\/\/www.unigirona.cat\/es\/basquet-girona-se-reune-con-los-abonados-para-explicar-los-cambios-de-la-temporada-y-reafirmar-el-compromiso-con-la-sostenibilidad-del-proyecto\/\" class=\"lte-date\"><span class=\"dt\">07\/07\/2025<\/span><\/a><\/span>       \t\n        <a href=\"https:\/\/www.unigirona.cat\/es\/basquet-girona-se-reune-con-los-abonados-para-explicar-los-cambios-de-la-temporada-y-reafirmar-el-compromiso-con-la-sostenibilidad-del-proyecto\/\" class=\"lte-header\"><h3>B\u00e0squet Girona se re\u00fane con los abonados para explicar los cambios de la temporada y reafirmar el compromiso con la sostenibilidad del proyecto<\/h3><\/a>\n\t\t<div class=\"lte-excerpt\">Este lunes 7 de julio, el B\u00e0squet Girona ha celebrado un encuentro abierto con sus abonados y abonadas en el pabell\u00f3n de Fontajau con el objetivo de explicar los cambios introducidos para la nueva campa\u00f1a de abonos y resolver las principales dudas. La sesi\u00f3n \u2013conducida por Stefi Batlle, CEO del club, acompa\u00f1ada por el responsable [&hellip;] &hellip;<\/div><ul class=\"lte-post-info\"><li class=\"lte-icon-comments\"><span>0<\/span><\/li><\/ul>\t\n\t\t\t\t\t\n    <\/div>    \n<\/article><\/div><div class=\"items col-xl-4 col-lg-4 col-md-4 col-sm-4 col-ms-6 col-xs-12\"><article class=\"post-44929 post type-post status-publish format-standard has-post-thumbnail hentry category-lf-endesa category-lf-endesa-es\">\n\t<a href=\"https:\/\/www.unigirona.cat\/es\/campana-de-abonos-basquet-girona-spar-girona\/\" class=\"lte-photo\"><img loading=\"lazy\" decoding=\"async\" width=\"500\" height=\"300\" src=\"https:\/\/www.unigirona.cat\/wp-content\/uploads\/2025\/07\/ClubCreatiu_BasquetGirona_CampanyaAbonaments_Horitzontal_CAT_V2-500x300.jpg\" class=\"attachment-atleticos-blog size-atleticos-blog wp-post-image\" alt=\"\" \/><span class=\"lte-photo-overlay\"><\/span><\/a><span class=\"lte-cats\"><a href=\"https:\/\/www.unigirona.cat\/category\/lf-endesa\/\">LF Endesa<\/a><\/span> \t\n    <div class=\"lte-description\"> \n\t    <span class=\"lte-date-top\"><a href=\"https:\/\/www.unigirona.cat\/es\/campana-de-abonos-basquet-girona-spar-girona\/\" class=\"lte-date\"><span class=\"dt\">02\/07\/2025<\/span><\/a><\/span>       \t\n        <a href=\"https:\/\/www.unigirona.cat\/es\/campana-de-abonos-basquet-girona-spar-girona\/\" class=\"lte-header\"><h3>CAMPA\u00d1A DE ABONOS B\u00c0SQUET GIRONA &amp; SPAR GIRONA<\/h3><\/a>\n\t\t<div class=\"lte-excerpt\">La temporada 2025-2026 marca un antes y un despu\u00e9s en la trayectoria del baloncesto gerundense. Por primera vez, el B\u00e0squet Girona y el Spar Girona unen fuerzas para impulsar un proyecto conjunto, ambicioso y arraigado al territorio. Un proyecto que nace de la suma de dos historias de \u00e9xito, de valores compartidos y de un [&hellip;] &hellip;<\/div><ul class=\"lte-post-info\"><li class=\"lte-icon-comments\"><span>0<\/span><\/li><\/ul>\t\n\t\t\t\t\t\n    <\/div>    \n<\/article><\/div><div class=\"items col-xl-4 col-lg-4 col-md-4 col-sm-4 col-ms-6 col-xs-12\"><article class=\"post-44261 post type-post status-publish format-standard has-post-thumbnail hentry category-lf-endesa\">\n\t<a href=\"https:\/\/www.unigirona.cat\/es\/basquet-girona-y-uni-girona-oficializan-su-union-nace-un-proyecto-compartido-para-hacer-crecer-el-baloncesto-gerundense\/\" class=\"lte-photo\"><img loading=\"lazy\" decoding=\"async\" width=\"500\" height=\"300\" src=\"https:\/\/www.unigirona.cat\/wp-content\/uploads\/2025\/06\/WhatsApp-Image-2025-06-18-at-19.58.47-500x300.jpeg\" class=\"attachment-atleticos-blog size-atleticos-blog wp-post-image\" alt=\"\" \/><span class=\"lte-photo-overlay\"><\/span><\/a><span class=\"lte-cats\"><a href=\"https:\/\/www.unigirona.cat\/category\/lf-endesa\/\">LF Endesa<\/a><\/span> \t\n    <div class=\"lte-description\"> \n\t    <span class=\"lte-date-top\"><a href=\"https:\/\/www.unigirona.cat\/es\/basquet-girona-y-uni-girona-oficializan-su-union-nace-un-proyecto-compartido-para-hacer-crecer-el-baloncesto-gerundense\/\" class=\"lte-date\"><span class=\"dt\">18\/06\/2025<\/span><\/a><\/span>       \t\n        <a href=\"https:\/\/www.unigirona.cat\/es\/basquet-girona-y-uni-girona-oficializan-su-union-nace-un-proyecto-compartido-para-hacer-crecer-el-baloncesto-gerundense\/\" class=\"lte-header\"><h3>B\u00e0squet Girona y Uni Girona oficializan su uni\u00f3n: Nace un proyecto compartido para hacer crecer el baloncesto giron\u00ed<\/h3><\/a>\n\t\t<div class=\"lte-excerpt\">Girona, 18 de junio de 2025.- Bajo el lema Unidos para seguir creciendo, B\u00e0squet Girona y Uni Girona han hecho oficial su unificaci\u00f3n en un acto hist\u00f3rico celebrado en Fontajau. Esta uni\u00f3n es fruto de un acuerdo profundo y comprometido entre dos clubes emblem\u00e1ticos que representan la esencia y la pasi\u00f3n por el baloncesto en [&hellip;] &hellip;<\/div><ul class=\"lte-post-info\"><li class=\"lte-icon-comments\"><span>0<\/span><\/li><\/ul>\t\n\t\t\t\t\t\n    <\/div>    \n<\/article><\/div><div class=\"items col-xl-4 col-lg-4 col-md-4 col-sm-4 col-ms-6 col-xs-12\"><article class=\"post-44122 post type-post status-publish format-standard has-post-thumbnail hentry category-ultima-hora-es\">\n\t<a href=\"https:\/\/www.unigirona.cat\/es\/sandra-ygueravide-pone-punto-final-a-su-trayectoria-en-el-baloncesto-5x5\/\" class=\"lte-photo\"><img loading=\"lazy\" decoding=\"async\" width=\"500\" height=\"300\" src=\"https:\/\/www.unigirona.cat\/wp-content\/uploads\/2025\/06\/54403301214_0879c6d1bb_o-500x300.jpg\" class=\"attachment-atleticos-blog size-atleticos-blog wp-post-image\" alt=\"\" \/><span class=\"lte-photo-overlay\"><\/span><\/a><span class=\"lte-cats\"><a href=\"https:\/\/www.unigirona.cat\/es\/category\/ultima-hora-es\/\">\u00daltima hora<\/a><\/span> \t\n    <div class=\"lte-description\"> \n\t    <span class=\"lte-date-top\"><a href=\"https:\/\/www.unigirona.cat\/es\/sandra-ygueravide-pone-punto-final-a-su-trayectoria-en-el-baloncesto-5x5\/\" class=\"lte-date\"><span class=\"dt\">13\/06\/2025<\/span><\/a><\/span>       \t\n        <a href=\"https:\/\/www.unigirona.cat\/es\/sandra-ygueravide-pone-punto-final-a-su-trayectoria-en-el-baloncesto-5x5\/\" class=\"lte-header\"><h3>Sandra Ygueravide pone punto final a su trayectoria en el baloncesto 5&#215;5<\/h3><\/a>\n\t\t<div class=\"lte-excerpt\">La salida de Ygueravide se suma a las bajas confirmadas de Vionise Pierre-Louis, Natasha Mack, Imane Tate, Migna Tour\u00e9 y Borislava Hristova. Desde Spar Girona anunciamos la baja de Sandra Ygueravide para la pr\u00f3xima temporada. La base valenciana y capitana del equipo se retira del baloncesto 5&#215;5 a los 40 a\u00f1os para centrarse exclusivamente en [&hellip;] &hellip;<\/div><ul class=\"lte-post-info\"><li class=\"lte-icon-comments\"><span>0<\/span><\/li><\/ul>\t\n\t\t\t\t\t\n    <\/div>    \n<\/article><\/div><div class=\"items col-xl-4 col-lg-4 col-md-4 col-sm-4 col-ms-6 col-xs-12\"><article class=\"post-43853 post type-post status-publish format-standard has-post-thumbnail hentry category-lf-endesa-es\">\n\t<a href=\"https:\/\/www.unigirona.cat\/es\/carolina-guerrero-convocada-por-la-seleccion-espanola-como-jugadora-invitada\/\" class=\"lte-photo vertical\"><img loading=\"lazy\" decoding=\"async\" width=\"500\" height=\"300\" src=\"https:\/\/www.unigirona.cat\/wp-content\/uploads\/2025\/05\/54141418867_56540a1f7c_o-500x300.jpg\" class=\"attachment-atleticos-blog size-atleticos-blog wp-post-image\" alt=\"\" \/><span class=\"lte-photo-overlay\"><\/span><\/a><span class=\"lte-cats\"><a href=\"https:\/\/www.unigirona.cat\/es\/category\/lf-endesa-es\/\">LF Endesa<\/a><\/span> \t\n    <div class=\"lte-description\"> \n\t    <span class=\"lte-date-top\"><a href=\"https:\/\/www.unigirona.cat\/es\/carolina-guerrero-convocada-por-la-seleccion-espanola-como-jugadora-invitada\/\" class=\"lte-date\"><span class=\"dt\">14\/05\/2025<\/span><\/a><\/span>       \t\n        <a href=\"https:\/\/www.unigirona.cat\/es\/carolina-guerrero-convocada-por-la-seleccion-espanola-como-jugadora-invitada\/\" class=\"lte-header\"><h3>Carolina Guerrero, convocada por la selecci\u00f3n espa\u00f1ola como jugadora invitada<\/h3><\/a>\n\t\t<div class=\"lte-excerpt\">La jugadora de Uni Girona, Carolina Guerrero, ha sido convocada como invitada para incorporarse a la concentraci\u00f3n de la selecci\u00f3n espa\u00f1ola, mientras Raquel Carrera se recupera de un esguince de tobillo. Guerrero llega a esta convocatoria tras un muy buen tramo final de temporada. En los cuatro partidos disputados durante los playoffs de la Liga [&hellip;] &hellip;<\/div><ul class=\"lte-post-info\"><li class=\"lte-icon-comments\"><span>0<\/span><\/li><\/ul>\t\n\t\t\t\t\t\n    <\/div>    \n<\/article><\/div><div class=\"items col-xl-4 col-lg-4 col-md-4 col-sm-4 col-ms-6 col-xs-12\"><article class=\"post-43843 post type-post status-publish format-standard has-post-thumbnail hentry category-ultima-hora\">\n\t<a href=\"https:\/\/www.unigirona.cat\/es\/sandra-ygueravide-y-marta-canella-convocadas-con-la-seleccion-espanola-3x3\/\" class=\"lte-photo vertical\"><img loading=\"lazy\" decoding=\"async\" width=\"500\" height=\"300\" src=\"https:\/\/www.unigirona.cat\/wp-content\/uploads\/2025\/05\/54497204157_c811576e71_o-500x300.jpg\" class=\"attachment-atleticos-blog size-atleticos-blog wp-post-image\" alt=\"\" \/><span class=\"lte-photo-overlay\"><\/span><\/a><span class=\"lte-cats\"><a href=\"https:\/\/www.unigirona.cat\/category\/ultima-hora\/\">\u00daltima hora<\/a><\/span> \t\n    <div class=\"lte-description\"> \n\t    <span class=\"lte-date-top\"><a href=\"https:\/\/www.unigirona.cat\/es\/sandra-ygueravide-y-marta-canella-convocadas-con-la-seleccion-espanola-3x3\/\" class=\"lte-date\"><span class=\"dt\">13\/05\/2025<\/span><\/a><\/span>       \t\n        <a href=\"https:\/\/www.unigirona.cat\/es\/sandra-ygueravide-y-marta-canella-convocadas-con-la-seleccion-espanola-3x3\/\" class=\"lte-header\"><h3>Sandra Ygueravide y Marta Canella, convocadas con la selecci\u00f3n espa\u00f1ola 3&#215;3<\/h3><\/a>\n\t\t<div class=\"lte-excerpt\">El equipo estar\u00e1 dirigido por Marta Montoliu y contar\u00e1 con Beti Orden, exfisioterapeuta del Uni Girona, como parte del cuerpo t\u00e9cnico. Las jugadoras del Uni Girona, Sandra Ygueravide y Marta Canella, han sido convocadas por la seleccionadora N\u00faria Mart\u00ednez para formar parte de la selecci\u00f3n espa\u00f1ola femenina de 3&#215;3, que preparar\u00e1 las principales citas internacionales [&hellip;] &hellip;<\/div><ul class=\"lte-post-info\"><li class=\"lte-icon-comments\"><span>0<\/span><\/li><\/ul>\t\n\t\t\t\t\t\n    <\/div>    \n<\/article><\/div><div class=\"items col-xl-4 col-lg-4 col-md-4 col-sm-4 col-ms-6 col-xs-12\"><article class=\"post-43826 post type-post status-publish format-standard has-post-thumbnail hentry category-lf-endesa-es\">\n\t<a href=\"https:\/\/www.unigirona.cat\/es\/iniguez-me-ha-gustado-la-conexion-con-el-publico\/\" class=\"lte-photo\"><img loading=\"lazy\" decoding=\"async\" width=\"500\" height=\"300\" src=\"https:\/\/www.unigirona.cat\/wp-content\/uploads\/2025\/05\/WhatsApp-Image-2025-05-04-at-18.56.50-500x300.jpeg\" class=\"attachment-atleticos-blog size-atleticos-blog wp-post-image\" alt=\"\" \/><span class=\"lte-photo-overlay\"><\/span><\/a><span class=\"lte-cats\"><a href=\"https:\/\/www.unigirona.cat\/es\/category\/lf-endesa-es\/\">LF Endesa<\/a><\/span> \t\n    <div class=\"lte-description\"> \n\t    <span class=\"lte-date-top\"><a href=\"https:\/\/www.unigirona.cat\/es\/iniguez-me-ha-gustado-la-conexion-con-el-publico\/\" class=\"lte-date\"><span class=\"dt\">05\/05\/2025<\/span><\/a><\/span>       \t\n        <a href=\"https:\/\/www.unigirona.cat\/es\/iniguez-me-ha-gustado-la-conexion-con-el-publico\/\" class=\"lte-header\"><h3>\u00cd\u00f1iguez: \u00abMe ha gustado la conexi\u00f3n con el p\u00fablico\u00bb<\/h3><\/a>\n\t\t<div class=\"lte-excerpt\">El pabell\u00f3n vibr\u00f3 ayer con uno de los partidos m\u00e1s intensos y emocionantes de la temporada. Nuestro t\u00e9cnico, Roberto \u00cd\u00f1iguez, no escondi\u00f3 el orgullo por el trabajo realizado por el equipo despu\u00e9s de una eliminaci\u00f3n ajustada ante un rival de m\u00e1ximo nivel. \u201cHemos estado muy cerca. La pr\u00f3rroga sobraba y con el 3+1 se nos [&hellip;] &hellip;<\/div><ul class=\"lte-post-info\"><li class=\"lte-icon-comments\"><span>0<\/span><\/li><\/ul>\t\n\t\t\t\t\t\n    <\/div>    \n<\/article><\/div><div class=\"items col-xl-4 col-lg-4 col-md-4 col-sm-4 col-ms-6 col-xs-12\"><article class=\"post-43810 post type-post status-publish format-standard has-post-thumbnail hentry category-lf-endesa category-ultima-hora\">\n\t<a href=\"https:\/\/www.unigirona.cat\/es\/el-uni-girona-roza-la-hazana-y-se-despide-con-orgullo\/\" class=\"lte-photo\"><img loading=\"lazy\" decoding=\"async\" width=\"500\" height=\"300\" src=\"https:\/\/www.unigirona.cat\/wp-content\/uploads\/2025\/05\/WhatsApp-Image-2025-05-04-at-18.56.54-500x300.jpeg\" class=\"attachment-atleticos-blog size-atleticos-blog wp-post-image\" alt=\"\" \/><span class=\"lte-photo-overlay\"><\/span><\/a><span class=\"lte-cats\"><a href=\"https:\/\/www.unigirona.cat\/category\/lf-endesa\/\">LF Endesa<\/a><\/span> \t\n    <div class=\"lte-description\"> \n\t    <span class=\"lte-date-top\"><a href=\"https:\/\/www.unigirona.cat\/es\/el-uni-girona-roza-la-hazana-y-se-despide-con-orgullo\/\" class=\"lte-date\"><span class=\"dt\">04\/05\/2025<\/span><\/a><\/span>       \t\n        <a href=\"https:\/\/www.unigirona.cat\/es\/el-uni-girona-roza-la-hazana-y-se-despide-con-orgullo\/\" class=\"lte-header\"><h3>El Uni Girona roza la haza\u00f1a y se despide con orgullo<\/h3><\/a>\n\t\t<div class=\"lte-excerpt\">El Uni Girona cay\u00f3 con la cabeza bien alta tras una victoria que hizo so\u00f1ar a Fontajau. Las gerundenses derrotaron al Casademont Zaragoza por 88 a 75 en un partido espectacular, pero no fue suficiente para remontar la eliminatoria y acceder a la final de la Liga Femenina Endesa. Con un juego vibrante, intenso y [&hellip;] &hellip;<\/div><ul class=\"lte-post-info\"><li class=\"lte-icon-comments\"><span>0<\/span><\/li><\/ul>\t\n\t\t\t\t\t\n    <\/div>    \n<\/article><\/div><div class=\"items col-xl-4 col-lg-4 col-md-4 col-sm-4 col-ms-6 col-xs-12\"><article class=\"post-43799 post type-post status-publish format-standard has-post-thumbnail hentry category-lf-endesa\">\n\t<a href=\"https:\/\/www.unigirona.cat\/es\/el-uni-cae-en-el-primer-partido-de-semifinales\/\" class=\"lte-photo\"><img loading=\"lazy\" decoding=\"async\" width=\"500\" height=\"300\" src=\"https:\/\/www.unigirona.cat\/wp-content\/uploads\/2025\/05\/WhatsApp-Image-2025-05-01-at-18.27.09-500x300.jpeg\" class=\"attachment-atleticos-blog size-atleticos-blog wp-post-image\" alt=\"\" \/><span class=\"lte-photo-overlay\"><\/span><\/a><span class=\"lte-cats\"><a href=\"https:\/\/www.unigirona.cat\/category\/lf-endesa\/\">LF Endesa<\/a><\/span> \t\n    <div class=\"lte-description\"> \n\t    <span class=\"lte-date-top\"><a href=\"https:\/\/www.unigirona.cat\/es\/el-uni-cae-en-el-primer-partido-de-semifinales\/\" class=\"lte-date\"><span class=\"dt\">01\/05\/2025<\/span><\/a><\/span>       \t\n        <a href=\"https:\/\/www.unigirona.cat\/es\/el-uni-cae-en-el-primer-partido-de-semifinales\/\" class=\"lte-header\"><h3>El Uni cae en el primer partido de semifinales<\/h3><\/a>\n\t\t<div class=\"lte-excerpt\">El Spar Girona perdi\u00f3 este mi\u00e9rcoles en el pabell\u00f3n Pr\u00edncipe Felipe ante el Casademont Zaragoza (69-50) en el partido de ida de las semifinales de la LF Endesa. El equipo compiti\u00f3 de t\u00fa a t\u00fa durante los primeros quince minutos, pero a partir de la mitad del segundo cuarto el conjunto local tom\u00f3 el control [&hellip;] &hellip;<\/div><ul class=\"lte-post-info\"><li class=\"lte-icon-comments\"><span>0<\/span><\/li><\/ul>\t\n\t\t\t\t\t\n    <\/div>    \n<\/article><\/div><div class=\"items col-xl-4 col-lg-4 col-md-4 col-sm-4 col-ms-6 col-xs-12\"><article class=\"post-43788 post type-post status-publish format-standard has-post-thumbnail hentry category-lf-endesa-es\">\n\t<a href=\"https:\/\/www.unigirona.cat\/es\/el-uni-girona-ya-conoce-a-su-rival-en-semifinales-el-casademont-zaragoza\/\" class=\"lte-photo\"><img loading=\"lazy\" decoding=\"async\" width=\"500\" height=\"300\" src=\"https:\/\/www.unigirona.cat\/wp-content\/uploads\/2025\/04\/WhatsApp-Image-2025-03-29-at-19.20.14-500x300.jpeg\" class=\"attachment-atleticos-blog size-atleticos-blog wp-post-image\" alt=\"\" \/><span class=\"lte-photo-overlay\"><\/span><\/a><span class=\"lte-cats\"><a href=\"https:\/\/www.unigirona.cat\/es\/category\/lf-endesa-es\/\">LF Endesa<\/a><\/span> \t\n    <div class=\"lte-description\"> \n\t    <span class=\"lte-date-top\"><a href=\"https:\/\/www.unigirona.cat\/es\/el-uni-girona-ya-conoce-a-su-rival-en-semifinales-el-casademont-zaragoza\/\" class=\"lte-date\"><span class=\"dt\">28\/04\/2025<\/span><\/a><\/span>       \t\n        <a href=\"https:\/\/www.unigirona.cat\/es\/el-uni-girona-ya-conoce-a-su-rival-en-semifinales-el-casademont-zaragoza\/\" class=\"lte-header\"><h3>El Uni Girona ya conoce a su rival en semifinales: el Casademont Zaragoza<\/h3><\/a>\n\t\t<div class=\"lte-excerpt\">El Uni Girona ya tiene rival para las semifinales de la Liga Femenina Endesa: ser\u00e1 el Casademont Zaragoza. El partido de ida se jugar\u00e1 este jueves 1 de mayo a las 18:15h en el pabell\u00f3n Pr\u00edncipe Felipe, en un duelo que ha adelantado su horario inicial \u2014previsto a las 18:30h\u2014 tras ser elegido para la [&hellip;] &hellip;<\/div><ul class=\"lte-post-info\"><li class=\"lte-icon-comments\"><span>0<\/span><\/li><\/ul>\t\n\t\t\t\t\t\n    <\/div>    \n<\/article><\/div><div class=\"items col-xl-4 col-lg-4 col-md-4 col-sm-4 col-ms-6 col-xs-12\"><article class=\"post-43768 post type-post status-publish format-standard has-post-thumbnail hentry category-lf-endesa\">\n\t<a href=\"https:\/\/www.unigirona.cat\/es\/el-spar-girona-se-impone-al-ferrol-y-se-cita-con-zaragoza\/\" class=\"lte-photo vertical\"><img loading=\"lazy\" decoding=\"async\" width=\"500\" height=\"300\" src=\"https:\/\/www.unigirona.cat\/wp-content\/uploads\/2025\/04\/WhatsApp-Image-2025-04-27-at-18.32.41-500x300.jpeg\" class=\"attachment-atleticos-blog size-atleticos-blog wp-post-image\" alt=\"\" \/><span class=\"lte-photo-overlay\"><\/span><\/a><span class=\"lte-cats\"><a href=\"https:\/\/www.unigirona.cat\/category\/lf-endesa\/\">LF Endesa<\/a><\/span> \t\n    <div class=\"lte-description\"> \n\t    <span class=\"lte-date-top\"><a href=\"https:\/\/www.unigirona.cat\/es\/el-spar-girona-se-impone-al-ferrol-y-se-cita-con-zaragoza\/\" class=\"lte-date\"><span class=\"dt\">27\/04\/2025<\/span><\/a><\/span>       \t\n        <a href=\"https:\/\/www.unigirona.cat\/es\/el-spar-girona-se-impone-al-ferrol-y-se-cita-con-zaragoza\/\" class=\"lte-header\"><h3>El Spar Girona se impone al Ferrol y se cita con Zaragoza<\/h3><\/a>\n\t\t<div class=\"lte-excerpt\">El Spar Girona hizo valer el factor Fontajau y se impuso este s\u00e1bado al Baxi Ferrol (72-62) en un duelo intenso y trabajado. Con esta victoria, las gerundenses certifican su pase a las semifinales de la Liga Femenina Endesa, donde se enfrentar\u00e1n al Casademont Zaragoza. Tras una primera parte igualada, el Uni complet\u00f3 una gran [&hellip;] &hellip;<\/div><ul class=\"lte-post-info\"><li class=\"lte-icon-comments\"><span>0<\/span><\/li><\/ul>\t\n\t\t\t\t\t\n    <\/div>    \n<\/article><\/div><div class=\"items col-xl-4 col-lg-4 col-md-4 col-sm-4 col-ms-6 col-xs-12\"><article class=\"post-43756 post type-post status-publish format-standard has-post-thumbnail hentry category-lf-endesa\">\n\t<a href=\"https:\/\/www.unigirona.cat\/es\/triunfo-coral-en-ferrol\/\" class=\"lte-photo vertical\"><img loading=\"lazy\" decoding=\"async\" width=\"500\" height=\"300\" src=\"https:\/\/www.unigirona.cat\/wp-content\/uploads\/2025\/04\/WhatsApp-Image-2025-04-24-at-21.05.44-1-500x300.jpeg\" class=\"attachment-atleticos-blog size-atleticos-blog wp-post-image\" alt=\"\" \/><span class=\"lte-photo-overlay\"><\/span><\/a><span class=\"lte-cats\"><a href=\"https:\/\/www.unigirona.cat\/category\/lf-endesa\/\">LF Endesa<\/a><\/span> \t\n    <div class=\"lte-description\"> \n\t    <span class=\"lte-date-top\"><a href=\"https:\/\/www.unigirona.cat\/es\/triunfo-coral-en-ferrol\/\" class=\"lte-date\"><span class=\"dt\">24\/04\/2025<\/span><\/a><\/span>       \t\n        <a href=\"https:\/\/www.unigirona.cat\/es\/triunfo-coral-en-ferrol\/\" class=\"lte-header\"><h3>Triunfo coral en Ferrol<\/h3><\/a>\n\t\t<div class=\"lte-excerpt\">Con solidez, intensidad y juego en equipo, el Spar Girona conquist\u00f3 la pista del Baxi Ferrol en la ida de los cuartos de final de la Liga Femenina (60-71). Las gerundenses supieron resistir los momentos de m\u00e1xima presi\u00f3n del conjunto gallego y se impusieron gracias a una gran actuaci\u00f3n coral. Guerrero, Tate y Hristova lideraron [&hellip;] &hellip;<\/div><ul class=\"lte-post-info\"><li class=\"lte-icon-comments\"><span>0<\/span><\/li><\/ul>\t\n\t\t\t\t\t\n    <\/div>    \n<\/article><\/div><div class=\"items col-xl-4 col-lg-4 col-md-4 col-sm-4 col-ms-6 col-xs-12\"><article class=\"post-43745 post type-post status-publish format-standard has-post-thumbnail hentry category-ultima-hora-es\">\n\t<a href=\"https:\/\/www.unigirona.cat\/es\/comunicado-oficial-chloe-bibby-natasha-mack-y-migna-toure\/\" class=\"lte-photo\"><img loading=\"lazy\" decoding=\"async\" width=\"500\" height=\"300\" src=\"https:\/\/www.unigirona.cat\/wp-content\/uploads\/2025\/04\/comunicat-oficial-500x300.png\" class=\"attachment-atleticos-blog size-atleticos-blog wp-post-image\" alt=\"\" \/><span class=\"lte-photo-overlay\"><\/span><\/a><span class=\"lte-cats\"><a href=\"https:\/\/www.unigirona.cat\/es\/category\/ultima-hora-es\/\">\u00daltima hora<\/a><\/span> \t\n    <div class=\"lte-description\"> \n\t    <span class=\"lte-date-top\"><a href=\"https:\/\/www.unigirona.cat\/es\/comunicado-oficial-chloe-bibby-natasha-mack-y-migna-toure\/\" class=\"lte-date\"><span class=\"dt\">23\/04\/2025<\/span><\/a><\/span>       \t\n        <a href=\"https:\/\/www.unigirona.cat\/es\/comunicado-oficial-chloe-bibby-natasha-mack-y-migna-toure\/\" class=\"lte-header\"><h3>Comunicado Oficial: Chloe Bibby, Natasha Mack y Migna Tour\u00e9<\/h3><\/a>\n\t\t<div class=\"lte-excerpt\">Desde el Spar Girona queremos comunicar que, aunque la competici\u00f3n estatal a\u00fan no ha finalizado, Chloe Bibby, Natasha Mack y Migna Tour\u00e9 ponen rumbo a Estados Unidos para incorporarse a los training camps de sus respectivos equipos de la WNBA. Pere Puig, director deportivo del Uni Girona, ha valorado la situaci\u00f3n: \u201cBibby, Mack y Tour\u00e9 [&hellip;] &hellip;<\/div><ul class=\"lte-post-info\"><li class=\"lte-icon-comments\"><span>0<\/span><\/li><\/ul>\t\n\t\t\t\t\t\n    <\/div>    \n<\/article><\/div><div class=\"items col-xl-4 col-lg-4 col-md-4 col-sm-4 col-ms-6 col-xs-12\"><article class=\"post-43717 post type-post status-publish format-standard has-post-thumbnail hentry category-lf-endesa\">\n\t<a href=\"https:\/\/www.unigirona.cat\/es\/el-uni-cierra-la-liga-con-una-trabajada-victoria-en-murcia\/\" class=\"lte-photo\"><img loading=\"lazy\" decoding=\"async\" width=\"500\" height=\"300\" src=\"https:\/\/www.unigirona.cat\/wp-content\/uploads\/2025\/04\/IMG_5385-500x300.jpeg\" class=\"attachment-atleticos-blog size-atleticos-blog wp-post-image\" alt=\"\" \/><span class=\"lte-photo-overlay\"><\/span><\/a><span class=\"lte-cats\"><a href=\"https:\/\/www.unigirona.cat\/category\/lf-endesa\/\">LF Endesa<\/a><\/span> \t\n    <div class=\"lte-description\"> \n\t    <span class=\"lte-date-top\"><a href=\"https:\/\/www.unigirona.cat\/es\/el-uni-cierra-la-liga-con-una-trabajada-victoria-en-murcia\/\" class=\"lte-date\"><span class=\"dt\">19\/04\/2025<\/span><\/a><\/span>       \t\n        <a href=\"https:\/\/www.unigirona.cat\/es\/el-uni-cierra-la-liga-con-una-trabajada-victoria-en-murcia\/\" class=\"lte-header\"><h3>El Uni cierra la liga con una trabajada victoria en Murcia<\/h3><\/a>\n\t\t<div class=\"lte-excerpt\">El Spar Girona ha puesto punto final a la fase regular con una trabajada victoria en la pista del Hozono Global Jairis (71-76), en un duelo intenso y disputado hasta el \u00faltimo instante. Con este triunfo, el conjunto gerundense cierra la liga en una din\u00e1mica positiva y ya tiene el pr\u00f3ximo objetivo marcado: los cuartos [&hellip;] &hellip;<\/div><ul class=\"lte-post-info\"><li class=\"lte-icon-comments\"><span>0<\/span><\/li><\/ul>\t\n\t\t\t\t\t\n    <\/div>    \n<\/article><\/div><div class=\"items col-xl-4 col-lg-4 col-md-4 col-sm-4 col-ms-6 col-xs-12\"><article class=\"post-43721 post type-post status-publish format-standard has-post-thumbnail hentry category-lf-endesa-es\">\n\t<a href=\"https:\/\/www.unigirona.cat\/es\/chloe-bibby-elegida-mvp-de-la-liga-femenina-endesa-2024-2025\/\" class=\"lte-photo\"><img loading=\"lazy\" decoding=\"async\" width=\"500\" height=\"300\" src=\"https:\/\/www.unigirona.cat\/wp-content\/uploads\/2025\/04\/vtsnpaagw6syhmgrmelp-500x300.jpg\" class=\"attachment-atleticos-blog size-atleticos-blog wp-post-image\" alt=\"\" \/><span class=\"lte-photo-overlay\"><\/span><\/a><span class=\"lte-cats\"><a href=\"https:\/\/www.unigirona.cat\/es\/category\/lf-endesa-es\/\">LF Endesa<\/a><\/span> \t\n    <div class=\"lte-description\"> \n\t    <span class=\"lte-date-top\"><a href=\"https:\/\/www.unigirona.cat\/es\/chloe-bibby-elegida-mvp-de-la-liga-femenina-endesa-2024-2025\/\" class=\"lte-date\"><span class=\"dt\">19\/04\/2025<\/span><\/a><\/span>       \t\n        <a href=\"https:\/\/www.unigirona.cat\/es\/chloe-bibby-elegida-mvp-de-la-liga-femenina-endesa-2024-2025\/\" class=\"lte-header\"><h3>Chloe Bibby, elegida MVP de la Liga Femenina Endesa 2024-2025<\/h3><\/a>\n\t\t<div class=\"lte-excerpt\">\u00a1Gran reconocimiento para Chloe Bibby! La alero australiana del Spar Girona ha sido nombrada Jugadora M\u00e1s Valiosa (MVP) de la Liga Femenina Endesa esta temporada, consolid\u00e1ndose como pieza clave en el regreso del equipo a la \u00e9lite europea con la clasificaci\u00f3n para la EuroLeague Women. En su primera campa\u00f1a en el baloncesto espa\u00f1ol, Bibby ha [&hellip;] &hellip;<\/div><ul class=\"lte-post-info\"><li class=\"lte-icon-comments\"><span>0<\/span><\/li><\/ul>\t\n\t\t\t\t\t\n    <\/div>    \n<\/article><\/div><div class=\"items col-xl-4 col-lg-4 col-md-4 col-sm-4 col-ms-6 col-xs-12\"><article class=\"post-43698 post type-post status-publish format-standard has-post-thumbnail hentry category-lf-endesa-es\">\n\t<a href=\"https:\/\/www.unigirona.cat\/es\/chloe-bibby-incluida-en-el-quinteto-ideal-de-la-lf-endesa\/\" class=\"lte-photo vertical\"><img loading=\"lazy\" decoding=\"async\" width=\"500\" height=\"300\" src=\"https:\/\/www.unigirona.cat\/wp-content\/uploads\/2025\/04\/54403313714_2c820ac368_o-1-500x300.jpg\" class=\"attachment-atleticos-blog size-atleticos-blog wp-post-image\" alt=\"\" \/><span class=\"lte-photo-overlay\"><\/span><\/a><span class=\"lte-cats\"><a href=\"https:\/\/www.unigirona.cat\/es\/category\/lf-endesa-es\/\">LF Endesa<\/a><\/span> \t\n    <div class=\"lte-description\"> \n\t    <span class=\"lte-date-top\"><a href=\"https:\/\/www.unigirona.cat\/es\/chloe-bibby-incluida-en-el-quinteto-ideal-de-la-lf-endesa\/\" class=\"lte-date\"><span class=\"dt\">15\/04\/2025<\/span><\/a><\/span>       \t\n        <a href=\"https:\/\/www.unigirona.cat\/es\/chloe-bibby-incluida-en-el-quinteto-ideal-de-la-lf-endesa\/\" class=\"lte-header\"><h3>\u00a1Chloe Bibby, incluida en el Quinteto Ideal de la LF Endesa!<\/h3><\/a>\n\t\t<div class=\"lte-excerpt\">La jugadora del Spar Girona, Chloe Bibby, ha sido elegida como una de las mejores interiores de la competici\u00f3n y forma parte del Quinteto Ideal de la temporada 2024\/25 de la LF Endesa. Este reconocimiento llega tras una temporada espectacular, en la que ha tenido un papel clave en el juego del equipo. Con 26 [&hellip;] &hellip;<\/div><ul class=\"lte-post-info\"><li class=\"lte-icon-comments\"><span>0<\/span><\/li><\/ul>\t\n\t\t\t\t\t\n    <\/div>    \n<\/article><\/div><div class=\"items col-xl-4 col-lg-4 col-md-4 col-sm-4 col-ms-6 col-xs-12\"><article class=\"post-43681 post type-post status-publish format-standard has-post-thumbnail hentry category-lf-endesa\">\n\t<a href=\"https:\/\/www.unigirona.cat\/es\/primeras-en-liga-regular-y-de-vuelta-a-la-euroleague-women\/\" class=\"lte-photo\"><img loading=\"lazy\" decoding=\"async\" width=\"500\" height=\"300\" src=\"https:\/\/www.unigirona.cat\/wp-content\/uploads\/2025\/04\/54450185009_1b0724380b_o-1-500x300.jpg\" class=\"attachment-atleticos-blog size-atleticos-blog wp-post-image\" alt=\"\" \/><span class=\"lte-photo-overlay\"><\/span><\/a><span class=\"lte-cats\"><a href=\"https:\/\/www.unigirona.cat\/category\/lf-endesa\/\">LF Endesa<\/a><\/span> \t\n    <div class=\"lte-description\"> \n\t    <span class=\"lte-date-top\"><a href=\"https:\/\/www.unigirona.cat\/es\/primeras-en-liga-regular-y-de-vuelta-a-la-euroleague-women\/\" class=\"lte-date\"><span class=\"dt\">15\/04\/2025<\/span><\/a><\/span>       \t\n        <a href=\"https:\/\/www.unigirona.cat\/es\/primeras-en-liga-regular-y-de-vuelta-a-la-euroleague-women\/\" class=\"lte-header\"><h3>Primeras en liga regular y de vuelta a la EuroLeague Women<\/h3><\/a>\n\t\t<div class=\"lte-excerpt\">El Uni Girona ha certificado su regreso a la EuroLeague Women 2025-2026, tras dos temporadas de ausencia, asegurando la primera plaza en la Liga Femenina Endesa. A falta de una jornada, el equipo dirigido por Roberto \u00cd\u00f1iguez ha completado una temporada regular espectacular con 25 victorias y solo 4 derrotas, culminando el \u00e9xito ante su [&hellip;] &hellip;<\/div><ul class=\"lte-post-info\"><li class=\"lte-icon-comments\"><span>0<\/span><\/li><\/ul>\t\n\t\t\t\t\t\n    <\/div>    \n<\/article><\/div><div class=\"items col-xl-4 col-lg-4 col-md-4 col-sm-4 col-ms-6 col-xs-12\"><article class=\"post-43664 post type-post status-publish format-standard has-post-thumbnail hentry category-lf-endesa-es\">\n\t<a href=\"https:\/\/www.unigirona.cat\/es\/klara-lundquist-incluida-en-el-quinteto-ideal-de-la-lf-endesa\/\" class=\"lte-photo\"><img loading=\"lazy\" decoding=\"async\" width=\"500\" height=\"300\" src=\"https:\/\/www.unigirona.cat\/wp-content\/uploads\/2025\/04\/54403140606_48d3abfeec_o-500x300.jpg\" class=\"attachment-atleticos-blog size-atleticos-blog wp-post-image\" alt=\"\" \/><span class=\"lte-photo-overlay\"><\/span><\/a><span class=\"lte-cats\"><a href=\"https:\/\/www.unigirona.cat\/es\/category\/lf-endesa-es\/\">LF Endesa<\/a><\/span> \t\n    <div class=\"lte-description\"> \n\t    <span class=\"lte-date-top\"><a href=\"https:\/\/www.unigirona.cat\/es\/klara-lundquist-incluida-en-el-quinteto-ideal-de-la-lf-endesa\/\" class=\"lte-date\"><span class=\"dt\">14\/04\/2025<\/span><\/a><\/span>       \t\n        <a href=\"https:\/\/www.unigirona.cat\/es\/klara-lundquist-incluida-en-el-quinteto-ideal-de-la-lf-endesa\/\" class=\"lte-header\"><h3>Klara Lundquist, \u00a1Incluida en el Quinteto Ideal de la LF Endesa!<\/h3><\/a>\n\t\t<div class=\"lte-excerpt\">La jugadora de Spar Girona, Klara Lundquist, ha sido elegida como una de las mejores exteriores de la competici\u00f3n en el Quinteto Ideal de la temporada 2024\/25, un reconocimiento gracias a su gran impacto en su primera temporada en la LF Endesa. Con solo 25 a\u00f1os, Lundquist ha sido una pieza clave para el equipo, [&hellip;] &hellip;<\/div><ul class=\"lte-post-info\"><li class=\"lte-icon-comments\"><span>0<\/span><\/li><\/ul>\t\n\t\t\t\t\t\n    <\/div>    \n<\/article><\/div><div class=\"items col-xl-4 col-lg-4 col-md-4 col-sm-4 col-ms-6 col-xs-12\"><article class=\"post-43654 post type-post status-publish format-standard has-post-thumbnail hentry category-lf-endesa\">\n\t<a href=\"https:\/\/www.unigirona.cat\/es\/el-uni-hace-historia-y-vuelve-a-la-euroleague-women\/\" class=\"lte-photo\"><img loading=\"lazy\" decoding=\"async\" width=\"500\" height=\"300\" src=\"https:\/\/www.unigirona.cat\/wp-content\/uploads\/2025\/04\/GocE8VAWkAA0UnR-500x300.jpg\" class=\"attachment-atleticos-blog size-atleticos-blog wp-post-image\" alt=\"\" \/><span class=\"lte-photo-overlay\"><\/span><\/a><span class=\"lte-cats\"><a href=\"https:\/\/www.unigirona.cat\/category\/lf-endesa\/\">LF Endesa<\/a><\/span> \t\n    <div class=\"lte-description\"> \n\t    <span class=\"lte-date-top\"><a href=\"https:\/\/www.unigirona.cat\/es\/el-uni-hace-historia-y-vuelve-a-la-euroleague-women\/\" class=\"lte-date\"><span class=\"dt\">13\/04\/2025<\/span><\/a><\/span>       \t\n        <a href=\"https:\/\/www.unigirona.cat\/es\/el-uni-hace-historia-y-vuelve-a-la-euroleague-women\/\" class=\"lte-header\"><h3>El Uni hace historia y vuelve a la EuroLeague Women<\/h3><\/a>\n\t\t<div class=\"lte-excerpt\">El Spar Girona escribe una nueva p\u00e1gina dorada en su historia: victoria contra el Ensino Lugo (83-67) y primera posici\u00f3n en la liga regular por primera vez. El equipo de Roberto \u00cd\u00f1iguez culmina una fase regular excepcional, y este \u00e9xito le otorga tambi\u00e9n el billete directo para disputar, nuevamente, la EuroLeague Women. Con un Fontajau [&hellip;] &hellip;<\/div><ul class=\"lte-post-info\"><li class=\"lte-icon-comments\"><span>0<\/span><\/li><\/ul>\t\n\t\t\t\t\t\n    <\/div>    \n<\/article><\/div><div class=\"items col-xl-4 col-lg-4 col-md-4 col-sm-4 col-ms-6 col-xs-12\"><article class=\"post-43636 post type-post status-publish format-standard has-post-thumbnail hentry category-ultima-hora-es\">\n\t<a href=\"https:\/\/www.unigirona.cat\/es\/chloe-bibby-y-klara-lundquist-han-sido-nominadas-a-los-premios-de-la-lf-endesa\/\" class=\"lte-photo vertical\"><img loading=\"lazy\" decoding=\"async\" width=\"500\" height=\"300\" src=\"https:\/\/www.unigirona.cat\/wp-content\/uploads\/2025\/04\/54403370193_43a76c8f09_o-500x300.jpg\" class=\"attachment-atleticos-blog size-atleticos-blog wp-post-image\" alt=\"\" \/><span class=\"lte-photo-overlay\"><\/span><\/a><span class=\"lte-cats\"><a href=\"https:\/\/www.unigirona.cat\/es\/category\/ultima-hora-es\/\">\u00daltima hora<\/a><\/span> \t\n    <div class=\"lte-description\"> \n\t    <span class=\"lte-date-top\"><a href=\"https:\/\/www.unigirona.cat\/es\/chloe-bibby-y-klara-lundquist-han-sido-nominadas-a-los-premios-de-la-lf-endesa\/\" class=\"lte-date\"><span class=\"dt\">08\/04\/2025<\/span><\/a><\/span>       \t\n        <a href=\"https:\/\/www.unigirona.cat\/es\/chloe-bibby-y-klara-lundquist-han-sido-nominadas-a-los-premios-de-la-lf-endesa\/\" class=\"lte-header\"><h3>Chloe Bibby y Klara Lundquist han sido nominadas a los premios de la LF Endesa<\/h3><\/a>\n\t\t<div class=\"lte-excerpt\">El Spar Girona tiene dos representantes en los premios de la LF Endesa&#8230; \u00a1y ahora es el momento de darles tu apoyo! Chloe Bibby ha sido nominada a MVP de la liga y a mejor interior. Klara Lundquist opta al premio a mejor exterior. Aunque las nominaciones no incluyen a Roberto \u00cd\u00f1iguez, nuestro entrenador, es [&hellip;] &hellip;<\/div><ul class=\"lte-post-info\"><li class=\"lte-icon-comments\"><span>0<\/span><\/li><\/ul>\t\n\t\t\t\t\t\n    <\/div>    \n<\/article><\/div><div class=\"items col-xl-4 col-lg-4 col-md-4 col-sm-4 col-ms-6 col-xs-12\"><article class=\"post-43625 post type-post status-publish format-standard has-post-thumbnail hentry category-lf-endesa-es\">\n\t<a href=\"https:\/\/www.unigirona.cat\/es\/telecta-seguridad-firma-un-nuevo-acuerdo-con-el-uni-girona\/\" class=\"lte-photo\"><img loading=\"lazy\" decoding=\"async\" width=\"500\" height=\"300\" src=\"https:\/\/www.unigirona.cat\/wp-content\/uploads\/2025\/04\/WhatsApp-Image-2025-04-05-at-10.31.35-1-500x300.jpeg\" class=\"attachment-atleticos-blog size-atleticos-blog wp-post-image\" alt=\"\" \/><span class=\"lte-photo-overlay\"><\/span><\/a><span class=\"lte-cats\"><a href=\"https:\/\/www.unigirona.cat\/es\/category\/lf-endesa-es\/\">LF Endesa<\/a><\/span> \t\n    <div class=\"lte-description\"> \n\t    <span class=\"lte-date-top\"><a href=\"https:\/\/www.unigirona.cat\/es\/telecta-seguridad-firma-un-nuevo-acuerdo-con-el-uni-girona\/\" class=\"lte-date\"><span class=\"dt\">08\/04\/2025<\/span><\/a><\/span>       \t\n        <a href=\"https:\/\/www.unigirona.cat\/es\/telecta-seguridad-firma-un-nuevo-acuerdo-con-el-uni-girona\/\" class=\"lte-header\"><h3>Telecta Seguridad firma un nuevo acuerdo con el Uni Girona<\/h3><\/a>\n\t\t<div class=\"lte-excerpt\">Telecta, empresa gerundense con m\u00e1s de treinta a\u00f1os de experiencia especializada en sistemas de seguridad y electr\u00f3nica, ha alcanzado un nuevo acuerdo de patrocinio con el Uni Girona. El acuerdo se ha formalizado en el Pabell\u00f3n Municipal Girona-Fontajau, en un acto que ha contado con la presencia de las jugadoras del Uni Girona, de Isaac [&hellip;] &hellip;<\/div><ul class=\"lte-post-info\"><li class=\"lte-icon-comments\"><span>0<\/span><\/li><\/ul>\t\n\t\t\t\t\t\n    <\/div>    \n<\/article><\/div><div class=\"items col-xl-4 col-lg-4 col-md-4 col-sm-4 col-ms-6 col-xs-12\"><article class=\"post-43601 post type-post status-publish format-standard has-post-thumbnail hentry category-lf-endesa-es\">\n\t<a href=\"https:\/\/www.unigirona.cat\/es\/chloe-bibby-mvp-de-la-jornada-28\/\" class=\"lte-photo\"><img loading=\"lazy\" decoding=\"async\" width=\"500\" height=\"300\" src=\"https:\/\/www.unigirona.cat\/wp-content\/uploads\/2025\/04\/Gn3QiGTXcAA3ksm-500x300.jpg\" class=\"attachment-atleticos-blog size-atleticos-blog wp-post-image\" alt=\"\" \/><span class=\"lte-photo-overlay\"><\/span><\/a><span class=\"lte-cats\"><a href=\"https:\/\/www.unigirona.cat\/es\/category\/lf-endesa-es\/\">LF Endesa<\/a><\/span> \t\n    <div class=\"lte-description\"> \n\t    <span class=\"lte-date-top\"><a href=\"https:\/\/www.unigirona.cat\/es\/chloe-bibby-mvp-de-la-jornada-28\/\" class=\"lte-date\"><span class=\"dt\">07\/04\/2025<\/span><\/a><\/span>       \t\n        <a href=\"https:\/\/www.unigirona.cat\/es\/chloe-bibby-mvp-de-la-jornada-28\/\" class=\"lte-header\"><h3>Chloe Bibby, MVP de la Jornada 28<\/h3><\/a>\n\t\t<div class=\"lte-excerpt\">El Spar Girona sigue en un gran momento de forma, y las actuaciones individuales de Chloe Bibby y Klara Lundquist han sido el mejor reflejo de ello. La jornada 28 nos deja dos grandes noticias: Chloe Bibby ha sido elegida MVP de la jornada y Klara Lundquist ha sido incluida en el quinteto ideal de [&hellip;] &hellip;<\/div><ul class=\"lte-post-info\"><li class=\"lte-icon-comments\"><span>0<\/span><\/li><\/ul>\t\n\t\t\t\t\t\n    <\/div>    \n<\/article><\/div><div class=\"items col-xl-4 col-lg-4 col-md-4 col-sm-4 col-ms-6 col-xs-12\"><article class=\"post-43606 post type-post status-publish format-standard has-post-thumbnail hentry category-lf-endesa\">\n\t<a href=\"https:\/\/www.unigirona.cat\/es\/bibby-lidera-el-triunfo-del-spar-girona-contra-el-araski-86-95\/\" class=\"lte-photo\"><img loading=\"lazy\" decoding=\"async\" width=\"500\" height=\"300\" src=\"https:\/\/www.unigirona.cat\/wp-content\/uploads\/2025\/04\/WhatsApp-Image-2025-04-05-at-19.50.28-500x300.jpeg\" class=\"attachment-atleticos-blog size-atleticos-blog wp-post-image\" alt=\"\" \/><span class=\"lte-photo-overlay\"><\/span><\/a><span class=\"lte-cats\"><a href=\"https:\/\/www.unigirona.cat\/category\/lf-endesa\/\">LF Endesa<\/a><\/span> \t\n    <div class=\"lte-description\"> \n\t    <span class=\"lte-date-top\"><a href=\"https:\/\/www.unigirona.cat\/es\/bibby-lidera-el-triunfo-del-spar-girona-contra-el-araski-86-95\/\" class=\"lte-date\"><span class=\"dt\">05\/04\/2025<\/span><\/a><\/span>       \t\n        <a href=\"https:\/\/www.unigirona.cat\/es\/bibby-lidera-el-triunfo-del-spar-girona-contra-el-araski-86-95\/\" class=\"lte-header\"><h3>Bibby lidera el triunfo del Spar Girona contra el Araski (86-95)<\/h3><\/a>\n\t\t<div class=\"lte-excerpt\">El Spar Girona ha sumado una nueva victoria a domicilio tras imponerse al Kutxabank Araski en un duelo intenso (86-95). Las de Roberto \u00cd\u00f1iguez comenzaron con buen pie, marcando el ritmo desde el inicio con la efectividad de Bibby, y supieron reaccionar ante los momentos de presi\u00f3n de un combativo conjunto vasco. A pesar de [&hellip;] &hellip;<\/div><ul class=\"lte-post-info\"><li class=\"lte-icon-comments\"><span>0<\/span><\/li><\/ul>\t\n\t\t\t\t\t\n    <\/div>    \n<\/article><\/div><div class=\"items col-xl-4 col-lg-4 col-md-4 col-sm-4 col-ms-6 col-xs-12\"><article class=\"post-43610 post type-post status-publish format-standard has-post-thumbnail hentry category-lf-endesa-es\">\n\t<a href=\"https:\/\/www.unigirona.cat\/es\/jordi-sargatal-y-roberto-iniguez-mejores-entrenadores-del-mes-de-marzo\/\" class=\"lte-photo\"><img loading=\"lazy\" decoding=\"async\" width=\"500\" height=\"300\" src=\"https:\/\/www.unigirona.cat\/wp-content\/uploads\/2025\/04\/54270780899_e01d1be30b_o-500x300.jpg\" class=\"attachment-atleticos-blog size-atleticos-blog wp-post-image\" alt=\"\" \/><span class=\"lte-photo-overlay\"><\/span><\/a><span class=\"lte-cats\"><a href=\"https:\/\/www.unigirona.cat\/es\/category\/lf-endesa-es\/\">LF Endesa<\/a><\/span> \t\n    <div class=\"lte-description\"> \n\t    <span class=\"lte-date-top\"><a href=\"https:\/\/www.unigirona.cat\/es\/jordi-sargatal-y-roberto-iniguez-mejores-entrenadores-del-mes-de-marzo\/\" class=\"lte-date\"><span class=\"dt\">01\/04\/2025<\/span><\/a><\/span>       \t\n        <a href=\"https:\/\/www.unigirona.cat\/es\/jordi-sargatal-y-roberto-iniguez-mejores-entrenadores-del-mes-de-marzo\/\" class=\"lte-header\"><h3>Jordi Sargatal y Roberto \u00cd\u00f1iguez, Mejores Entrenadores del Mes de Marzo<\/h3><\/a>\n\t\t<div class=\"lte-excerpt\">Roberto \u00cd\u00f1iguez y Jordi Sargatal han sido reconocidos como Mejores Entrenadores del Mes de Marzo \u2013 Trofeo AEEB de la Liga Femenina Endesa, despu\u00e9s de un mes impecable en el que el equipo ha sumado cinco victorias en cinco partidos. Durante este per\u00edodo, la direcci\u00f3n del equipo se ha repartido entre ambos t\u00e9cnicos. Jordi Sargatal, [&hellip;] &hellip;<\/div><ul class=\"lte-post-info\"><li class=\"lte-icon-comments\"><span>0<\/span><\/li><\/ul>\t\n\t\t\t\t\t\n    <\/div>    \n<\/article><\/div><div class=\"items col-xl-4 col-lg-4 col-md-4 col-sm-4 col-ms-6 col-xs-12\"><article class=\"post-43415 post type-post status-publish format-standard has-post-thumbnail hentry category-ultima-hora\">\n\t<a href=\"https:\/\/www.unigirona.cat\/es\/obrim-inscripcions-als-campus-destiu-2025\/\" class=\"lte-photo\"><img loading=\"lazy\" decoding=\"async\" width=\"500\" height=\"300\" src=\"https:\/\/www.unigirona.cat\/wp-content\/uploads\/2025\/03\/banner-principal2-500x300.png\" class=\"attachment-atleticos-blog size-atleticos-blog wp-post-image\" alt=\"\" \/><span class=\"lte-photo-overlay\"><\/span><\/a><span class=\"lte-cats\"><a href=\"https:\/\/www.unigirona.cat\/category\/ultima-hora\/\">\u00daltima hora<\/a><\/span> \t\n    <div class=\"lte-description\"> \n\t    <span class=\"lte-date-top\"><a href=\"https:\/\/www.unigirona.cat\/es\/obrim-inscripcions-als-campus-destiu-2025\/\" class=\"lte-date\"><span class=\"dt\">01\/04\/2025<\/span><\/a><\/span>       \t\n        <a href=\"https:\/\/www.unigirona.cat\/es\/obrim-inscripcions-als-campus-destiu-2025\/\" class=\"lte-header\"><h3>OBRIM INSCRIPCIONS ALS CAMPUS D&#8217;ESTIU 2025<\/h3><\/a>\n\t\t<div class=\"lte-excerpt\">L\u2019Uni Girona CB obre les inscripcions, un estiu m\u00e9s, a les seves activitats d\u2019estiu per a infants i joves d\u2019entre 6 i 16 anys. El club ofereix unes activitats per tots aquells nois i noies que vulguin passar un estiu divertit i molt esportiu, amb diverses activitats per triar: Campus de B\u00e0squet Fontajau, Campus de [&hellip;] &hellip;<\/div><ul class=\"lte-post-info\"><li class=\"lte-icon-comments\"><span>0<\/span><\/li><\/ul>\t\n\t\t\t\t\t\n    <\/div>    \n<\/article><\/div><div class=\"items col-xl-4 col-lg-4 col-md-4 col-sm-4 col-ms-6 col-xs-12\"><article class=\"post-43493 post type-post status-publish format-standard has-post-thumbnail hentry category-lf-endesa\">\n\t<a href=\"https:\/\/www.unigirona.cat\/es\/el-spar-vence-al-casademont-zaragoza-en-fontajau\/\" class=\"lte-photo\"><img loading=\"lazy\" decoding=\"async\" width=\"500\" height=\"300\" src=\"https:\/\/www.unigirona.cat\/wp-content\/uploads\/2025\/03\/WhatsApp-Image-2025-03-29-at-18.55.23-500x300.jpeg\" class=\"attachment-atleticos-blog size-atleticos-blog wp-post-image\" alt=\"\" \/><span class=\"lte-photo-overlay\"><\/span><\/a><span class=\"lte-cats\"><a href=\"https:\/\/www.unigirona.cat\/category\/lf-endesa\/\">LF Endesa<\/a><\/span> \t\n    <div class=\"lte-description\"> \n\t    <span class=\"lte-date-top\"><a href=\"https:\/\/www.unigirona.cat\/es\/el-spar-vence-al-casademont-zaragoza-en-fontajau\/\" class=\"lte-date\"><span class=\"dt\">29\/03\/2025<\/span><\/a><\/span>       \t\n        <a href=\"https:\/\/www.unigirona.cat\/es\/el-spar-vence-al-casademont-zaragoza-en-fontajau\/\" class=\"lte-header\"><h3>El Spar vence al Casademont Zaragoza en Fontajau<\/h3><\/a>\n\t\t<div class=\"lte-excerpt\">El Spar Girona sum\u00f3 una nueva victoria en Fontajau tras imponerse al Casademont Zaragoza en un duelo marcado por la intensidad y el dominio gerundense en momentos clave. El equipo de Roberto \u00cd\u00f1iguez comenz\u00f3 con fuerza, aprovechando su acierto en ataque y una gran solidez defensiva para abrir diferencias desde el primer cuarto. A pesar [&hellip;] &hellip;<\/div><ul class=\"lte-post-info\"><li class=\"lte-icon-comments\"><span>0<\/span><\/li><\/ul>\t\n\t\t\t\t\t\n    <\/div>    \n<\/article><\/div><div class=\"items col-xl-4 col-lg-4 col-md-4 col-sm-4 col-ms-6 col-xs-12\"><article class=\"post-43410 post type-post status-publish format-standard has-post-thumbnail hentry category-ultima-hora-es\">\n\t<a href=\"https:\/\/www.unigirona.cat\/es\/escala-renovables-firma-un-acuerdo-de-patrocinio-con-el-spar-girona\/\" class=\"lte-photo\"><img loading=\"lazy\" decoding=\"async\" width=\"500\" height=\"300\" src=\"https:\/\/www.unigirona.cat\/wp-content\/uploads\/2025\/03\/IMG_3413-Mejorado-NR-500x300.jpg\" class=\"attachment-atleticos-blog size-atleticos-blog wp-post-image\" alt=\"\" \/><span class=\"lte-photo-overlay\"><\/span><\/a><span class=\"lte-cats\"><a href=\"https:\/\/www.unigirona.cat\/es\/category\/ultima-hora-es\/\">\u00daltima hora<\/a><\/span> \t\n    <div class=\"lte-description\"> \n\t    <span class=\"lte-date-top\"><a href=\"https:\/\/www.unigirona.cat\/es\/escala-renovables-firma-un-acuerdo-de-patrocinio-con-el-spar-girona\/\" class=\"lte-date\"><span class=\"dt\">27\/03\/2025<\/span><\/a><\/span>       \t\n        <a href=\"https:\/\/www.unigirona.cat\/es\/escala-renovables-firma-un-acuerdo-de-patrocinio-con-el-spar-girona\/\" class=\"lte-header\"><h3>Escala Renovables firma un acuerdo de patrocinio con el Spar Girona<\/h3><\/a>\n\t\t<div class=\"lte-excerpt\">Escala Renovables ha alcanzado un acuerdo de patrocinio con el Spar Girona. El acuerdo se formaliz\u00f3 en el Pabell\u00f3n Municipal Girona-Fontajau, en un acto que cont\u00f3 con la presencia de las jugadoras del Uni Girona, de Laia Palau, entrenadora asistente del equipo, as\u00ed como de representantes de Escala Renovables. Guillem Pous, director de zona en [&hellip;] &hellip;<\/div><ul class=\"lte-post-info\"><li class=\"lte-icon-comments\"><span>0<\/span><\/li><\/ul>\t\n\t\t\t\t\t\n    <\/div>    \n<\/article><\/div><div class=\"items col-xl-4 col-lg-4 col-md-4 col-sm-4 col-ms-6 col-xs-12\"><article class=\"post-43398 post type-post status-publish format-standard has-post-thumbnail hentry category-lf-endesa-es\">\n\t<a href=\"https:\/\/www.unigirona.cat\/es\/derrota-en-las-semifinales-de-la-copa-de-la-reina\/\" class=\"lte-photo\"><img loading=\"lazy\" decoding=\"async\" width=\"500\" height=\"300\" src=\"https:\/\/www.unigirona.cat\/wp-content\/uploads\/2025\/03\/WhatsApp-Image-2025-03-22-at-14.58.49-500x300.jpeg\" class=\"attachment-atleticos-blog size-atleticos-blog wp-post-image\" alt=\"\" \/><span class=\"lte-photo-overlay\"><\/span><\/a><span class=\"lte-cats\"><a href=\"https:\/\/www.unigirona.cat\/es\/category\/lf-endesa-es\/\">LF Endesa<\/a><\/span> \t\n    <div class=\"lte-description\"> \n\t    <span class=\"lte-date-top\"><a href=\"https:\/\/www.unigirona.cat\/es\/derrota-en-las-semifinales-de-la-copa-de-la-reina\/\" class=\"lte-date\"><span class=\"dt\">22\/03\/2025<\/span><\/a><\/span>       \t\n        <a href=\"https:\/\/www.unigirona.cat\/es\/derrota-en-las-semifinales-de-la-copa-de-la-reina\/\" class=\"lte-header\"><h3>DERROTA EN LAS SEMIFINALES DE LA COPA DE LA REINA<\/h3><\/a>\n\t\t<div class=\"lte-excerpt\">El Spar Girona ha ca\u00eddo en las semifinales de la Copa de la Reina en un partido de altibajos. Despu\u00e9s de un claro dominio en la primera mitad (37 a 24), el Jairis ha dado la vuelta al marcador en el tercer cuarto (44 a 48), aunque las de Girona lograron recuperarse en el \u00faltimo [&hellip;] &hellip;<\/div><ul class=\"lte-post-info\"><li class=\"lte-icon-comments\"><span>0<\/span><\/li><\/ul>\t\n\t\t\t\t\t\n    <\/div>    \n<\/article><\/div><div class=\"items col-xl-4 col-lg-4 col-md-4 col-sm-4 col-ms-6 col-xs-12\"><article class=\"post-43378 post type-post status-publish format-standard has-post-thumbnail hentry category-lf-endesa\">\n\t<a href=\"https:\/\/www.unigirona.cat\/es\/remontada-epica-en-los-cuartos-de-final\/\" class=\"lte-photo\"><img loading=\"lazy\" decoding=\"async\" width=\"500\" height=\"300\" src=\"https:\/\/www.unigirona.cat\/wp-content\/uploads\/2025\/03\/WhatsApp-Image-2025-03-20-at-18.42.43-1-500x300.jpeg\" class=\"attachment-atleticos-blog size-atleticos-blog wp-post-image\" alt=\"\" \/><span class=\"lte-photo-overlay\"><\/span><\/a><span class=\"lte-cats\"><a href=\"https:\/\/www.unigirona.cat\/category\/lf-endesa\/\">LF Endesa<\/a><\/span> \t\n    <div class=\"lte-description\"> \n\t    <span class=\"lte-date-top\"><a href=\"https:\/\/www.unigirona.cat\/es\/remontada-epica-en-los-cuartos-de-final\/\" class=\"lte-date\"><span class=\"dt\">20\/03\/2025<\/span><\/a><\/span>       \t\n        <a href=\"https:\/\/www.unigirona.cat\/es\/remontada-epica-en-los-cuartos-de-final\/\" class=\"lte-header\"><h3>Remontada \u00e9pica en los cuartos de final<\/h3><\/a>\n\t\t<div class=\"lte-excerpt\">El Spar Girona ya est\u00e1 en las semifinales de la Copa de la Reina tras superar a un dur\u00edsimo Lointek Gernika en un partido de alta tensi\u00f3n y lleno de alternancias. Las gerundenses tuvieron que remar contra un rival s\u00f3lido y f\u00edsico que complic\u00f3 el encuentro hasta el \u00faltimo segundo. Con una gran reacci\u00f3n en [&hellip;] &hellip;<\/div><ul class=\"lte-post-info\"><li class=\"lte-icon-comments\"><span>0<\/span><\/li><\/ul>\t\n\t\t\t\t\t\n    <\/div>    \n<\/article><\/div><div class=\"items col-xl-4 col-lg-4 col-md-4 col-sm-4 col-ms-6 col-xs-12\"><article class=\"post-43357 post type-post status-publish format-standard has-post-thumbnail hentry category-lf-endesa\">\n\t<a href=\"https:\/\/www.unigirona.cat\/es\/lspar-girona-se-impone-con-autoridad-en-gran-canaria\/\" class=\"lte-photo\"><img loading=\"lazy\" decoding=\"async\" width=\"500\" height=\"300\" src=\"https:\/\/www.unigirona.cat\/wp-content\/uploads\/2025\/03\/WhatsApp-Image-2025-03-15-at-20.43.04-4-500x300.jpeg\" class=\"attachment-atleticos-blog size-atleticos-blog wp-post-image\" alt=\"\" \/><span class=\"lte-photo-overlay\"><\/span><\/a><span class=\"lte-cats\"><a href=\"https:\/\/www.unigirona.cat\/category\/lf-endesa\/\">LF Endesa<\/a><\/span> \t\n    <div class=\"lte-description\"> \n\t    <span class=\"lte-date-top\"><a href=\"https:\/\/www.unigirona.cat\/es\/lspar-girona-se-impone-con-autoridad-en-gran-canaria\/\" class=\"lte-date\"><span class=\"dt\">15\/03\/2025<\/span><\/a><\/span>       \t\n        <a href=\"https:\/\/www.unigirona.cat\/es\/lspar-girona-se-impone-con-autoridad-en-gran-canaria\/\" class=\"lte-header\"><h3>L&#8217;Spar Girona se impone con autoridad en Gran Canaria<\/h3><\/a>\n\t\t<div class=\"lte-excerpt\">Victoria de prestigio del Spar Girona en la pista del Gran Canaria. Aunque el conjunto insular ha comenzado dominando el primer cuarto, el Uni ha dado la vuelta al marcador en el segundo y ha sentenciado el partido en el tercero, gracias a una gran actuaci\u00f3n en ambos lados de la pista, imponi\u00e9ndose por 41 [&hellip;] &hellip;<\/div><ul class=\"lte-post-info\"><li class=\"lte-icon-comments\"><span>0<\/span><\/li><\/ul>\t\n\t\t\t\t\t\n    <\/div>    \n<\/article><\/div><div class=\"items col-xl-4 col-lg-4 col-md-4 col-sm-4 col-ms-6 col-xs-12\"><article class=\"post-43343 post type-post status-publish format-standard has-post-thumbnail hentry category-lf-endesa-es\">\n\t<a href=\"https:\/\/www.unigirona.cat\/es\/biopacer-firma-un-nuevo-acuerdo-de-patrocinio-con-el-spar-girona\/\" class=\"lte-photo\"><img loading=\"lazy\" decoding=\"async\" width=\"500\" height=\"300\" src=\"https:\/\/www.unigirona.cat\/wp-content\/uploads\/2025\/03\/BIOPACER-5-500x300.jpg\" class=\"attachment-atleticos-blog size-atleticos-blog wp-post-image\" alt=\"\" \/><span class=\"lte-photo-overlay\"><\/span><\/a><span class=\"lte-cats\"><a href=\"https:\/\/www.unigirona.cat\/es\/category\/lf-endesa-es\/\">LF Endesa<\/a><\/span> \t\n    <div class=\"lte-description\"> \n\t    <span class=\"lte-date-top\"><a href=\"https:\/\/www.unigirona.cat\/es\/biopacer-firma-un-nuevo-acuerdo-de-patrocinio-con-el-spar-girona\/\" class=\"lte-date\"><span class=\"dt\">13\/03\/2025<\/span><\/a><\/span>       \t\n        <a href=\"https:\/\/www.unigirona.cat\/es\/biopacer-firma-un-nuevo-acuerdo-de-patrocinio-con-el-spar-girona\/\" class=\"lte-header\"><h3>Biopacer firma un nuevo acuerdo de patrocinio con el Spar Girona<\/h3><\/a>\n\t\t<div class=\"lte-excerpt\">opacer ha llegado a un acuerdo de patrocinio con el Spar Girona, reafirmando su compromiso con la salud, la alimentaci\u00f3n ecol\u00f3gica y el deporte de \u00e9lite. El acuerdo se ha formalizado en el Pavell\u00f3n Municipal Girona-Fontajau en un acto que ha contado con la presencia de las jugadoras del Uni Girona y de los representantes [&hellip;] &hellip;<\/div><ul class=\"lte-post-info\"><li class=\"lte-icon-comments\"><span>0<\/span><\/li><\/ul>\t\n\t\t\t\t\t\n    <\/div>    \n<\/article><\/div><div class=\"items col-xl-4 col-lg-4 col-md-4 col-sm-4 col-ms-6 col-xs-12\"><article class=\"post-43341 post type-post status-publish format-standard has-post-thumbnail hentry category-ultima-hora-es\">\n\t<a href=\"https:\/\/www.unigirona.cat\/es\/el-spar-girona-subasta-las-camisetas-de-el-partit-de-totes\/\" class=\"lte-photo\"><img loading=\"lazy\" decoding=\"async\" width=\"500\" height=\"300\" src=\"https:\/\/www.unigirona.cat\/wp-content\/uploads\/2025\/03\/54376403074_817cb81cf8_o-500x300.jpg\" class=\"attachment-atleticos-blog size-atleticos-blog wp-post-image\" alt=\"\" \/><span class=\"lte-photo-overlay\"><\/span><\/a><span class=\"lte-cats\"><a href=\"https:\/\/www.unigirona.cat\/es\/category\/ultima-hora-es\/\">\u00daltima hora<\/a><\/span> \t\n    <div class=\"lte-description\"> \n\t    <span class=\"lte-date-top\"><a href=\"https:\/\/www.unigirona.cat\/es\/el-spar-girona-subasta-las-camisetas-de-el-partit-de-totes\/\" class=\"lte-date\"><span class=\"dt\">12\/03\/2025<\/span><\/a><\/span>       \t\n        <a href=\"https:\/\/www.unigirona.cat\/es\/el-spar-girona-subasta-las-camisetas-de-el-partit-de-totes\/\" class=\"lte-header\"><h3>El Spar Girona subasta las camisetas de \u00abEl Partit de Totes\u00bb<\/h3><\/a>\n\t\t<div class=\"lte-excerpt\">El Spar Girona subasta las camisetas de las jugadoras de \u00abEl Partido de Todas\u00bb, disputado el pasado domingo contra el Cad\u00ed La Seu en conmemoraci\u00f3n del D\u00eda Internacional de la Mujer. La subasta durar\u00e1 10 d\u00edas y finalizar\u00e1 el pr\u00f3ximo 22 de marzo. El precio inicial es de 60 \u20ac, y se realizar\u00e1 a trav\u00e9s [&hellip;] &hellip;<\/div><ul class=\"lte-post-info\"><li class=\"lte-icon-comments\"><span>0<\/span><\/li><\/ul>\t\n\t\t\t\t\t\n    <\/div>    \n<\/article><\/div><div class=\"items col-xl-4 col-lg-4 col-md-4 col-sm-4 col-ms-6 col-xs-12\"><article class=\"post-43309 post type-post status-publish format-standard has-post-thumbnail hentry category-lf-endesa\">\n\t<a href=\"https:\/\/www.unigirona.cat\/es\/el-spar-se-impone-en-el-partido-de-todas\/\" class=\"lte-photo\"><img loading=\"lazy\" decoding=\"async\" width=\"500\" height=\"300\" src=\"https:\/\/www.unigirona.cat\/wp-content\/uploads\/2025\/03\/WhatsApp-Image-2025-03-09-at-18.54.34-1-500x300.jpeg\" class=\"attachment-atleticos-blog size-atleticos-blog wp-post-image\" alt=\"\" \/><span class=\"lte-photo-overlay\"><\/span><\/a><span class=\"lte-cats\"><a href=\"https:\/\/www.unigirona.cat\/category\/lf-endesa\/\">LF Endesa<\/a><\/span> \t\n    <div class=\"lte-description\"> \n\t    <span class=\"lte-date-top\"><a href=\"https:\/\/www.unigirona.cat\/es\/el-spar-se-impone-en-el-partido-de-todas\/\" class=\"lte-date\"><span class=\"dt\">09\/03\/2025<\/span><\/a><\/span>       \t\n        <a href=\"https:\/\/www.unigirona.cat\/es\/el-spar-se-impone-en-el-partido-de-todas\/\" class=\"lte-header\"><h3>EL SPAR SE IMPONE EN EL PARTIDO DE TODAS<\/h3><\/a>\n\t\t<div class=\"lte-excerpt\">Gran jornada de baloncesto femenino en Fontajau. En la conmemoraci\u00f3n del D\u00eda Internacional de la Mujer, en la que el Uni ha homenajeado a mujeres fundamentales en la historia del club, las gerundenses han sumado un nuevo triunfo en la LF Endesa. El Cad\u00ed empez\u00f3 dominando, pero una gran segunda parte de las de Sargatal [&hellip;] &hellip;<\/div><ul class=\"lte-post-info\"><li class=\"lte-icon-comments\"><span>0<\/span><\/li><\/ul>\t\n\t\t\t\t\t\n    <\/div>    \n<\/article><\/div><div class=\"items col-xl-4 col-lg-4 col-md-4 col-sm-4 col-ms-6 col-xs-12\"><article class=\"post-43295 post type-post status-publish format-standard has-post-thumbnail hentry category-lf-endesa\">\n\t<a href=\"https:\/\/www.unigirona.cat\/es\/lspar-girona-suma-una-victoria-important-a-donostia-davant-lidk-euskotren\/\" class=\"lte-photo\"><img loading=\"lazy\" decoding=\"async\" width=\"500\" height=\"300\" src=\"https:\/\/www.unigirona.cat\/wp-content\/uploads\/2025\/03\/IMG_8440-500x300.jpg\" class=\"attachment-atleticos-blog size-atleticos-blog wp-post-image\" alt=\"\" \/><span class=\"lte-photo-overlay\"><\/span><\/a><span class=\"lte-cats\"><a href=\"https:\/\/www.unigirona.cat\/category\/lf-endesa\/\">LF Endesa<\/a><\/span> \t\n    <div class=\"lte-description\"> \n\t    <span class=\"lte-date-top\"><a href=\"https:\/\/www.unigirona.cat\/es\/lspar-girona-suma-una-victoria-important-a-donostia-davant-lidk-euskotren\/\" class=\"lte-date\"><span class=\"dt\">05\/03\/2025<\/span><\/a><\/span>       \t\n        <a href=\"https:\/\/www.unigirona.cat\/es\/lspar-girona-suma-una-victoria-important-a-donostia-davant-lidk-euskotren\/\" class=\"lte-header\"><h3>L&#8217;Spar Girona suma una vict\u00f2ria important a Donostia davant l&#8217;IDK Euskotren<\/h3><\/a>\n\t\t<div class=\"lte-excerpt\">L&#8217;Spar Girona consigue una importante victoria en Donostia en la jornada 24 de la LF Endesa, superando al IDK Euskotren por 66-72. A pesar del inicio intenso de las locales, las gironinas supieron reaccionar gracias a la excelente actuaci\u00f3n de Mack, que anot\u00f3 14 puntos, captur\u00f3 9 rebotes y sum\u00f3 una valoraci\u00f3n de 16. Acompa\u00f1adas [&hellip;] &hellip;<\/div><ul class=\"lte-post-info\"><li class=\"lte-icon-comments\"><span>0<\/span><\/li><\/ul>\t\n\t\t\t\t\t\n    <\/div>    \n<\/article><\/div><div class=\"items col-xl-4 col-lg-4 col-md-4 col-sm-4 col-ms-6 col-xs-12\"><article class=\"post-43282 post type-post status-publish format-standard has-post-thumbnail hentry category-lf-endesa\">\n\t<a href=\"https:\/\/www.unigirona.cat\/es\/caixabank-organiza-una-charla-con-laia-palau-y-ainhoa-lopez-en-el-marco-del-dia-de-la-mujer\/\" class=\"lte-photo\"><img loading=\"lazy\" decoding=\"async\" width=\"500\" height=\"300\" src=\"https:\/\/www.unigirona.cat\/wp-content\/uploads\/2025\/03\/GlIsl76WIAEMZEv-500x300.jpg\" class=\"attachment-atleticos-blog size-atleticos-blog wp-post-image\" alt=\"\" \/><span class=\"lte-photo-overlay\"><\/span><\/a><span class=\"lte-cats\"><a href=\"https:\/\/www.unigirona.cat\/category\/lf-endesa\/\">LF Endesa<\/a><\/span> \t\n    <div class=\"lte-description\"> \n\t    <span class=\"lte-date-top\"><a href=\"https:\/\/www.unigirona.cat\/es\/caixabank-organiza-una-charla-con-laia-palau-y-ainhoa-lopez-en-el-marco-del-dia-de-la-mujer\/\" class=\"lte-date\"><span class=\"dt\">04\/03\/2025<\/span><\/a><\/span>       \t\n        <a href=\"https:\/\/www.unigirona.cat\/es\/caixabank-organiza-una-charla-con-laia-palau-y-ainhoa-lopez-en-el-marco-del-dia-de-la-mujer\/\" class=\"lte-header\"><h3>CaixaBank organiza una charla con Laia Palau y Ainhoa L\u00f3pez en el marco del D\u00eda de la Mujer<\/h3><\/a>\n\t\t<div class=\"lte-excerpt\">En el marco de la celebraci\u00f3n del D\u00eda Internacional de la Mujer, el Auditorio CaixaBank de Girona ha sido el escenario de un encuentro muy especial entre las jugadoras del Uni Girona, Laia Palau y Ainhoa L\u00f3pez, y usuarias de entidades sociales como Oncolliga, el Grupo Iris de Figueres, as\u00ed como clientas y empleadas de [&hellip;] &hellip;<\/div><ul class=\"lte-post-info\"><li class=\"lte-icon-comments\"><span>0<\/span><\/li><\/ul>\t\n\t\t\t\t\t\n    <\/div>    \n<\/article><\/div><div class=\"items col-xl-4 col-lg-4 col-md-4 col-sm-4 col-ms-6 col-xs-12\"><article class=\"post-43265 post type-post status-publish format-standard has-post-thumbnail hentry category-lf-endesa\">\n\t<a href=\"https:\/\/www.unigirona.cat\/es\/exhibicion-del-spar-girona-para-llevarse-el-derbi\/\" class=\"lte-photo\"><img loading=\"lazy\" decoding=\"async\" width=\"500\" height=\"300\" src=\"https:\/\/www.unigirona.cat\/wp-content\/uploads\/2025\/03\/WhatsApp-Image-2025-03-02-at-18.39.52-500x300.jpeg\" class=\"attachment-atleticos-blog size-atleticos-blog wp-post-image\" alt=\"\" \/><span class=\"lte-photo-overlay\"><\/span><\/a><span class=\"lte-cats\"><a href=\"https:\/\/www.unigirona.cat\/category\/lf-endesa\/\">LF Endesa<\/a><\/span> \t\n    <div class=\"lte-description\"> \n\t    <span class=\"lte-date-top\"><a href=\"https:\/\/www.unigirona.cat\/es\/exhibicion-del-spar-girona-para-llevarse-el-derbi\/\" class=\"lte-date\"><span class=\"dt\">02\/03\/2025<\/span><\/a><\/span>       \t\n        <a href=\"https:\/\/www.unigirona.cat\/es\/exhibicion-del-spar-girona-para-llevarse-el-derbi\/\" class=\"lte-header\"><h3>Exhibici\u00f3n del Spar Girona para llevarse el derbi<\/h3><\/a>\n\t\t<div class=\"lte-excerpt\">El Spar Girona sum\u00f3 un nuevo triunfo con una exhibici\u00f3n ofensiva y defensiva contra el Club Joventut Badalona. El equipo, dirigido nuevamente por Sargatal, impuso su ritmo desde el primer minuto, mostrando solidez en ambos lados de la pista y desplegando un juego coral que desbord\u00f3 a la Penya. Con un gran acierto desde la [&hellip;] &hellip;<\/div><ul class=\"lte-post-info\"><li class=\"lte-icon-comments\"><span>0<\/span><\/li><\/ul>\t\n\t\t\t\t\t\n    <\/div>    \n<\/article><\/div><div class=\"items col-xl-4 col-lg-4 col-md-4 col-sm-4 col-ms-6 col-xs-12\"><article class=\"post-43241 post type-post status-publish format-standard has-post-thumbnail hentry category-eruocup-women\">\n\t<a href=\"https:\/\/www.unigirona.cat\/es\/el-uni-cae-en-lyon-y-se-despide-de-la-eurocup-women\/\" class=\"lte-photo\"><img loading=\"lazy\" decoding=\"async\" width=\"500\" height=\"300\" src=\"https:\/\/www.unigirona.cat\/wp-content\/uploads\/2025\/02\/hst8zjcheyjce72ebhod-500x300.webp\" class=\"attachment-atleticos-blog size-atleticos-blog wp-post-image\" alt=\"\" \/><span class=\"lte-photo-overlay\"><\/span><\/a><span class=\"lte-cats\"><a href=\"https:\/\/www.unigirona.cat\/category\/eruocup-women\/\">EuroCup Women<\/a><\/span> \t\n    <div class=\"lte-description\"> \n\t    <span class=\"lte-date-top\"><a href=\"https:\/\/www.unigirona.cat\/es\/el-uni-cae-en-lyon-y-se-despide-de-la-eurocup-women\/\" class=\"lte-date\"><span class=\"dt\">27\/02\/2025<\/span><\/a><\/span>       \t\n        <a href=\"https:\/\/www.unigirona.cat\/es\/el-uni-cae-en-lyon-y-se-despide-de-la-eurocup-women\/\" class=\"lte-header\"><h3>EL UNI CAE EN LYON Y SE DESPIDE DE LA EUROCUP WOMEN<\/h3><\/a>\n\t\t<div class=\"lte-excerpt\">De esos d\u00edas en los que nada sale bien. El Spar Girona cay\u00f3 de manera contundente en la vuelta de los cuartos de final de la EuroCup Women contra el ASVEL, con un marcador de 72-51. Las gerundenses no encontraron su ritmo en ataque y acumularon errores que las francesas aprovecharon para abrir distancia desde [&hellip;] &hellip;<\/div><ul class=\"lte-post-info\"><li class=\"lte-icon-comments\"><span>0<\/span><\/li><\/ul>\t\n\t\t\t\t\t\n    <\/div>    \n<\/article><\/div><div class=\"items col-xl-4 col-lg-4 col-md-4 col-sm-4 col-ms-6 col-xs-12\"><article class=\"post-43227 post type-post status-publish format-standard has-post-thumbnail hentry category-eruocup-women\">\n\t<a href=\"https:\/\/www.unigirona.cat\/es\/previa-ldlc-asvel-feminin-vs-spar-girona\/\" class=\"lte-photo\"><img loading=\"lazy\" decoding=\"async\" width=\"500\" height=\"300\" src=\"https:\/\/www.unigirona.cat\/wp-content\/uploads\/2025\/02\/portada-previa-asvel-tornada-500x300.jpg\" class=\"attachment-atleticos-blog size-atleticos-blog wp-post-image\" alt=\"\" \/><span class=\"lte-photo-overlay\"><\/span><\/a><span class=\"lte-cats\"><a href=\"https:\/\/www.unigirona.cat\/category\/eruocup-women\/\">EuroCup Women<\/a><\/span> \t\n    <div class=\"lte-description\"> \n\t    <span class=\"lte-date-top\"><a href=\"https:\/\/www.unigirona.cat\/es\/previa-ldlc-asvel-feminin-vs-spar-girona\/\" class=\"lte-date\"><span class=\"dt\">26\/02\/2025<\/span><\/a><\/span>       \t\n        <a href=\"https:\/\/www.unigirona.cat\/es\/previa-ldlc-asvel-feminin-vs-spar-girona\/\" class=\"lte-header\"><h3>PR\u00c8VIA: LDLC ASVEL FEMININ VS SPAR GIRONA<\/h3><\/a>\n\t\t<div class=\"lte-excerpt\">L\u2019Spar Girona afronta aquest dijous un duel clau a Li\u00f3 en la tornada dels quarts de final de l\u2019EuroCup (20:00 h). L\u2019equip de Roberto \u00cd\u00f1iguez viatja amb un avantatge de cinc punts (77-72), aconseguit la setmana passada a Fontajau, per\u00f2 l\u2019entrenador t\u00e9 clar que res est\u00e0 decidit: \u201cLa idea \u00e9s anar a guanyar el partit. [&hellip;] &hellip;<\/div><ul class=\"lte-post-info\"><li class=\"lte-icon-comments\"><span>0<\/span><\/li><\/ul>\t\n\t\t\t\t\t\n    <\/div>    \n<\/article><\/div><div class=\"items col-xl-4 col-lg-4 col-md-4 col-sm-4 col-ms-6 col-xs-12\"><article class=\"post-43203 post type-post status-publish format-standard has-post-thumbnail hentry category-lf-endesa\">\n\t<a href=\"https:\/\/www.unigirona.cat\/es\/el-spar-girona-se-impone-en-el-clasico-de-la-lf-endesa\/\" class=\"lte-photo\"><img loading=\"lazy\" decoding=\"async\" width=\"500\" height=\"300\" src=\"https:\/\/www.unigirona.cat\/wp-content\/uploads\/2025\/02\/WhatsApp-Image-2025-02-22-at-16.24.22-3-500x300.jpeg\" class=\"attachment-atleticos-blog size-atleticos-blog wp-post-image\" alt=\"\" \/><span class=\"lte-photo-overlay\"><\/span><\/a><span class=\"lte-cats\"><a href=\"https:\/\/www.unigirona.cat\/category\/lf-endesa\/\">LF Endesa<\/a><\/span> \t\n    <div class=\"lte-description\"> \n\t    <span class=\"lte-date-top\"><a href=\"https:\/\/www.unigirona.cat\/es\/el-spar-girona-se-impone-en-el-clasico-de-la-lf-endesa\/\" class=\"lte-date\"><span class=\"dt\">22\/02\/2025<\/span><\/a><\/span>       \t\n        <a href=\"https:\/\/www.unigirona.cat\/es\/el-spar-girona-se-impone-en-el-clasico-de-la-lf-endesa\/\" class=\"lte-header\"><h3>El Spar Girona se impone en el cl\u00e1sico de la LF Endesa<\/h3><\/a>\n\t\t<div class=\"lte-excerpt\">El duelo m\u00e1s esperado del baloncesto femenino espa\u00f1ol no ha decepcionado. El Spar Girona ha protagonizado una gran actuaci\u00f3n a domicilio y se ha llevado el cl\u00e1sico contra el Perfumer\u00edas Avenida (67-76) en un partido intenso y lleno de alternancias. Las gerundenses han mostrado solidez desde el inicio, dominando el ritmo del juego e imponiendo [&hellip;] &hellip;<\/div><ul class=\"lte-post-info\"><li class=\"lte-icon-comments\"><span>0<\/span><\/li><\/ul>\t\n\t\t\t\t\t\n    <\/div>    \n<\/article><\/div><div class=\"items col-xl-4 col-lg-4 col-md-4 col-sm-4 col-ms-6 col-xs-12\"><article class=\"post-43187 post type-post status-publish format-standard has-post-thumbnail hentry category-lf-endesa\">\n\t<a href=\"https:\/\/www.unigirona.cat\/es\/roberto-iniguez-sancionado-con-siete-partidos-el-spar-girona-analiza-la-situacion\/\" class=\"lte-photo\"><img loading=\"lazy\" decoding=\"async\" width=\"500\" height=\"300\" src=\"https:\/\/www.unigirona.cat\/wp-content\/uploads\/2025\/02\/Captura-de-pantalla-2025-02-21-125124-500x300.png\" class=\"attachment-atleticos-blog size-atleticos-blog wp-post-image\" alt=\"\" \/><span class=\"lte-photo-overlay\"><\/span><\/a><span class=\"lte-cats\"><a href=\"https:\/\/www.unigirona.cat\/category\/lf-endesa\/\">LF Endesa<\/a><\/span> \t\n    <div class=\"lte-description\"> \n\t    <span class=\"lte-date-top\"><a href=\"https:\/\/www.unigirona.cat\/es\/roberto-iniguez-sancionado-con-siete-partidos-el-spar-girona-analiza-la-situacion\/\" class=\"lte-date\"><span class=\"dt\">21\/02\/2025<\/span><\/a><\/span>       \t\n        <a href=\"https:\/\/www.unigirona.cat\/es\/roberto-iniguez-sancionado-con-siete-partidos-el-spar-girona-analiza-la-situacion\/\" class=\"lte-header\"><h3>Roberto \u00cd\u00f1iguez, sancionado con siete partidos: el Spar Girona analiza la situaci\u00f3n<\/h3><\/a>\n\t\t<div class=\"lte-excerpt\">El Comit\u00e9 de Competiciones ha impuesto una sanci\u00f3n de siete encuentros y una multa de 350 euros a Roberto \u00cd\u00f1iguez, entrenador del Spar Girona. Adem\u00e1s, el club ha sido sancionado con una multa de 500 euros por los problemas con el marcador en el partido del domingo contra el Valencia. Esta decisi\u00f3n supone un duro [&hellip;] &hellip;<\/div><ul class=\"lte-post-info\"><li class=\"lte-icon-comments\"><span>0<\/span><\/li><\/ul>\t\n\t\t\t\t\t\n    <\/div>    \n<\/article><\/div><div class=\"items col-xl-4 col-lg-4 col-md-4 col-sm-4 col-ms-6 col-xs-12\"><article class=\"post-43165 post type-post status-publish format-standard has-post-thumbnail hentry category-eruocup-women\">\n\t<a href=\"https:\/\/www.unigirona.cat\/es\/triunfo-del-spar-en-la-ida-de-los-cuartos-de-final-de-la-eurocup-women\/\" class=\"lte-photo\"><img loading=\"lazy\" decoding=\"async\" width=\"487\" height=\"300\" src=\"https:\/\/www.unigirona.cat\/wp-content\/uploads\/2025\/02\/Captura-de-pantalla-2025-02-19-215906-487x300.png\" class=\"attachment-atleticos-blog size-atleticos-blog wp-post-image\" alt=\"\" \/><span class=\"lte-photo-overlay\"><\/span><\/a><span class=\"lte-cats\"><a href=\"https:\/\/www.unigirona.cat\/category\/eruocup-women\/\">EuroCup Women<\/a><\/span> \t\n    <div class=\"lte-description\"> \n\t    <span class=\"lte-date-top\"><a href=\"https:\/\/www.unigirona.cat\/es\/triunfo-del-spar-en-la-ida-de-los-cuartos-de-final-de-la-eurocup-women\/\" class=\"lte-date\"><span class=\"dt\">19\/02\/2025<\/span><\/a><\/span>       \t\n        <a href=\"https:\/\/www.unigirona.cat\/es\/triunfo-del-spar-en-la-ida-de-los-cuartos-de-final-de-la-eurocup-women\/\" class=\"lte-header\"><h3>TRIUNFO DEL SPAR EN LA IDA DE LOS CUARTOS DE FINAL DE LA EUROCUP WOMEN<\/h3><\/a>\n\t\t<div class=\"lte-excerpt\">Victoria importante para el Spar Girona. El Spar Girona se impuso en el partido de ida de los cuartos de final de la EuroCup Women. A pesar de haber dominado la primera mitad (45-30), una segunda parte magistral de las francesas permiti\u00f3 al ASVEL darle la vuelta al marcador y ponerse por delante (70-72). Sin [&hellip;] &hellip;<\/div><ul class=\"lte-post-info\"><li class=\"lte-icon-comments\"><span>0<\/span><\/li><\/ul>\t\n\t\t\t\t\t\n    <\/div>    \n<\/article><\/div><div class=\"items col-xl-4 col-lg-4 col-md-4 col-sm-4 col-ms-6 col-xs-12\"><article class=\"post-43070 post type-post status-publish format-standard has-post-thumbnail hentry category-eruocup-women\">\n\t<a href=\"https:\/\/www.unigirona.cat\/es\/previa-spar-girona-vs-ldlc-asvel-feminin\/\" class=\"lte-photo\"><img loading=\"lazy\" decoding=\"async\" width=\"500\" height=\"300\" src=\"https:\/\/www.unigirona.cat\/wp-content\/uploads\/2025\/02\/previa-quarts-anada-500x300.jpg\" class=\"attachment-atleticos-blog size-atleticos-blog wp-post-image\" alt=\"\" \/><span class=\"lte-photo-overlay\"><\/span><\/a><span class=\"lte-cats\"><a href=\"https:\/\/www.unigirona.cat\/category\/eruocup-women\/\">EuroCup Women<\/a><\/span> \t\n    <div class=\"lte-description\"> \n\t    <span class=\"lte-date-top\"><a href=\"https:\/\/www.unigirona.cat\/es\/previa-spar-girona-vs-ldlc-asvel-feminin\/\" class=\"lte-date\"><span class=\"dt\">18\/02\/2025<\/span><\/a><\/span>       \t\n        <a href=\"https:\/\/www.unigirona.cat\/es\/previa-spar-girona-vs-ldlc-asvel-feminin\/\" class=\"lte-header\"><h3>PREVIA: SPAR GIRONA VS LDLC ASVEL F\u00e9minin<\/h3><\/a>\n\t\t<div class=\"lte-excerpt\">El Spar Girona sigue haciendo historia en Europa y afronta un nuevo reto may\u00fasculo en la EuroCup Women. Tras imponerse con autoridad al NKA Universitas Pecs en octavos de final (88-65), el equipo gerundense se prepara para enfrentarse a uno de los grandes favoritos al t\u00edtulo: el LDLC ASVEL F\u00e9minin. El primer asalto tendr\u00e1 lugar [&hellip;] &hellip;<\/div><ul class=\"lte-post-info\"><li class=\"lte-icon-comments\"><span>0<\/span><\/li><\/ul>\t\n\t\t\t\t\t\n    <\/div>    \n<\/article><\/div><div class=\"items col-xl-4 col-lg-4 col-md-4 col-sm-4 col-ms-6 col-xs-12\"><article class=\"post-43052 post type-post status-publish format-standard has-post-thumbnail hentry category-lf-endesa\">\n\t<a href=\"https:\/\/www.unigirona.cat\/es\/derrota-en-fontajau-contra-el-valencia\/\" class=\"lte-photo\"><img loading=\"lazy\" decoding=\"async\" width=\"500\" height=\"300\" src=\"https:\/\/www.unigirona.cat\/wp-content\/uploads\/2025\/02\/DSC0912-Mejorado-NR-500x300.jpg\" class=\"attachment-atleticos-blog size-atleticos-blog wp-post-image\" alt=\"\" \/><span class=\"lte-photo-overlay\"><\/span><\/a><span class=\"lte-cats\"><a href=\"https:\/\/www.unigirona.cat\/category\/lf-endesa\/\">LF Endesa<\/a><\/span> \t\n    <div class=\"lte-description\"> \n\t    <span class=\"lte-date-top\"><a href=\"https:\/\/www.unigirona.cat\/es\/derrota-en-fontajau-contra-el-valencia\/\" class=\"lte-date\"><span class=\"dt\">16\/02\/2025<\/span><\/a><\/span>       \t\n        <a href=\"https:\/\/www.unigirona.cat\/es\/derrota-en-fontajau-contra-el-valencia\/\" class=\"lte-header\"><h3>Derrota en Fontajau contra el Valencia<\/h3><\/a>\n\t\t<div class=\"lte-excerpt\">El Spar Girona no pudo superar al Valencia Basket en un partido marcado por la pol\u00e9mica. Sin Roberto \u00cd\u00f1iguez desde el segundo cuarto y con una gran diferencia al descanso (37-55), las gerundenses protagonizaron una gran segunda mitad, llegando a colocarse a solo tres puntos (67-70). A pesar del esfuerzo, los ataques finales y algunas [&hellip;] &hellip;<\/div><ul class=\"lte-post-info\"><li class=\"lte-icon-comments\"><span>0<\/span><\/li><\/ul>\t\n\t\t\t\t\t\n    <\/div>    \n<\/article><\/div><div class=\"items col-xl-4 col-lg-4 col-md-4 col-sm-4 col-ms-6 col-xs-12\"><article class=\"post-43030 post type-post status-publish format-standard has-post-thumbnail hentry category-lf-endesa\">\n\t<a href=\"https:\/\/www.unigirona.cat\/es\/el-uni-supera-al-ardoi-en-el-regreso-de-ainhoa\/\" class=\"lte-photo\"><img loading=\"lazy\" decoding=\"async\" width=\"500\" height=\"300\" src=\"https:\/\/www.unigirona.cat\/wp-content\/uploads\/2025\/02\/WhatsApp-Image-2025-02-13-at-20.19.20-500x300.jpeg\" class=\"attachment-atleticos-blog size-atleticos-blog wp-post-image\" alt=\"\" \/><span class=\"lte-photo-overlay\"><\/span><\/a><span class=\"lte-cats\"><a href=\"https:\/\/www.unigirona.cat\/category\/lf-endesa\/\">LF Endesa<\/a><\/span> \t\n    <div class=\"lte-description\"> \n\t    <span class=\"lte-date-top\"><a href=\"https:\/\/www.unigirona.cat\/es\/el-uni-supera-al-ardoi-en-el-regreso-de-ainhoa\/\" class=\"lte-date\"><span class=\"dt\">13\/02\/2025<\/span><\/a><\/span>       \t\n        <a href=\"https:\/\/www.unigirona.cat\/es\/el-uni-supera-al-ardoi-en-el-regreso-de-ainhoa\/\" class=\"lte-header\"><h3>EL UNI SUPERA AL ARDOI EN EL REGRESO DE AINHOA<\/h3><\/a>\n\t\t<div class=\"lte-excerpt\">El Uni Girona hizo los deberes y super\u00f3 en Fontajau al Os\u00e9s Construcci\u00f3n Ardoi. Las gerundenses dominaron gran parte del encuentro con la intimidaci\u00f3n de Mack y los puntos de Lundquist y Bibby, pero la gran nota positiva de la jornada fue el debut de Tate y Mack y, sobre todo, el regreso de Ainhoa [&hellip;] &hellip;<\/div><ul class=\"lte-post-info\"><li class=\"lte-icon-comments\"><span>0<\/span><\/li><\/ul>\t\n\t\t\t\t\t\n    <\/div>    \n<\/article><\/div><div class=\"items col-xl-4 col-lg-4 col-md-4 col-sm-4 col-ms-6 col-xs-12\"><article class=\"post-43008 post type-post status-publish format-standard has-post-thumbnail hentry category-lf-endesa-es\">\n\t<a href=\"https:\/\/www.unigirona.cat\/es\/previa-spar-girona-vs-ardoi\/\" class=\"lte-photo\"><img loading=\"lazy\" decoding=\"async\" width=\"500\" height=\"300\" src=\"https:\/\/www.unigirona.cat\/wp-content\/uploads\/2025\/02\/portada-j20-500x300.jpg\" class=\"attachment-atleticos-blog size-atleticos-blog wp-post-image\" alt=\"\" \/><span class=\"lte-photo-overlay\"><\/span><\/a><span class=\"lte-cats\"><a href=\"https:\/\/www.unigirona.cat\/es\/category\/lf-endesa-es\/\">LF Endesa<\/a><\/span> \t\n    <div class=\"lte-description\"> \n\t    <span class=\"lte-date-top\"><a href=\"https:\/\/www.unigirona.cat\/es\/previa-spar-girona-vs-ardoi\/\" class=\"lte-date\"><span class=\"dt\">13\/02\/2025<\/span><\/a><\/span>       \t\n        <a href=\"https:\/\/www.unigirona.cat\/es\/previa-spar-girona-vs-ardoi\/\" class=\"lte-header\"><h3>PREVIA: SPAR GIRONA VS ARDOI<\/h3><\/a>\n\t\t<div class=\"lte-excerpt\">El Spar Girona vuelve a Fontajau este jueves (20:00 h) para enfrentarse al Os\u00e9s Construcci\u00f3n Ardoi en un partido marcado por el debut de sus dos nuevas incorporaciones: Natasha Mack e Imani Tate. Con un calendario exigente de cinco partidos en 13 d\u00edas, el equipo de Roberto \u00cd\u00f1iguez busca iniciar esta racha con una victoria [&hellip;] &hellip;<\/div><ul class=\"lte-post-info\"><li class=\"lte-icon-comments\"><span>0<\/span><\/li><\/ul>\t\n\t\t\t\t\t\n    <\/div>    \n<\/article><\/div><div class=\"items col-xl-4 col-lg-4 col-md-4 col-sm-4 col-ms-6 col-xs-12\"><article class=\"post-42928 post type-post status-publish format-standard has-post-thumbnail hentry category-lf-endesa-es\">\n\t<a href=\"https:\/\/www.unigirona.cat\/es\/natasha-mack-ya-esta-en-girona\/\" class=\"lte-photo vertical\"><img loading=\"lazy\" decoding=\"async\" width=\"500\" height=\"300\" src=\"https:\/\/www.unigirona.cat\/wp-content\/uploads\/2025\/02\/mack-500x300.jpg\" class=\"attachment-atleticos-blog size-atleticos-blog wp-post-image\" alt=\"\" \/><span class=\"lte-photo-overlay\"><\/span><\/a><span class=\"lte-cats\"><a href=\"https:\/\/www.unigirona.cat\/es\/category\/lf-endesa-es\/\">LF Endesa<\/a><\/span> \t\n    <div class=\"lte-description\"> \n\t    <span class=\"lte-date-top\"><a href=\"https:\/\/www.unigirona.cat\/es\/natasha-mack-ya-esta-en-girona\/\" class=\"lte-date\"><span class=\"dt\">11\/02\/2025<\/span><\/a><\/span>       \t\n        <a href=\"https:\/\/www.unigirona.cat\/es\/natasha-mack-ya-esta-en-girona\/\" class=\"lte-header\"><h3>Natasha Mack ya est\u00e1 en Girona<\/h3><\/a>\n\t\t<div class=\"lte-excerpt\">La jugadora norteamericana Natasha Mack ya est\u00e1 en Girona. Despu\u00e9s de disputar los partidos internacionales con la selecci\u00f3n de Montenegro, Mack aterriz\u00f3 en la ciudad ayer, lunes 10 de febrero. Se prev\u00e9 que este martes por la tarde realice su primer entrenamiento con el equipo. La pivot llega despu\u00e9s de recuperarse de la lesi\u00f3n que [&hellip;] &hellip;<\/div><ul class=\"lte-post-info\"><li class=\"lte-icon-comments\"><span>0<\/span><\/li><\/ul>\t\n\t\t\t\t\t\n    <\/div>    \n<\/article><\/div><div class=\"items col-xl-4 col-lg-4 col-md-4 col-sm-4 col-ms-6 col-xs-12\"><article class=\"post-42914 post type-post status-publish format-standard has-post-thumbnail hentry category-lf-endesa\">\n\t<a href=\"https:\/\/www.unigirona.cat\/es\/imani-tate-jugara-en-el-spar-girona\/\" class=\"lte-photo vertical\"><img loading=\"lazy\" decoding=\"async\" width=\"500\" height=\"300\" src=\"https:\/\/www.unigirona.cat\/wp-content\/uploads\/2025\/02\/tate-500x300.png\" class=\"attachment-atleticos-blog size-atleticos-blog wp-post-image\" alt=\"\" \/><span class=\"lte-photo-overlay\"><\/span><\/a><span class=\"lte-cats\"><a href=\"https:\/\/www.unigirona.cat\/category\/lf-endesa\/\">LF Endesa<\/a><\/span> \t\n    <div class=\"lte-description\"> \n\t    <span class=\"lte-date-top\"><a href=\"https:\/\/www.unigirona.cat\/es\/imani-tate-jugara-en-el-spar-girona\/\" class=\"lte-date\"><span class=\"dt\">10\/02\/2025<\/span><\/a><\/span>       \t\n        <a href=\"https:\/\/www.unigirona.cat\/es\/imani-tate-jugara-en-el-spar-girona\/\" class=\"lte-header\"><h3>IMANI TATE JUGAR\u00c1 EN EL SPAR GIRONA<\/h3><\/a>\n\t\t<div class=\"lte-excerpt\">El Uni Girona ha llegado a un acuerdo con Imani Tate para la incorporaci\u00f3n de la escolta estadounidense hasta final de temporada. Pere Puig, director deportivo, ha valorado la nueva incorporaci\u00f3n: \u00abLa opci\u00f3n que hemos elegido para reemplazar a Maya Caldwell es Imani Tate. En un mercado muy complicado, con muchos clubes buscando jugadoras, esta [&hellip;] &hellip;<\/div><ul class=\"lte-post-info\"><li class=\"lte-icon-comments\"><span>0<\/span><\/li><\/ul>\t\n\t\t\t\t\t\n    <\/div>    \n<\/article><\/div><div class=\"items col-xl-4 col-lg-4 col-md-4 col-sm-4 col-ms-6 col-xs-12\"><article class=\"post-42910 post type-post status-publish format-standard has-post-thumbnail hentry category-lf-endesa-es\">\n\t<a href=\"https:\/\/www.unigirona.cat\/es\/maya-caldwell-deja-de-formar-parte-del-uni-girona\/\" class=\"lte-photo vertical\"><img loading=\"lazy\" decoding=\"async\" width=\"500\" height=\"300\" src=\"https:\/\/www.unigirona.cat\/wp-content\/uploads\/2025\/02\/54222604156_71410884c5_o-500x300.jpg\" class=\"attachment-atleticos-blog size-atleticos-blog wp-post-image\" alt=\"\" \/><span class=\"lte-photo-overlay\"><\/span><\/a><span class=\"lte-cats\"><a href=\"https:\/\/www.unigirona.cat\/es\/category\/lf-endesa-es\/\">LF Endesa<\/a><\/span> \t\n    <div class=\"lte-description\"> \n\t    <span class=\"lte-date-top\"><a href=\"https:\/\/www.unigirona.cat\/es\/maya-caldwell-deja-de-formar-parte-del-uni-girona\/\" class=\"lte-date\"><span class=\"dt\">10\/02\/2025<\/span><\/a><\/span>       \t\n        <a href=\"https:\/\/www.unigirona.cat\/es\/maya-caldwell-deja-de-formar-parte-del-uni-girona\/\" class=\"lte-header\"><h3>MAYA CALDWELL DEJA DE FORMAR PARTE DEL UNI GIRONA<\/h3><\/a>\n\t\t<div class=\"lte-excerpt\">El Spar Girona y la jugadora Maya Caldwell han llegado a un acuerdo para rescindir el contrato que los un\u00eda. Pere Puig, director deportivo del club, ha valorado su salida: \u00abEl viernes de la semana pasada, el Spar Girona y Maya Caldwell llegaron a un acuerdo para rescindir el contrato que nos un\u00eda. Primero de [&hellip;] &hellip;<\/div><ul class=\"lte-post-info\"><li class=\"lte-icon-comments\"><span>0<\/span><\/li><\/ul>\t\n\t\t\t\t\t\n    <\/div>    \n<\/article><\/div><div class=\"items col-xl-4 col-lg-4 col-md-4 col-sm-4 col-ms-6 col-xs-12\"><article class=\"post-42688 post type-post status-publish format-standard has-post-thumbnail hentry category-lf-endesa-es\">\n\t<a href=\"https:\/\/www.unigirona.cat\/es\/entrevista-a-klara-lundquist\/\" class=\"lte-photo\"><img loading=\"lazy\" decoding=\"async\" width=\"500\" height=\"300\" src=\"https:\/\/www.unigirona.cat\/wp-content\/uploads\/2025\/01\/54290162035_367c4f0f1d_o-500x300.jpg\" class=\"attachment-atleticos-blog size-atleticos-blog wp-post-image\" alt=\"\" \/><span class=\"lte-photo-overlay\"><\/span><\/a><span class=\"lte-cats\"><a href=\"https:\/\/www.unigirona.cat\/es\/category\/lf-endesa-es\/\">LF Endesa<\/a><\/span> \t\n    <div class=\"lte-description\"> \n\t    <span class=\"lte-date-top\"><a href=\"https:\/\/www.unigirona.cat\/es\/entrevista-a-klara-lundquist\/\" class=\"lte-date\"><span class=\"dt\">04\/02\/2025<\/span><\/a><\/span>       \t\n        <a href=\"https:\/\/www.unigirona.cat\/es\/entrevista-a-klara-lundquist\/\" class=\"lte-header\"><h3>Entrevista a Klara Lundquist<\/h3><\/a>\n\t\t<div class=\"lte-excerpt\">Com et sents aqu\u00ed a Girona i amb el club?Em sento molt b\u00e9 a Girona. El b\u00e0squet \u00e9s fant\u00e0stic, igual que la ciutat. Tinc aqu\u00ed el meu prom\u00e8s i el nostre gos, i ens encanta que hi hagi tantes coses per fer i descobrir. Com et vas sentir en arribar al Spar Girona aquesta temporada? [&hellip;] &hellip;<\/div><ul class=\"lte-post-info\"><li class=\"lte-icon-comments\"><span>0<\/span><\/li><\/ul>\t\n\t\t\t\t\t\n    <\/div>    \n<\/article><\/div><div class=\"items col-xl-4 col-lg-4 col-md-4 col-sm-4 col-ms-6 col-xs-12\"><article class=\"post-42876 post type-post status-publish format-standard has-post-thumbnail hentry category-lf-endesa-es\">\n\t<a href=\"https:\/\/www.unigirona.cat\/es\/el-spar-cumple-con-los-deberes-en-madrid-antes-del-paron-fiba\/\" class=\"lte-photo\"><img loading=\"lazy\" decoding=\"async\" width=\"500\" height=\"300\" src=\"https:\/\/www.unigirona.cat\/wp-content\/uploads\/2025\/01\/DSC08427-500x300.jpg\" class=\"attachment-atleticos-blog size-atleticos-blog wp-post-image\" alt=\"\" \/><span class=\"lte-photo-overlay\"><\/span><\/a><span class=\"lte-cats\"><a href=\"https:\/\/www.unigirona.cat\/es\/category\/lf-endesa-es\/\">LF Endesa<\/a><\/span> \t\n    <div class=\"lte-description\"> \n\t    <span class=\"lte-date-top\"><a href=\"https:\/\/www.unigirona.cat\/es\/el-spar-cumple-con-los-deberes-en-madrid-antes-del-paron-fiba\/\" class=\"lte-date\"><span class=\"dt\">31\/01\/2025<\/span><\/a><\/span>       \t\n        <a href=\"https:\/\/www.unigirona.cat\/es\/el-spar-cumple-con-los-deberes-en-madrid-antes-del-paron-fiba\/\" class=\"lte-header\"><h3>El SPAR cumple con los deberes en Madrid antes del par\u00f3n FIBA<\/h3><\/a>\n\t\t<div class=\"lte-excerpt\">Victoria impecable del Spar Girona en la pista del Movistar Estudiantes. Las gerundenses han acelerado desde el primer momento, dominando el enfrentamiento de principio a fin para acabar ganando por 67 a 87. Migna Tour\u00e9, con 22 puntos y clave para romper definitivamente el partido en el tercer cuarto, y Chloe Bibby, con 21 puntos, [&hellip;] &hellip;<\/div><ul class=\"lte-post-info\"><li class=\"lte-icon-comments\"><span>0<\/span><\/li><\/ul>\t\n\t\t\t\t\t\n    <\/div>    \n<\/article><\/div><div class=\"items col-xl-4 col-lg-4 col-md-4 col-sm-4 col-ms-6 col-xs-12\"><article class=\"post-42862 post type-post status-publish format-standard has-post-thumbnail hentry category-lf-endesa-es\">\n\t<a href=\"https:\/\/www.unigirona.cat\/es\/previa-movistar-estudiantes-vs-spar-girona\/\" class=\"lte-photo\"><img loading=\"lazy\" decoding=\"async\" width=\"500\" height=\"300\" src=\"https:\/\/www.unigirona.cat\/wp-content\/uploads\/2025\/01\/portada-youtube-j19-500x300.jpg\" class=\"attachment-atleticos-blog size-atleticos-blog wp-post-image\" alt=\"\" \/><span class=\"lte-photo-overlay\"><\/span><\/a><span class=\"lte-cats\"><a href=\"https:\/\/www.unigirona.cat\/es\/category\/lf-endesa-es\/\">LF Endesa<\/a><\/span> \t\n    <div class=\"lte-description\"> \n\t    <span class=\"lte-date-top\"><a href=\"https:\/\/www.unigirona.cat\/es\/previa-movistar-estudiantes-vs-spar-girona\/\" class=\"lte-date\"><span class=\"dt\">30\/01\/2025<\/span><\/a><\/span>       \t\n        <a href=\"https:\/\/www.unigirona.cat\/es\/previa-movistar-estudiantes-vs-spar-girona\/\" class=\"lte-header\"><h3>PREVIA: MOVISTAR ESTUDIANTES VS SPAR GIRONA<\/h3><\/a>\n\t\t<div class=\"lte-excerpt\">El Spar Girona afronta este viernes (20 h) el \u00faltimo partido antes del par\u00f3n por la ventana FIBA con la visita a la pista del Movistar Estudiantes, el Antonio Magari\u00f1os de Madrid. El duelo corresponde a la jornada 19 de la LF Endesa y supondr\u00e1 una prueba exigente para las gerundenses, que llegan tras una [&hellip;] &hellip;<\/div><ul class=\"lte-post-info\"><li class=\"lte-icon-comments\"><span>0<\/span><\/li><\/ul>\t\n\t\t\t\t\t\n    <\/div>    \n<\/article><\/div><div class=\"items col-xl-4 col-lg-4 col-md-4 col-sm-4 col-ms-6 col-xs-12\"><article class=\"post-42671 post type-post status-publish format-standard has-post-thumbnail hentry category-eurocup-women category-lf-endesa-es\">\n\t<a href=\"https:\/\/www.unigirona.cat\/es\/el-spar-girona-con-representacion-internacional-en-el-paron-fiba\/\" class=\"lte-photo\"><img loading=\"lazy\" decoding=\"async\" width=\"500\" height=\"300\" src=\"https:\/\/www.unigirona.cat\/wp-content\/uploads\/2025\/01\/54290160310_a4c03707f8_o-500x300.jpg\" class=\"attachment-atleticos-blog size-atleticos-blog wp-post-image\" alt=\"\" \/><span class=\"lte-photo-overlay\"><\/span><\/a><span class=\"lte-cats\"><a href=\"https:\/\/www.unigirona.cat\/es\/category\/eurocup-women\/\">EuroCup Women<\/a><\/span> \t\n    <div class=\"lte-description\"> \n\t    <span class=\"lte-date-top\"><a href=\"https:\/\/www.unigirona.cat\/es\/el-spar-girona-con-representacion-internacional-en-el-paron-fiba\/\" class=\"lte-date\"><span class=\"dt\">29\/01\/2025<\/span><\/a><\/span>       \t\n        <a href=\"https:\/\/www.unigirona.cat\/es\/el-spar-girona-con-representacion-internacional-en-el-paron-fiba\/\" class=\"lte-header\"><h3>El Spar Girona, con representaci\u00f3n internacional en el par\u00f3n FIBA<\/h3><\/a>\n\t\t<div class=\"lte-excerpt\">El Spar Girona estar\u00e1 representado en diferentes combinados nacionales durante el par\u00f3n FIBA. Hasta cinco jugadoras del equipo han sido convocadas para disputar compromisos internacionales con sus respectivas selecciones. Migna Tour\u00e9 ha sido llamada por la selecci\u00f3n francesa, donde aportar\u00e1 su experiencia y talento en los partidos clasificatorios. Por su parte, Klara Lundquist representar\u00e1 a [&hellip;] &hellip;<\/div><ul class=\"lte-post-info\"><li class=\"lte-icon-comments\"><span>0<\/span><\/li><\/ul>\t\n\t\t\t\t\t\n    <\/div>    \n<\/article><\/div><div class=\"items col-xl-4 col-lg-4 col-md-4 col-sm-4 col-ms-6 col-xs-12\"><article class=\"post-42675 post type-post status-publish format-standard has-post-thumbnail hentry category-lf-endesa-es\">\n\t<a href=\"https:\/\/www.unigirona.cat\/es\/metalicas-grabalosa-nuevo-patrocinador-del-uni-girona\/\" class=\"lte-photo\"><img loading=\"lazy\" decoding=\"async\" width=\"500\" height=\"300\" src=\"https:\/\/www.unigirona.cat\/wp-content\/uploads\/2025\/01\/IMG_7767-Mejorado-NR-500x300.jpg\" class=\"attachment-atleticos-blog size-atleticos-blog wp-post-image\" alt=\"\" \/><span class=\"lte-photo-overlay\"><\/span><\/a><span class=\"lte-cats\"><a href=\"https:\/\/www.unigirona.cat\/es\/category\/lf-endesa-es\/\">LF Endesa<\/a><\/span> \t\n    <div class=\"lte-description\"> \n\t    <span class=\"lte-date-top\"><a href=\"https:\/\/www.unigirona.cat\/es\/metalicas-grabalosa-nuevo-patrocinador-del-uni-girona\/\" class=\"lte-date\"><span class=\"dt\">29\/01\/2025<\/span><\/a><\/span>       \t\n        <a href=\"https:\/\/www.unigirona.cat\/es\/metalicas-grabalosa-nuevo-patrocinador-del-uni-girona\/\" class=\"lte-header\"><h3>Met\u00e1licas Grabalosa, nuevo patrocinador del Uni Girona<\/h3><\/a>\n\t\t<div class=\"lte-excerpt\">El Spar Girona ha llegado a un acuerdo de patrocinio con Grabalosa. El acuerdo se formaliz\u00f3 en las instalaciones del Pabell\u00f3n Municipal Girona-Fontajau con la presencia de las jugadoras, junto con Albert Grabalosa, director de Grabalosa. Albert Grabalosa expres\u00f3 su satisfacci\u00f3n por esta colaboraci\u00f3n: \u201cEstamos muy orgullosos de unirnos al proyecto del Uni Girona. Este [&hellip;] &hellip;<\/div><ul class=\"lte-post-info\"><li class=\"lte-icon-comments\"><span>0<\/span><\/li><\/ul>\t\n\t\t\t\t\t\n    <\/div>    \n<\/article><\/div><div class=\"items col-xl-4 col-lg-4 col-md-4 col-sm-4 col-ms-6 col-xs-12\"><article class=\"post-42628 post type-post status-publish format-standard has-post-thumbnail hentry category-lf-endesa-es\">\n\t<a href=\"https:\/\/www.unigirona.cat\/es\/el-spar-girona-recibe-la-visita-del-conseller-desports-berni-alvarez-merino\/\" class=\"lte-photo\"><img loading=\"lazy\" decoding=\"async\" width=\"500\" height=\"300\" src=\"https:\/\/www.unigirona.cat\/wp-content\/uploads\/2025\/01\/WhatsApp-Image-2025-01-28-at-15.19.54-500x300.jpeg\" class=\"attachment-atleticos-blog size-atleticos-blog wp-post-image\" alt=\"\" \/><span class=\"lte-photo-overlay\"><\/span><\/a><span class=\"lte-cats\"><a href=\"https:\/\/www.unigirona.cat\/es\/category\/lf-endesa-es\/\">LF Endesa<\/a><\/span> \t\n    <div class=\"lte-description\"> \n\t    <span class=\"lte-date-top\"><a href=\"https:\/\/www.unigirona.cat\/es\/el-spar-girona-recibe-la-visita-del-conseller-desports-berni-alvarez-merino\/\" class=\"lte-date\"><span class=\"dt\">28\/01\/2025<\/span><\/a><\/span>       \t\n        <a href=\"https:\/\/www.unigirona.cat\/es\/el-spar-girona-recibe-la-visita-del-conseller-desports-berni-alvarez-merino\/\" class=\"lte-header\"><h3>El Spar Girona recibe la visita del conseller d&#8217;Esports, Berni \u00c1lvarez Merino<\/h3><\/a>\n\t\t<div class=\"lte-excerpt\">La semana pasada, el Spar Girona recibi\u00f3 una visita destacada en Fontajau. Berni \u00c1lvarez Merino, conseller d&#8217;Esports de la Generalitat de Catalunya, lleg\u00f3 al pabell\u00f3n para reunirse con Cayetano P\u00e9rez, presidente del club. Este encuentro pone de manifiesto la relevancia del deporte femenino y el apoyo institucional al baloncesto femenino en la ciudad de Girona. [&hellip;] &hellip;<\/div><ul class=\"lte-post-info\"><li class=\"lte-icon-comments\"><span>0<\/span><\/li><\/ul>\t\n\t\t\t\t\t\n    <\/div>    \n<\/article><\/div><div class=\"items col-xl-4 col-lg-4 col-md-4 col-sm-4 col-ms-6 col-xs-12\"><article class=\"post-42592 post type-post status-publish format-standard has-post-thumbnail hentry category-lf-endesa\">\n\t<a href=\"https:\/\/www.unigirona.cat\/es\/el-partido-entre-el-spar-girona-y-el-valencia-basket-sera-jornada-economica\/\" class=\"lte-photo\"><img loading=\"lazy\" decoding=\"async\" width=\"500\" height=\"300\" src=\"https:\/\/www.unigirona.cat\/wp-content\/uploads\/2025\/01\/comunicat-oficial-500x300.png\" class=\"attachment-atleticos-blog size-atleticos-blog wp-post-image\" alt=\"\" \/><span class=\"lte-photo-overlay\"><\/span><\/a><span class=\"lte-cats\"><a href=\"https:\/\/www.unigirona.cat\/category\/lf-endesa\/\">LF Endesa<\/a><\/span> \t\n    <div class=\"lte-description\"> \n\t    <span class=\"lte-date-top\"><a href=\"https:\/\/www.unigirona.cat\/es\/el-partido-entre-el-spar-girona-y-el-valencia-basket-sera-jornada-economica\/\" class=\"lte-date\"><span class=\"dt\">28\/01\/2025<\/span><\/a><\/span>       \t\n        <a href=\"https:\/\/www.unigirona.cat\/es\/el-partido-entre-el-spar-girona-y-el-valencia-basket-sera-jornada-economica\/\" class=\"lte-header\"><h3>El partido entre el Spar Girona y el Valencia Basket ser\u00e1 jornada econ\u00f3mica<\/h3><\/a>\n\t\t<div class=\"lte-excerpt\">El partido que el Spar Girona disputar\u00e1 el domingo 16 de febrero a las 12 h contra el Valencia Basket, correspondiente a la jornada 21 de la LF Endesa, ser\u00e1 jornada econ\u00f3mica del Club. \u00abComo ya anunciamos en verano durante la presentaci\u00f3n de la campa\u00f1a de abonados, nos vemos obligados a declarar esta jornada econ\u00f3mica [&hellip;] &hellip;<\/div><ul class=\"lte-post-info\"><li class=\"lte-icon-comments\"><span>0<\/span><\/li><\/ul>\t\n\t\t\t\t\t\n    <\/div>    \n<\/article><\/div><div class=\"items col-xl-4 col-lg-4 col-md-4 col-sm-4 col-ms-6 col-xs-12\"><article class=\"post-42566 post type-post status-publish format-standard has-post-thumbnail hentry category-lf-endesa\">\n\t<a href=\"https:\/\/www.unigirona.cat\/es\/ultimo-triunfo-en-fontajau-antes-del-paron-fiba\/\" class=\"lte-photo\"><img loading=\"lazy\" decoding=\"async\" width=\"500\" height=\"300\" src=\"https:\/\/www.unigirona.cat\/wp-content\/uploads\/2025\/01\/WhatsApp-Image-2025-01-26-at-18.15.56-2-500x300.jpeg\" class=\"attachment-atleticos-blog size-atleticos-blog wp-post-image\" alt=\"\" \/><span class=\"lte-photo-overlay\"><\/span><\/a><span class=\"lte-cats\"><a href=\"https:\/\/www.unigirona.cat\/category\/lf-endesa\/\">LF Endesa<\/a><\/span> \t\n    <div class=\"lte-description\"> \n\t    <span class=\"lte-date-top\"><a href=\"https:\/\/www.unigirona.cat\/es\/ultimo-triunfo-en-fontajau-antes-del-paron-fiba\/\" class=\"lte-date\"><span class=\"dt\">26\/01\/2025<\/span><\/a><\/span>       \t\n        <a href=\"https:\/\/www.unigirona.cat\/es\/ultimo-triunfo-en-fontajau-antes-del-paron-fiba\/\" class=\"lte-header\"><h3>\u00daltimo triunfo en Fontajau antes del par\u00f3n FIBA<\/h3><\/a>\n\t\t<div class=\"lte-excerpt\">El Spar Girona ha sumado una nueva victoria en Fontajau tras superar al Lointek Gernika por 73-62. Al final del tercer cuarto, el triunfo de las gerundenses parec\u00eda bien encarrilado, pero las imprecisiones en los minutos finales y el dominio del rebote ofensivo por parte del Gernika dieron vida a las visitantes, que en un [&hellip;] &hellip;<\/div><ul class=\"lte-post-info\"><li class=\"lte-icon-comments\"><span>0<\/span><\/li><\/ul>\t\n\t\t\t\t\t\n    <\/div>    \n<\/article><\/div><div class=\"items col-xl-4 col-lg-4 col-md-4 col-sm-4 col-ms-6 col-xs-12\"><article class=\"post-42527 post type-post status-publish format-standard has-post-thumbnail hentry category-lf-endesa-es tag-lf-endesa-es tag-spar-girona-es\">\n\t<a href=\"https:\/\/www.unigirona.cat\/es\/canella-y-ygueravide-convocadas-con-la-seleccion-femenina-3x3\/\" class=\"lte-photo\"><img loading=\"lazy\" decoding=\"async\" width=\"500\" height=\"300\" src=\"https:\/\/www.unigirona.cat\/wp-content\/uploads\/2025\/01\/GiDnk3gX0AAvRG3-500x300.jpg\" class=\"attachment-atleticos-blog size-atleticos-blog wp-post-image\" alt=\"\" \/><span class=\"lte-photo-overlay\"><\/span><\/a><span class=\"lte-cats\"><a href=\"https:\/\/www.unigirona.cat\/es\/category\/lf-endesa-es\/\">LF Endesa<\/a><\/span> \t\n    <div class=\"lte-description\"> \n\t    <span class=\"lte-date-top\"><a href=\"https:\/\/www.unigirona.cat\/es\/canella-y-ygueravide-convocadas-con-la-seleccion-femenina-3x3\/\" class=\"lte-date\"><span class=\"dt\">24\/01\/2025<\/span><\/a><\/span>       \t\n        <a href=\"https:\/\/www.unigirona.cat\/es\/canella-y-ygueravide-convocadas-con-la-seleccion-femenina-3x3\/\" class=\"lte-header\"><h3>Canella y Ygueravide, convocadas con la Selecci\u00f3n Femenina 3&#215;3<\/h3><\/a>\n\t\t<div class=\"lte-excerpt\">El Spar Girona vuelve a tener representaci\u00f3n en la Selecci\u00f3n Espa\u00f1ola 3&#215;3. Marta Canella y Sandra Ygueravide han sido convocadas para la concentraci\u00f3n que tendr\u00e1 lugar en Guadalajara del 4 al 8 de febrero, coincidiendo con la pausa de la LF Endesa por la \u00faltima ventana de clasificaci\u00f3n para el EuroBasket 2025. Las dos jugadoras [&hellip;] &hellip;<\/div><ul class=\"lte-post-info\"><li class=\"lte-icon-comments\"><span>0<\/span><\/li><\/ul>\t\n\t\t\t\t\t\n    <\/div>    \n<\/article><\/div><div class=\"items col-xl-4 col-lg-4 col-md-4 col-sm-4 col-ms-6 col-xs-12\"><article class=\"post-42413 post type-post status-publish format-standard has-post-thumbnail hentry category-eurocup-women\">\n\t<a href=\"https:\/\/www.unigirona.cat\/es\/el-papel-crucial-de-la-aficion-del-spar-girona\/\" class=\"lte-photo\"><img loading=\"lazy\" decoding=\"async\" width=\"500\" height=\"300\" src=\"https:\/\/www.unigirona.cat\/wp-content\/uploads\/2025\/01\/WhatsApp-Image-2025-01-17-at-10.08.57-500x300.jpeg\" class=\"attachment-atleticos-blog size-atleticos-blog wp-post-image\" alt=\"\" \/><span class=\"lte-photo-overlay\"><\/span><\/a><span class=\"lte-cats\"><a href=\"https:\/\/www.unigirona.cat\/es\/category\/eurocup-women\/\">EuroCup Women<\/a><\/span> \t\n    <div class=\"lte-description\"> \n\t    <span class=\"lte-date-top\"><a href=\"https:\/\/www.unigirona.cat\/es\/el-papel-crucial-de-la-aficion-del-spar-girona\/\" class=\"lte-date\"><span class=\"dt\">22\/01\/2025<\/span><\/a><\/span>       \t\n        <a href=\"https:\/\/www.unigirona.cat\/es\/el-papel-crucial-de-la-aficion-del-spar-girona\/\" class=\"lte-header\"><h3>El papel crucial de la afici\u00f3n del Spar Girona<\/h3><\/a>\n\t\t<div class=\"lte-excerpt\">Si hay algo que hace \u00fanico al Spar Girona, m\u00e1s all\u00e1 del talento de sus jugadoras o de los logros alcanzados en la pista, es el apoyo incondicional de su afici\u00f3n. Esta conexi\u00f3n especial entre el equipo y el p\u00fablico convierte cada partido en Fontajau en una experiencia extraordinaria, donde la grada se transforma en [&hellip;] &hellip;<\/div><ul class=\"lte-post-info\"><li class=\"lte-icon-comments\"><span>0<\/span><\/li><\/ul>\t\n\t\t\t\t\t\n    <\/div>    \n<\/article><\/div><div class=\"items col-xl-4 col-lg-4 col-md-4 col-sm-4 col-ms-6 col-xs-12\"><article class=\"post-42400 post type-post status-publish format-standard has-post-thumbnail hentry category-lf-endesa-es\">\n\t<a href=\"https:\/\/www.unigirona.cat\/es\/best-western-premier-cmc-girona-se-convierte-en-nuevo-patrocinador-del-uni-girona\/\" class=\"lte-photo\"><img loading=\"lazy\" decoding=\"async\" width=\"500\" height=\"300\" src=\"https:\/\/www.unigirona.cat\/wp-content\/uploads\/2025\/01\/IMG_7096-Mejorado-NR-1-500x300.jpg\" class=\"attachment-atleticos-blog size-atleticos-blog wp-post-image\" alt=\"\" \/><span class=\"lte-photo-overlay\"><\/span><\/a><span class=\"lte-cats\"><a href=\"https:\/\/www.unigirona.cat\/es\/category\/lf-endesa-es\/\">LF Endesa<\/a><\/span> \t\n    <div class=\"lte-description\"> \n\t    <span class=\"lte-date-top\"><a href=\"https:\/\/www.unigirona.cat\/es\/best-western-premier-cmc-girona-se-convierte-en-nuevo-patrocinador-del-uni-girona\/\" class=\"lte-date\"><span class=\"dt\">22\/01\/2025<\/span><\/a><\/span>       \t\n        <a href=\"https:\/\/www.unigirona.cat\/es\/best-western-premier-cmc-girona-se-convierte-en-nuevo-patrocinador-del-uni-girona\/\" class=\"lte-header\"><h3>Best Western Premier CMC Girona se convierte en nuevo patrocinador del Uni Girona<\/h3><\/a>\n\t\t<div class=\"lte-excerpt\">El Uni Girona ha llegado a un acuerdo de patrocinio con Best Western Premier CMC Girona. El acuerdo se formaliz\u00f3 en las instalaciones del Pabell\u00f3n Municipal Girona-Fontajau con la presencia de las jugadoras y el equipo t\u00e9cnico del club, junto con Xavi Arimont, director de Best Western Premier CMC Girona, y Eduard Moret, socio fundador [&hellip;] &hellip;<\/div><ul class=\"lte-post-info\"><li class=\"lte-icon-comments\"><span>0<\/span><\/li><\/ul>\t\n\t\t\t\t\t\n    <\/div>    \n<\/article><\/div><div class=\"items col-xl-4 col-lg-4 col-md-4 col-sm-4 col-ms-6 col-xs-12\"><article class=\"post-42317 post type-post status-publish format-standard has-post-thumbnail hentry category-ultima-hora-es\">\n\t<a href=\"https:\/\/www.unigirona.cat\/es\/iniguez-hem-de-jugar-amb-mes-energia-durant-mes-minuts\/\" class=\"lte-photo\"><img loading=\"lazy\" decoding=\"async\" width=\"500\" height=\"300\" src=\"https:\/\/www.unigirona.cat\/wp-content\/uploads\/2025\/01\/WhatsApp-Image-2025-01-19-at-21.08.56-500x300.jpeg\" class=\"attachment-atleticos-blog size-atleticos-blog wp-post-image\" alt=\"\" \/><span class=\"lte-photo-overlay\"><\/span><\/a><span class=\"lte-cats\"><a href=\"https:\/\/www.unigirona.cat\/es\/category\/ultima-hora-es\/\">\u00daltima hora<\/a><\/span> \t\n    <div class=\"lte-description\"> \n\t    <span class=\"lte-date-top\"><a href=\"https:\/\/www.unigirona.cat\/es\/iniguez-hem-de-jugar-amb-mes-energia-durant-mes-minuts\/\" class=\"lte-date\"><span class=\"dt\">20\/01\/2025<\/span><\/a><\/span>       \t\n        <a href=\"https:\/\/www.unigirona.cat\/es\/iniguez-hem-de-jugar-amb-mes-energia-durant-mes-minuts\/\" class=\"lte-header\"><h3>Roberto \u00cd\u00f1iguez: \u00abTenemos que jugar con m\u00e1s energ\u00eda durante m\u00e1s minutos\u00bb<\/h3><\/a>\n\t\t<div class=\"lte-excerpt\">El t\u00e8cnic Roberto \u00cd\u00f1iguez va analitzar la derrota de l&#8217;Uni contra el Baxi Ferrol per un ajustat 72 a 70. En la seva valoraci\u00f3 als mitjans, \u00cd\u00f1iguez va destacar la manca d&#8217;energia en molts moments del partit i va assenyalar que l&#8217;equip no va estar al seu millor nivell, especialment en defensa. \u00abEns ha faltat [&hellip;] &hellip;<\/div><ul class=\"lte-post-info\"><li class=\"lte-icon-comments\"><span>0<\/span><\/li><\/ul>\t\n\t\t\t\t\t\n    <\/div>    \n<\/article><\/div><div class=\"items col-xl-4 col-lg-4 col-md-4 col-sm-4 col-ms-6 col-xs-12\"><article class=\"post-42315 post type-post status-publish format-standard has-post-thumbnail hentry category-lf-endesa-es\">\n\t<a href=\"https:\/\/www.unigirona.cat\/es\/el-spar-girona-cae-en-ferrol-en-un-final-ajustado\/\" class=\"lte-photo\"><img loading=\"lazy\" decoding=\"async\" width=\"500\" height=\"300\" src=\"https:\/\/www.unigirona.cat\/wp-content\/uploads\/2025\/01\/WhatsApp-Image-2025-01-19-at-12.57.24-1-500x300.jpeg\" class=\"attachment-atleticos-blog size-atleticos-blog wp-post-image\" alt=\"\" \/><span class=\"lte-photo-overlay\"><\/span><\/a><span class=\"lte-cats\"><a href=\"https:\/\/www.unigirona.cat\/es\/category\/lf-endesa-es\/\">LF Endesa<\/a><\/span> \t\n    <div class=\"lte-description\"> \n\t    <span class=\"lte-date-top\"><a href=\"https:\/\/www.unigirona.cat\/es\/el-spar-girona-cae-en-ferrol-en-un-final-ajustado\/\" class=\"lte-date\"><span class=\"dt\">19\/01\/2025<\/span><\/a><\/span>       \t\n        <a href=\"https:\/\/www.unigirona.cat\/es\/el-spar-girona-cae-en-ferrol-en-un-final-ajustado\/\" class=\"lte-header\"><h3>El Spar Girona cae en Ferrol en un final ajustado<\/h3><\/a>\n\t\t<div class=\"lte-excerpt\">Hoy no era el d\u00eda. El Spar Girona ha ca\u00eddo en Galicia en un partido en el que siempre ha ido a remolque. La superioridad del Baxi en la pintura, con una destacada actuaci\u00f3n de Melia, que anot\u00f3 21 puntos, y el desacierto del Uni en el tiro fueron claves en la derrota. A pesar [&hellip;] &hellip;<\/div><ul class=\"lte-post-info\"><li class=\"lte-icon-comments\"><span>0<\/span><\/li><\/ul>\t\n\t\t\t\t\t\n    <\/div>    \n<\/article><\/div><div class=\"items col-xl-4 col-lg-4 col-md-4 col-sm-4 col-ms-6 col-xs-12\"><article class=\"post-42302 post type-post status-publish format-standard has-post-thumbnail hentry category-eurocup-women category-lf-endesa-es\">\n\t<a href=\"https:\/\/www.unigirona.cat\/es\/comunicado-oficial-ivana-jakubcova\/\" class=\"lte-photo\"><img loading=\"lazy\" decoding=\"async\" width=\"500\" height=\"300\" src=\"https:\/\/www.unigirona.cat\/wp-content\/uploads\/2025\/01\/54270783459_147ca9d2d4_o-500x300.jpg\" class=\"attachment-atleticos-blog size-atleticos-blog wp-post-image\" alt=\"\" \/><span class=\"lte-photo-overlay\"><\/span><\/a><span class=\"lte-cats\"><a href=\"https:\/\/www.unigirona.cat\/es\/category\/eurocup-women\/\">EuroCup Women<\/a><\/span> \t\n    <div class=\"lte-description\"> \n\t    <span class=\"lte-date-top\"><a href=\"https:\/\/www.unigirona.cat\/es\/comunicado-oficial-ivana-jakubcova\/\" class=\"lte-date\"><span class=\"dt\">18\/01\/2025<\/span><\/a><\/span>       \t\n        <a href=\"https:\/\/www.unigirona.cat\/es\/comunicado-oficial-ivana-jakubcova\/\" class=\"lte-header\"><h3>COMUNICADO OFICIAL: IVANA JAKUBCOVA<\/h3><\/a>\n\t\t<div class=\"lte-excerpt\">Ivana Jakubcova ha comunicado al Uni Girona la rescisi\u00f3n unilateral del contrato que la vinculaba con nuestro club. La jugadora eslovaca ha hecho uso de una cl\u00e1usula contractual que le permit\u00eda finalizar su compromiso tras la disputa de la eliminatoria de la EuroCup Women. Pere Puig, director deportivo del Uni Girona, ha valorado la salida [&hellip;] &hellip;<\/div><ul class=\"lte-post-info\"><li class=\"lte-icon-comments\"><span>0<\/span><\/li><\/ul>\t\n\t\t\t\t\t\n    <\/div>    \n<\/article><\/div><div class=\"items col-xl-4 col-lg-4 col-md-4 col-sm-4 col-ms-6 col-xs-12\"><article class=\"post-42272 post type-post status-publish format-standard has-post-thumbnail hentry category-eurocup-women\">\n\t<a href=\"https:\/\/www.unigirona.cat\/es\/gesta-historica-del-uni-contra-el-pecs\/\" class=\"lte-photo\"><img loading=\"lazy\" decoding=\"async\" width=\"500\" height=\"300\" src=\"https:\/\/www.unigirona.cat\/wp-content\/uploads\/2025\/01\/WhatsApp-Image-2025-01-16-at-19.51.29-500x300.jpeg\" class=\"attachment-atleticos-blog size-atleticos-blog wp-post-image\" alt=\"\" \/><span class=\"lte-photo-overlay\"><\/span><\/a><span class=\"lte-cats\"><a href=\"https:\/\/www.unigirona.cat\/es\/category\/eurocup-women\/\">EuroCup Women<\/a><\/span> \t\n    <div class=\"lte-description\"> \n\t    <span class=\"lte-date-top\"><a href=\"https:\/\/www.unigirona.cat\/es\/gesta-historica-del-uni-contra-el-pecs\/\" class=\"lte-date\"><span class=\"dt\">16\/01\/2025<\/span><\/a><\/span>       \t\n        <a href=\"https:\/\/www.unigirona.cat\/es\/gesta-historica-del-uni-contra-el-pecs\/\" class=\"lte-header\"><h3>GESTA HIST\u00d3RICA DEL UNI CONTRA EL PECS<\/h3><\/a>\n\t\t<div class=\"lte-excerpt\">Triunfo hist\u00f3rico del Spar Girona en los octavos de final de la EuroCup Women. Hab\u00eda que lograr una haza\u00f1a casi imposible, pero Fontajau se visti\u00f3 de gala para vivir otra noche m\u00e1gica. Qu\u00e9 partido. Qu\u00e9 remontada. El Spar Girona sali\u00f3 decidido desde el primer momento a imponer su ritmo de juego. Solo el dominio del [&hellip;] &hellip;<\/div><ul class=\"lte-post-info\"><li class=\"lte-icon-comments\"><span>0<\/span><\/li><\/ul>\t\n\t\t\t\t\t\n    <\/div>    \n<\/article><\/div><div class=\"items col-xl-4 col-lg-4 col-md-4 col-sm-4 col-ms-6 col-xs-12\"><article class=\"post-42245 post type-post status-publish format-standard has-post-thumbnail hentry category-eurocup-women\">\n\t<a href=\"https:\/\/www.unigirona.cat\/es\/previa-spar-girona-vs-pecs\/\" class=\"lte-photo\"><img loading=\"lazy\" decoding=\"async\" width=\"500\" height=\"300\" src=\"https:\/\/www.unigirona.cat\/wp-content\/uploads\/2025\/01\/portada-tornada-ecw-500x300.jpg\" class=\"attachment-atleticos-blog size-atleticos-blog wp-post-image\" alt=\"\" \/><span class=\"lte-photo-overlay\"><\/span><\/a><span class=\"lte-cats\"><a href=\"https:\/\/www.unigirona.cat\/es\/category\/eurocup-women\/\">EuroCup Women<\/a><\/span> \t\n    <div class=\"lte-description\"> \n\t    <span class=\"lte-date-top\"><a href=\"https:\/\/www.unigirona.cat\/es\/previa-spar-girona-vs-pecs\/\" class=\"lte-date\"><span class=\"dt\">15\/01\/2025<\/span><\/a><\/span>       \t\n        <a href=\"https:\/\/www.unigirona.cat\/es\/previa-spar-girona-vs-pecs\/\" class=\"lte-header\"><h3>PR\u00c9VIA: SPAR GIRONA VS PECS<\/h3><\/a>\n\t\t<div class=\"lte-excerpt\">Este jueves a las 19:30 h (entradas disponibles), Fontajau ser\u00e1 testigo de uno de los retos m\u00e1s grandes de la temporada para el Uni Girona. Despu\u00e9s de caer en Hungr\u00eda por 85 a 73 en el partido de ida, las gironinas tendr\u00e1n que superar 12 puntos de desventaja contra un Pecs que ya mostr\u00f3 su [&hellip;] &hellip;<\/div><ul class=\"lte-post-info\"><li class=\"lte-icon-comments\"><span>0<\/span><\/li><\/ul>\t\n\t\t\t\t\t\n    <\/div>    \n<\/article><\/div><div class=\"items col-xl-4 col-lg-4 col-md-4 col-sm-4 col-ms-6 col-xs-12\"><article class=\"post-42225 post type-post status-publish format-standard has-post-thumbnail hentry category-lf-endesa-es category-sin-categorizar\">\n\t<a href=\"https:\/\/www.unigirona.cat\/es\/el-spar-girona-jugara-los-cuartos-de-final-de-la-copa-contra-el-lointek-gernika\/\" class=\"lte-photo\"><img loading=\"lazy\" decoding=\"async\" width=\"500\" height=\"300\" src=\"https:\/\/www.unigirona.cat\/wp-content\/uploads\/2025\/01\/GhQTHONXIAA6R7K-1-500x300.jpg\" class=\"attachment-atleticos-blog size-atleticos-blog wp-post-image\" alt=\"\" \/><span class=\"lte-photo-overlay\"><\/span><\/a><span class=\"lte-cats\"><a href=\"https:\/\/www.unigirona.cat\/es\/category\/lf-endesa-es\/\">LF Endesa<\/a><\/span> \t\n    <div class=\"lte-description\"> \n\t    <span class=\"lte-date-top\"><a href=\"https:\/\/www.unigirona.cat\/es\/el-spar-girona-jugara-los-cuartos-de-final-de-la-copa-contra-el-lointek-gernika\/\" class=\"lte-date\"><span class=\"dt\">14\/01\/2025<\/span><\/a><\/span>       \t\n        <a href=\"https:\/\/www.unigirona.cat\/es\/el-spar-girona-jugara-los-cuartos-de-final-de-la-copa-contra-el-lointek-gernika\/\" class=\"lte-header\"><h3>EL SPAR GIRONA JUGAR\u00c1 LOS CUARTOS DE FINAL DE LA COPA CONTRA EL LOINTEK GERNIKA<\/h3><\/a>\n\t\t<div class=\"lte-excerpt\">Este martes se ha celebrado el sorteo de la Copa de la Reina 2025 en el Sal\u00f3n de Recepciones del Ayuntamiento de Zaragoza, donde se han definido los emparejamientos. La competici\u00f3n, que tendr\u00e1 lugar entre el 20 y el 23 de marzo, contar\u00e1 con los ocho mejores equipos de la primera vuelta de la Liga [&hellip;] &hellip;<\/div><ul class=\"lte-post-info\"><li class=\"lte-icon-comments\"><span>0<\/span><\/li><\/ul>\t\n\t\t\t\t\t\n    <\/div>    \n<\/article><\/div><div class=\"items col-xl-4 col-lg-4 col-md-4 col-sm-4 col-ms-6 col-xs-12\"><article class=\"post-42191 post type-post status-publish format-standard has-post-thumbnail hentry category-cronica-es category-lf-endesa-es tag-lf-endesa-es tag-spar-girona-es\">\n\t<a href=\"https:\/\/www.unigirona.cat\/es\/la-uni-suma-el-primer-triunfo-del-2025\/\" class=\"lte-photo\"><img loading=\"lazy\" decoding=\"async\" width=\"500\" height=\"300\" src=\"https:\/\/www.unigirona.cat\/wp-content\/uploads\/2025\/01\/WhatsApp-Image-2025-01-12-at-12.47.30-1-500x300.jpeg\" class=\"attachment-atleticos-blog size-atleticos-blog wp-post-image\" alt=\"\" \/><span class=\"lte-photo-overlay\"><\/span><\/a><span class=\"lte-cats\"><a href=\"https:\/\/www.unigirona.cat\/es\/category\/cronica-es\/\">Cr\u00f3nica<\/a><\/span> \t\n    <div class=\"lte-description\"> \n\t    <span class=\"lte-date-top\"><a href=\"https:\/\/www.unigirona.cat\/es\/la-uni-suma-el-primer-triunfo-del-2025\/\" class=\"lte-date\"><span class=\"dt\">12\/01\/2025<\/span><\/a><\/span>       \t\n        <a href=\"https:\/\/www.unigirona.cat\/es\/la-uni-suma-el-primer-triunfo-del-2025\/\" class=\"lte-header\"><h3>EL UNI SUMA EL PRIMER TRIUNFO DEL 2025<\/h3><\/a>\n\t\t<div class=\"lte-excerpt\">Victoria trabajada del Spar Girona en Vigo para certificar la primera del a\u00f1o. Tras un inicio complicado, donde la defensa del Celta ha pasado por encima, un segundo cuarto espectacular de Hristova ha dado la vuelta a la din\u00e1mica del enfrentamiento (28-32 al descanso). La buena racha del Uni se mantuvo en la segunda parte, [&hellip;] &hellip;<\/div><ul class=\"lte-post-info\"><li class=\"lte-icon-comments\"><span>0<\/span><\/li><\/ul>\t\n\t\t\t\t\t\n    <\/div>    \n<\/article><\/div><div class=\"items col-xl-4 col-lg-4 col-md-4 col-sm-4 col-ms-6 col-xs-12\"><article class=\"post-42008 post type-post status-publish format-standard has-post-thumbnail hentry category-eruocup-women\">\n\t<a href=\"https:\/\/www.unigirona.cat\/es\/iniguez-hem-de-contestar-a-fontajau\/\" class=\"lte-photo\"><img loading=\"lazy\" decoding=\"async\" width=\"500\" height=\"300\" src=\"https:\/\/www.unigirona.cat\/wp-content\/uploads\/2025\/01\/roberto-500x300.webp\" class=\"attachment-atleticos-blog size-atleticos-blog wp-post-image\" alt=\"\" \/><span class=\"lte-photo-overlay\"><\/span><\/a><span class=\"lte-cats\"><a href=\"https:\/\/www.unigirona.cat\/category\/eruocup-women\/\">EuroCup Women<\/a><\/span> \t\n    <div class=\"lte-description\"> \n\t    <span class=\"lte-date-top\"><a href=\"https:\/\/www.unigirona.cat\/es\/iniguez-hem-de-contestar-a-fontajau\/\" class=\"lte-date\"><span class=\"dt\">10\/01\/2025<\/span><\/a><\/span>       \t\n        <a href=\"https:\/\/www.unigirona.cat\/es\/iniguez-hem-de-contestar-a-fontajau\/\" class=\"lte-header\"><h3>\u00cd\u00d1IGUEZ: \u00abHEM DE CONTESTAR A FONTAJAU\u00bb<\/h3><\/a>\n\t\t<div class=\"lte-excerpt\">Despr\u00e9s de la derrota en el partit d&#8217;anada dels vuitens de final de l&#8217;EuroCup Women, Roberto \u00cd\u00f1iguez va analitzar l&#8217;enfrontament. \u00abHem comen\u00e7at molt malament, i no \u00e9s el primer cop. Hem fet un esfor\u00e7 molt gran per recuperar-nos, abusant de minuts de les jugadores. A partir d&#8217;aqu\u00ed, la t\u00f2nica ha estat molt igualada fins a [&hellip;] &hellip;<\/div><ul class=\"lte-post-info\"><li class=\"lte-icon-comments\"><span>0<\/span><\/li><\/ul>\t\n\t\t\t\t\t\n    <\/div>    \n<\/article><\/div><div class=\"items col-xl-4 col-lg-4 col-md-4 col-sm-4 col-ms-6 col-xs-12\"><article class=\"post-41994 post type-post status-publish format-standard has-post-thumbnail hentry category-eruocup-women\">\n\t<a href=\"https:\/\/www.unigirona.cat\/es\/luni-cau-a-hongria-i-haura-de-remuntar-a-fontajau\/\" class=\"lte-photo\"><img loading=\"lazy\" decoding=\"async\" width=\"500\" height=\"300\" src=\"https:\/\/www.unigirona.cat\/wp-content\/uploads\/2025\/01\/hristova-500x300.webp\" class=\"attachment-atleticos-blog size-atleticos-blog wp-post-image\" alt=\"\" \/><span class=\"lte-photo-overlay\"><\/span><\/a><span class=\"lte-cats\"><a href=\"https:\/\/www.unigirona.cat\/category\/eruocup-women\/\">EuroCup Women<\/a><\/span> \t\n    <div class=\"lte-description\"> \n\t    <span class=\"lte-date-top\"><a href=\"https:\/\/www.unigirona.cat\/es\/luni-cau-a-hongria-i-haura-de-remuntar-a-fontajau\/\" class=\"lte-date\"><span class=\"dt\">09\/01\/2025<\/span><\/a><\/span>       \t\n        <a href=\"https:\/\/www.unigirona.cat\/es\/luni-cau-a-hongria-i-haura-de-remuntar-a-fontajau\/\" class=\"lte-header\"><h3>L&#8217;UNI CAU A HONGRIA I HAUR\u00c0 DE REMUNTAR A FONTAJAU<\/h3><\/a>\n\t\t<div class=\"lte-excerpt\">L&#8217;Spar Girona no ha pogut sumar una vict\u00f2ria en la visita a Pecs, en un partit marcat per les irregularitats en el joc i els alts i baixos en el marcador. Les gironines han lluitat per mantenir-se dins del partit davant un rival intens i f\u00edsic, per\u00f2 un parcial clau en el tram final de [&hellip;] &hellip;<\/div><ul class=\"lte-post-info\"><li class=\"lte-icon-comments\"><span>0<\/span><\/li><\/ul>\t\n\t\t\t\t\t\n    <\/div>    \n<\/article><\/div><div class=\"items col-xl-4 col-lg-4 col-md-4 col-sm-4 col-ms-6 col-xs-12\"><article class=\"post-41845 post type-post status-publish format-standard has-post-thumbnail hentry category-eruocup-women\">\n\t<a href=\"https:\/\/www.unigirona.cat\/es\/previa-pecs-vs-spar-girona\/\" class=\"lte-photo\"><img loading=\"lazy\" decoding=\"async\" width=\"500\" height=\"300\" src=\"https:\/\/www.unigirona.cat\/wp-content\/uploads\/2025\/01\/Ggs9KpMWQAAGoFL-500x300.jpg\" class=\"attachment-atleticos-blog size-atleticos-blog wp-post-image\" alt=\"\" srcset=\"https:\/\/www.unigirona.cat\/wp-content\/uploads\/2025\/01\/Ggs9KpMWQAAGoFL-500x300.jpg 500w, https:\/\/www.unigirona.cat\/wp-content\/uploads\/2025\/01\/Ggs9KpMWQAAGoFL-1120x675.jpg 1120w\" sizes=\"(max-width: 500px) 100vw, 500px\" \/><span class=\"lte-photo-overlay\"><\/span><\/a><span class=\"lte-cats\"><a href=\"https:\/\/www.unigirona.cat\/category\/eruocup-women\/\">EuroCup Women<\/a><\/span> \t\n    <div class=\"lte-description\"> \n\t    <span class=\"lte-date-top\"><a href=\"https:\/\/www.unigirona.cat\/es\/previa-pecs-vs-spar-girona\/\" class=\"lte-date\"><span class=\"dt\">08\/01\/2025<\/span><\/a><\/span>       \t\n        <a href=\"https:\/\/www.unigirona.cat\/es\/previa-pecs-vs-spar-girona\/\" class=\"lte-header\"><h3>PR\u00c8VIA: PECS VS SPAR GIRONA<\/h3><\/a>\n\t\t<div class=\"lte-excerpt\">Despr\u00e9s d\u2019una derrota contra el Perfumer\u00edas Avenida a Fontajau, per\u00f2 amb la satisfacci\u00f3 d\u2019haver tancat la primera volta de la Lliga Femenina com a l\u00edders, l\u2019Spar Girona torna a la competici\u00f3 europea amb els vuitens de final de l\u2019Eurocup. El rival ser\u00e0 el P\u00e9cs hongar\u00e8s, un vell conegut de la fase de grups, on les [&hellip;] &hellip;<\/div><ul class=\"lte-post-info\"><li class=\"lte-icon-comments\"><span>0<\/span><\/li><\/ul>\t\n\t\t\t\t\t\n    <\/div>    \n<\/article><\/div><div class=\"items col-xl-4 col-lg-4 col-md-4 col-sm-4 col-ms-6 col-xs-12\"><article class=\"post-41753 post type-post status-publish format-standard has-post-thumbnail hentry category-lf-endesa\">\n\t<a href=\"https:\/\/www.unigirona.cat\/es\/el-sorteig-de-la-copa-de-la-reina-el-14-de-gener\/\" class=\"lte-photo\"><img loading=\"lazy\" decoding=\"async\" width=\"500\" height=\"300\" src=\"https:\/\/www.unigirona.cat\/wp-content\/uploads\/2025\/01\/WhatsApp-Image-2025-01-07-at-16.41.19-1-500x300.jpeg\" class=\"attachment-atleticos-blog size-atleticos-blog wp-post-image\" alt=\"\" \/><span class=\"lte-photo-overlay\"><\/span><\/a><span class=\"lte-cats\"><a href=\"https:\/\/www.unigirona.cat\/category\/lf-endesa\/\">LF Endesa<\/a><\/span> \t\n    <div class=\"lte-description\"> \n\t    <span class=\"lte-date-top\"><a href=\"https:\/\/www.unigirona.cat\/es\/el-sorteig-de-la-copa-de-la-reina-el-14-de-gener\/\" class=\"lte-date\"><span class=\"dt\">07\/01\/2025<\/span><\/a><\/span>       \t\n        <a href=\"https:\/\/www.unigirona.cat\/es\/el-sorteig-de-la-copa-de-la-reina-el-14-de-gener\/\" class=\"lte-header\"><h3>El sorteig de la Copa de la Reina, el 14 de gener<\/h3><\/a>\n\t\t<div class=\"lte-excerpt\">L\u2019Spar Girona coneixer\u00e0 el seu rival als quarts de final de la Copa de la Reina 2025 el dimarts 14 de gener, durant el sorteig que tindr\u00e0 lloc a les 13:15 h a l\u2019Ajuntament de Saragossa. L\u2019equip, cap de s\u00e8rie com a campi\u00f3 d\u2019hivern, disputar\u00e0 el seu partit inaugural el dijous 20 de mar\u00e7, comptant [&hellip;] &hellip;<\/div><ul class=\"lte-post-info\"><li class=\"lte-icon-comments\"><span>0<\/span><\/li><\/ul>\t\n\t\t\t\t\t\n    <\/div>    \n<\/article><\/div><div class=\"items col-xl-4 col-lg-4 col-md-4 col-sm-4 col-ms-6 col-xs-12\"><article class=\"post-41747 post type-post status-publish format-standard has-post-thumbnail hentry category-lf-endesa\">\n\t<a href=\"https:\/\/www.unigirona.cat\/es\/lspar-girona-sera-cap-de-serie-a-la-copa-de-la-reina-2025\/\" class=\"lte-photo\"><img loading=\"lazy\" decoding=\"async\" width=\"500\" height=\"300\" src=\"https:\/\/www.unigirona.cat\/wp-content\/uploads\/2025\/01\/WhatsApp-Image-2025-01-04-at-19.08.40-500x300.jpeg\" class=\"attachment-atleticos-blog size-atleticos-blog wp-post-image\" alt=\"\" \/><span class=\"lte-photo-overlay\"><\/span><\/a><span class=\"lte-cats\"><a href=\"https:\/\/www.unigirona.cat\/category\/lf-endesa\/\">LF Endesa<\/a><\/span> \t\n    <div class=\"lte-description\"> \n\t    <span class=\"lte-date-top\"><a href=\"https:\/\/www.unigirona.cat\/es\/lspar-girona-sera-cap-de-serie-a-la-copa-de-la-reina-2025\/\" class=\"lte-date\"><span class=\"dt\">07\/01\/2025<\/span><\/a><\/span>       \t\n        <a href=\"https:\/\/www.unigirona.cat\/es\/lspar-girona-sera-cap-de-serie-a-la-copa-de-la-reina-2025\/\" class=\"lte-header\"><h3>L\u2019Spar Girona ser\u00e0 cap de s\u00e8rie a la Copa de la Reina 2025<\/h3><\/a>\n\t\t<div class=\"lte-excerpt\">L\u2019Spar Girona ha finalitzat la primera volta de la Lliga Femenina Endesa proclamant-se campi\u00f3 d\u2019hivern, un resultat que li assegura una pla\u00e7a com a cap de s\u00e8rie a la Copa de la Reina 2025. La competici\u00f3 es disputar\u00e0 al Pavell\u00f3 Pr\u00edncipe Felipe de Saragossa del 20 al 23 de mar\u00e7, un escenari conegut per haver [&hellip;] &hellip;<\/div><ul class=\"lte-post-info\"><li class=\"lte-icon-comments\"><span>0<\/span><\/li><\/ul>\t\n\t\t\t\t\t\n    <\/div>    \n<\/article><\/div><div class=\"items col-xl-4 col-lg-4 col-md-4 col-sm-4 col-ms-6 col-xs-12\"><article class=\"post-41648 post type-post status-publish format-standard has-post-thumbnail hentry category-cronica category-lf-endesa\">\n\t<a href=\"https:\/\/www.unigirona.cat\/es\/lavenida-guanya-el-classic-de-la-lf-endesa\/\" class=\"lte-photo\"><img loading=\"lazy\" decoding=\"async\" width=\"500\" height=\"300\" src=\"https:\/\/www.unigirona.cat\/wp-content\/uploads\/2025\/01\/WhatsApp-Image-2025-01-04-at-19.16.47-500x300.jpeg\" class=\"attachment-atleticos-blog size-atleticos-blog wp-post-image\" alt=\"\" \/><span class=\"lte-photo-overlay\"><\/span><\/a><span class=\"lte-cats\"><a href=\"https:\/\/www.unigirona.cat\/category\/cronica\/\">Cr\u00f2nica<\/a><\/span> \t\n    <div class=\"lte-description\"> \n\t    <span class=\"lte-date-top\"><a href=\"https:\/\/www.unigirona.cat\/es\/lavenida-guanya-el-classic-de-la-lf-endesa\/\" class=\"lte-date\"><span class=\"dt\">04\/01\/2025<\/span><\/a><\/span>       \t\n        <a href=\"https:\/\/www.unigirona.cat\/es\/lavenida-guanya-el-classic-de-la-lf-endesa\/\" class=\"lte-header\"><h3>L&#8217;AVENIDA GUANYA EL CL\u00c0SSIC DE LA LF ENDESA<\/h3><\/a>\n\t\t<div class=\"lte-excerpt\">L\u2019Spar Girona no ha pogut comen\u00e7ar l\u2019any amb bon peu i ha caigut davant el Perfumer\u00edas Avenida en un partit molt disputat. Les gironines han anat a remolc de les castellanes durant tot l&#8217;enfrontament, sense aconseguir capgirar la din\u00e0mica, i han acabat cedint per un marcador final de 58-71. Un Perfumer\u00edas Avenida molt s\u00f2lid en [&hellip;] &hellip;<\/div><ul class=\"lte-post-info\"><li class=\"lte-icon-comments\"><span>0<\/span><\/li><\/ul>\t\n\t\t\t\t\t\n    <\/div>    \n<\/article><\/div><div class=\"items col-xl-4 col-lg-4 col-md-4 col-sm-4 col-ms-6 col-xs-12\"><article class=\"post-41639 post type-post status-publish format-standard has-post-thumbnail hentry category-entrevista\">\n\t<a href=\"https:\/\/www.unigirona.cat\/es\/laia-palau-lempenta-de-la-gent-es-un-factor-molt-important\/\" class=\"lte-photo\"><img loading=\"lazy\" decoding=\"async\" width=\"500\" height=\"300\" src=\"https:\/\/www.unigirona.cat\/wp-content\/uploads\/2025\/01\/laia-1-500x300.png\" class=\"attachment-atleticos-blog size-atleticos-blog wp-post-image\" alt=\"\" \/><span class=\"lte-photo-overlay\"><\/span><\/a><span class=\"lte-cats\"><a href=\"https:\/\/www.unigirona.cat\/category\/entrevista\/\">Entrevista<\/a><\/span> \t\n    <div class=\"lte-description\"> \n\t    <span class=\"lte-date-top\"><a href=\"https:\/\/www.unigirona.cat\/es\/laia-palau-lempenta-de-la-gent-es-un-factor-molt-important\/\" class=\"lte-date\"><span class=\"dt\">03\/01\/2025<\/span><\/a><\/span>       \t\n        <a href=\"https:\/\/www.unigirona.cat\/es\/laia-palau-lempenta-de-la-gent-es-un-factor-molt-important\/\" class=\"lte-header\"><h3>Laia Palau: \u00abL&#8217;empenta de la gent \u00e9s un factor molt important\u00bb<\/h3><\/a>\n\t\t<div class=\"lte-excerpt\">Com veus l&#8217;evoluci\u00f3 de l&#8217;Uni Girona CB durant aquests 20 anys? No vaig viure els inicis, per\u00f2 entenc que aquest club ha fet una evoluci\u00f3 considerable, convertint-se en un dels noms importants a nivell nacional. Crec que \u00e9s una entitat respectada. Potser destacaria aquest romanticisme especial que t\u00e9 el club i la seva gent. Ho [&hellip;] &hellip;<\/div><ul class=\"lte-post-info\"><li class=\"lte-icon-comments\"><span>0<\/span><\/li><\/ul>\t\n\t\t\t\t\t\n    <\/div>    \n<\/article><\/div><div class=\"items col-xl-4 col-lg-4 col-md-4 col-sm-4 col-ms-6 col-xs-12\"><article class=\"post-41631 post type-post status-publish format-standard has-post-thumbnail hentry category-lf-endesa\">\n\t<a href=\"https:\/\/www.unigirona.cat\/es\/chloe-bibby-jugadora-estrella-del-mes-de-desembre\/\" class=\"lte-photo\"><img loading=\"lazy\" decoding=\"async\" width=\"485\" height=\"255\" src=\"https:\/\/www.unigirona.cat\/wp-content\/uploads\/2025\/01\/chloe-1.png\" class=\"attachment-atleticos-blog size-atleticos-blog wp-post-image\" alt=\"\" srcset=\"https:\/\/www.unigirona.cat\/wp-content\/uploads\/2025\/01\/chloe-1.png 485w, https:\/\/www.unigirona.cat\/wp-content\/uploads\/2025\/01\/chloe-1-300x158.png 300w, https:\/\/www.unigirona.cat\/wp-content\/uploads\/2025\/01\/chloe-1-100x53.png 100w, https:\/\/www.unigirona.cat\/wp-content\/uploads\/2025\/01\/chloe-1-480x252.png 480w\" sizes=\"(max-width: 485px) 100vw, 485px\" \/><span class=\"lte-photo-overlay\"><\/span><\/a><span class=\"lte-cats\"><a href=\"https:\/\/www.unigirona.cat\/category\/lf-endesa\/\">LF Endesa<\/a><\/span> \t\n    <div class=\"lte-description\"> \n\t    <span class=\"lte-date-top\"><a href=\"https:\/\/www.unigirona.cat\/es\/chloe-bibby-jugadora-estrella-del-mes-de-desembre\/\" class=\"lte-date\"><span class=\"dt\">03\/01\/2025<\/span><\/a><\/span>       \t\n        <a href=\"https:\/\/www.unigirona.cat\/es\/chloe-bibby-jugadora-estrella-del-mes-de-desembre\/\" class=\"lte-header\"><h3>Chloe Bibby, Jugadora Estrella del mes de desembre<\/h3><\/a>\n\t\t<div class=\"lte-excerpt\">Despr\u00e9s de la votaci\u00f3 del p\u00fablic, Chloe Bibby ha estat seleccionada com la Jugadora Estrella del mes de desembre. \u00c9s el segon guard\u00f3 que aconsegueix la jugadora. Parlar de Chloe Bibby \u00e9s sin\u00f2nim d&#8217;MVP. L&#8217;australiana ha encaixat a la perfecci\u00f3 al sistema de Roberto \u00cd\u00f1iguez i s&#8217;ha convertit en la refer\u00e8ncia ofensiva de l&#8217;equip. La [&hellip;] &hellip;<\/div><ul class=\"lte-post-info\"><li class=\"lte-icon-comments\"><span>0<\/span><\/li><\/ul>\t\n\t\t\t\t\t\n    <\/div>    \n<\/article><\/div><div class=\"items col-xl-4 col-lg-4 col-md-4 col-sm-4 col-ms-6 col-xs-12\"><article class=\"post-41620 post type-post status-publish format-standard has-post-thumbnail hentry category-eruocup-women category-lf-endesa\">\n\t<a href=\"https:\/\/www.unigirona.cat\/es\/un-gener-frenetic\/\" class=\"lte-photo vertical\"><img loading=\"lazy\" decoding=\"async\" width=\"500\" height=\"300\" src=\"https:\/\/www.unigirona.cat\/wp-content\/uploads\/2025\/01\/WhatsApp-Image-2024-10-15-at-17.41.26-500x300.jpeg\" class=\"attachment-atleticos-blog size-atleticos-blog wp-post-image\" alt=\"\" \/><span class=\"lte-photo-overlay\"><\/span><\/a><span class=\"lte-cats\"><a href=\"https:\/\/www.unigirona.cat\/category\/eruocup-women\/\">EuroCup Women<\/a><\/span> \t\n    <div class=\"lte-description\"> \n\t    <span class=\"lte-date-top\"><a href=\"https:\/\/www.unigirona.cat\/es\/un-gener-frenetic\/\" class=\"lte-date\"><span class=\"dt\">03\/01\/2025<\/span><\/a><\/span>       \t\n        <a href=\"https:\/\/www.unigirona.cat\/es\/un-gener-frenetic\/\" class=\"lte-header\"><h3>Un gener fren\u00e8tic<\/h3><\/a>\n\t\t<div class=\"lte-excerpt\">El canvi d\u2019any no altera res: l\u2019Spar Girona afronta un mes de gener molt complicat, amb un total de set partits i diversos viatges. Les gironines inicien l\u2019any amb el cl\u00e0ssic de la lliga, que es disputar\u00e0 el 4 de gener. Tot seguit, viatgen a Hongria per jugar el partit d\u2019anada dels vuitens de final [&hellip;] &hellip;<\/div><ul class=\"lte-post-info\"><li class=\"lte-icon-comments\"><span>0<\/span><\/li><\/ul>\t\n\t\t\t\t\t\n    <\/div>    \n<\/article><\/div><div class=\"items col-xl-4 col-lg-4 col-md-4 col-sm-4 col-ms-6 col-xs-12\"><article class=\"post-41327 post type-post status-publish format-standard has-post-thumbnail hentry category-cronica-es category-lf-endesa-es tag-lf-endesa-es tag-olimpic-de-badalona-es tag-penya-es tag-spar-girona-es\">\n\t<a href=\"https:\/\/www.unigirona.cat\/es\/triomf-a-lolimpic-per-acomiadar-lany\/\" class=\"lte-photo\"><img loading=\"lazy\" decoding=\"async\" width=\"500\" height=\"300\" src=\"https:\/\/www.unigirona.cat\/wp-content\/uploads\/2024\/12\/Captura-de-pantalla-2024-12-29-131913-500x300.png\" class=\"attachment-atleticos-blog size-atleticos-blog wp-post-image\" alt=\"\" \/><span class=\"lte-photo-overlay\"><\/span><\/a><span class=\"lte-cats\"><a href=\"https:\/\/www.unigirona.cat\/es\/category\/cronica-es\/\">Cr\u00f3nica<\/a><\/span> \t\n    <div class=\"lte-description\"> \n\t    <span class=\"lte-date-top\"><a href=\"https:\/\/www.unigirona.cat\/es\/triomf-a-lolimpic-per-acomiadar-lany\/\" class=\"lte-date\"><span class=\"dt\">29\/12\/2024<\/span><\/a><\/span>       \t\n        <a href=\"https:\/\/www.unigirona.cat\/es\/triomf-a-lolimpic-per-acomiadar-lany\/\" class=\"lte-header\"><h3>TRIUNFO EN EL OL\u00cdMPICO PARA DESPIDIR EL A\u00d1O<\/h3><\/a>\n\t\t<div class=\"lte-excerpt\">El Spar Girona ha cerrado el a\u00f1o de la mejor forma posible: con una victoria. Las gerundenses han dominado todo el enfrentamiento y s\u00f3lo han visto peligrar el triunfo en el ecuador del tercer cuarto (50-54). Sin embargo, la reacci\u00f3n del equipo y el juego colectivo han marcado la diferencia para las de Roberto, que [&hellip;] &hellip;<\/div><ul class=\"lte-post-info\"><li class=\"lte-icon-comments\"><span>0<\/span><\/li><\/ul>\t\n\t\t\t\t\t\n    <\/div>    \n<\/article><\/div><div class=\"items col-xl-4 col-lg-4 col-md-4 col-sm-4 col-ms-6 col-xs-12\"><article class=\"post-41322 post type-post status-publish format-standard has-post-thumbnail hentry category-cronica-es category-lf-endesa-es\">\n\t<a href=\"https:\/\/www.unigirona.cat\/es\/luni-tanca-lany-a-fontajau-amb-victoria\/\" class=\"lte-photo vertical\"><img loading=\"lazy\" decoding=\"async\" width=\"500\" height=\"300\" src=\"https:\/\/www.unigirona.cat\/wp-content\/uploads\/2024\/12\/WhatsApp-Image-2024-12-22-at-18.46.51-500x300.jpeg\" class=\"attachment-atleticos-blog size-atleticos-blog wp-post-image\" alt=\"\" \/><span class=\"lte-photo-overlay\"><\/span><\/a><span class=\"lte-cats\"><a href=\"https:\/\/www.unigirona.cat\/es\/category\/cronica-es\/\">Cr\u00f3nica<\/a><\/span> \t\n    <div class=\"lte-description\"> \n\t    <span class=\"lte-date-top\"><a href=\"https:\/\/www.unigirona.cat\/es\/luni-tanca-lany-a-fontajau-amb-victoria\/\" class=\"lte-date\"><span class=\"dt\">22\/12\/2024<\/span><\/a><\/span>       \t\n        <a href=\"https:\/\/www.unigirona.cat\/es\/luni-tanca-lany-a-fontajau-amb-victoria\/\" class=\"lte-header\"><h3>EL UNI CIERRA EL A\u00d1O EN FONTAJAU CON VICTORIA<\/h3><\/a>\n\t\t<div class=\"lte-excerpt\">Victoria trabajada del Spar Girona para volver a sumar en Fontajau. Las de Roberto \u00cd\u00f1iguez han sudado duro para superar a un rival siempre complicado. Pese a la diferencia al final del tercer cuarto (57-42), las madrile\u00f1as tuvieron una reacci\u00f3n final que las situ\u00f3 a menos de diez puntos (57-48). Sin embargo, con los ajustes [&hellip;] &hellip;<\/div><ul class=\"lte-post-info\"><li class=\"lte-icon-comments\"><span>0<\/span><\/li><\/ul>\t\n\t\t\t\t\t\n    <\/div>    \n<\/article><\/div><div class=\"items col-xl-4 col-lg-4 col-md-4 col-sm-4 col-ms-6 col-xs-12\"><article class=\"post-41313 post type-post status-publish format-standard has-post-thumbnail hentry category-cronica-es category-sin-categorizar\">\n\t<a href=\"https:\/\/www.unigirona.cat\/es\/lspar-girona-es-fa-gran-a-fontajau-i-supera-el-campobasso\/\" class=\"lte-photo vertical\"><img loading=\"lazy\" decoding=\"async\" width=\"500\" height=\"300\" src=\"https:\/\/www.unigirona.cat\/wp-content\/uploads\/2024\/12\/WhatsApp-Image-2024-12-19-at-21.36.23-500x300.jpeg\" class=\"attachment-atleticos-blog size-atleticos-blog wp-post-image\" alt=\"\" \/><span class=\"lte-photo-overlay\"><\/span><\/a><span class=\"lte-cats\"><a href=\"https:\/\/www.unigirona.cat\/es\/category\/cronica-es\/\">Cr\u00f3nica<\/a><\/span> \t\n    <div class=\"lte-description\"> \n\t    <span class=\"lte-date-top\"><a href=\"https:\/\/www.unigirona.cat\/es\/lspar-girona-es-fa-gran-a-fontajau-i-supera-el-campobasso\/\" class=\"lte-date\"><span class=\"dt\">20\/12\/2024<\/span><\/a><\/span>       \t\n        <a href=\"https:\/\/www.unigirona.cat\/es\/lspar-girona-es-fa-gran-a-fontajau-i-supera-el-campobasso\/\" class=\"lte-header\"><h3>EL SPAR GIRONA SE HACE GRANDE EN FONTAJAU Y SUPERA EL CAMPOBASO<\/h3><\/a>\n\t\t<div class=\"lte-excerpt\">Exhibici\u00f3n total del Spar Girona en el partido de vuelta de la Round 1. Las gerundenses han sabido revertir la situaci\u00f3n al final del primer cuarto y han pasado por encima de las italianas en el segundo, gracias al acierto desde la larga distancia (49 a 32). Por \u00faltimo, se han impuesto por 82 a [&hellip;] &hellip;<\/div><ul class=\"lte-post-info\"><li class=\"lte-icon-comments\"><span>0<\/span><\/li><\/ul>\t\n\t\t\t\t\t\n    <\/div>    \n<\/article><\/div><div class=\"items col-xl-4 col-lg-4 col-md-4 col-sm-4 col-ms-6 col-xs-12\"><article class=\"post-41308 post type-post status-publish format-standard has-post-thumbnail hentry category-sin-categorizar\">\n\t<a href=\"https:\/\/www.unigirona.cat\/es\/roberto-iniguez-lequip-ho-ha-donat-tot\/\" class=\"lte-photo\"><img loading=\"lazy\" decoding=\"async\" width=\"500\" height=\"300\" src=\"https:\/\/www.unigirona.cat\/wp-content\/uploads\/2024\/12\/WhatsApp-Image-2024-12-16-at-09.17.08-500x300.jpeg\" class=\"attachment-atleticos-blog size-atleticos-blog wp-post-image\" alt=\"\" \/><span class=\"lte-photo-overlay\"><\/span><\/a><span class=\"lte-cats\"><a href=\"https:\/\/www.unigirona.cat\/es\/category\/sin-categorizar\/\">Sin categorizar<\/a><\/span> \t\n    <div class=\"lte-description\"> \n\t    <span class=\"lte-date-top\"><a href=\"https:\/\/www.unigirona.cat\/es\/roberto-iniguez-lequip-ho-ha-donat-tot\/\" class=\"lte-date\"><span class=\"dt\">16\/12\/2024<\/span><\/a><\/span>       \t\n        <a href=\"https:\/\/www.unigirona.cat\/es\/roberto-iniguez-lequip-ho-ha-donat-tot\/\" class=\"lte-header\"><h3>Roberto \u00cd\u00f1iguez: \u00abEl equipo lo ha dado todo\u00bb<\/h3><\/a>\n\t\t<div class=\"lte-excerpt\">Tras perder el primer enfrentamiento de LF Endesa, Roberto \u00cd\u00f1iguez valor\u00f3 el partido y se mostr\u00f3 \u00aborgulloso\u00bb del equipo. \u00abYa he dicho otras veces que las valoraciones no deben hacerse por el hecho de ganar o perder. Creo que hemos competido al m\u00e1ximo y solo puedo sacarme el sombrero. Sab\u00edamos que ven\u00edamos con algo menos [&hellip;] &hellip;<\/div><ul class=\"lte-post-info\"><li class=\"lte-icon-comments\"><span>0<\/span><\/li><\/ul>\t\n\t\t\t\t\t\n    <\/div>    \n<\/article><\/div><div class=\"items col-xl-4 col-lg-4 col-md-4 col-sm-4 col-ms-6 col-xs-12\"><article class=\"post-41303 post type-post status-publish format-standard has-post-thumbnail hentry category-cronica-es category-sin-categorizar\">\n\t<a href=\"https:\/\/www.unigirona.cat\/es\/luni-perd-el-primer-partit-de-lliga-lluitant-a-valencia\/\" class=\"lte-photo vertical\"><img loading=\"lazy\" decoding=\"async\" width=\"500\" height=\"300\" src=\"https:\/\/www.unigirona.cat\/wp-content\/uploads\/2024\/12\/WhatsApp-Image-2024-12-16-at-09.16.23-500x300.jpeg\" class=\"attachment-atleticos-blog size-atleticos-blog wp-post-image\" alt=\"\" \/><span class=\"lte-photo-overlay\"><\/span><\/a><span class=\"lte-cats\"><a href=\"https:\/\/www.unigirona.cat\/es\/category\/cronica-es\/\">Cr\u00f3nica<\/a><\/span> \t\n    <div class=\"lte-description\"> \n\t    <span class=\"lte-date-top\"><a href=\"https:\/\/www.unigirona.cat\/es\/luni-perd-el-primer-partit-de-lliga-lluitant-a-valencia\/\" class=\"lte-date\"><span class=\"dt\">16\/12\/2024<\/span><\/a><\/span>       \t\n        <a href=\"https:\/\/www.unigirona.cat\/es\/luni-perd-el-primer-partit-de-lliga-lluitant-a-valencia\/\" class=\"lte-header\"><h3>Uni pierde el primer partido de liga luchando en Valencia<\/h3><\/a>\n\t\t<div class=\"lte-excerpt\">Alg\u00fan d\u00eda deb\u00eda llegar la primera derrota. Nada que decir. Uni Girona ha luchado hasta el final. De hecho, las gerundenses han cerrado el tercer cuarto dominando las naranja (43-51), pero un parcial final de 26-12 del Valencia Basket ha dado la vuelta al marcador, y el Uni ha acabado cayendo con la cabeza bien [&hellip;] &hellip;<\/div><ul class=\"lte-post-info\"><li class=\"lte-icon-comments\"><span>0<\/span><\/li><\/ul>\t\n\t\t\t\t\t\n    <\/div>    \n<\/article><\/div><div class=\"items col-xl-4 col-lg-4 col-md-4 col-sm-4 col-ms-6 col-xs-12\"><article class=\"post-41289 post type-post status-publish format-standard has-post-thumbnail hentry category-cronica-es category-sin-categorizar\">\n\t<a href=\"https:\/\/www.unigirona.cat\/es\/lspar-es-fa-fort-a-fontajau-i-allarga-la-seva-ratxa\/\" class=\"lte-photo vertical\"><img loading=\"lazy\" decoding=\"async\" width=\"500\" height=\"300\" src=\"https:\/\/www.unigirona.cat\/wp-content\/uploads\/2024\/12\/WhatsApp-Image-2024-12-09-at-13.10.37-500x300.jpeg\" class=\"attachment-atleticos-blog size-atleticos-blog wp-post-image\" alt=\"\" \/><span class=\"lte-photo-overlay\"><\/span><\/a><span class=\"lte-cats\"><a href=\"https:\/\/www.unigirona.cat\/es\/category\/cronica-es\/\">Cr\u00f3nica<\/a><\/span> \t\n    <div class=\"lte-description\"> \n\t    <span class=\"lte-date-top\"><a href=\"https:\/\/www.unigirona.cat\/es\/lspar-es-fa-fort-a-fontajau-i-allarga-la-seva-ratxa\/\" class=\"lte-date\"><span class=\"dt\">09\/12\/2024<\/span><\/a><\/span>       \t\n        <a href=\"https:\/\/www.unigirona.cat\/es\/lspar-es-fa-fort-a-fontajau-i-allarga-la-seva-ratxa\/\" class=\"lte-header\"><h3>El Spar se hace fuerte en Fontajau y alarga su racha<\/h3><\/a>\n\t\t<div class=\"lte-excerpt\">El Spar Girona sigue en estado de gracia en la LF Endesa y ha sumado esta tarde la und\u00e9cima victoria consecutiva contra el IDK Euskotren (81-57). Las gerundenses han dominado gran parte del enfrentamiento, en parte gracias al trabajo de Pierre-Louis en ambos lados de la pista (14 puntos). Con este triunfo, Uni se mantiene [&hellip;] &hellip;<\/div><ul class=\"lte-post-info\"><li class=\"lte-icon-comments\"><span>0<\/span><\/li><\/ul>\t\n\t\t\t\t\t\n    <\/div>    \n<\/article><\/div><div class=\"items col-xl-4 col-lg-4 col-md-4 col-sm-4 col-ms-6 col-xs-12\"><article class=\"post-41123 post type-post status-publish format-standard has-post-thumbnail hentry category-lf-endesa-es category-sin-categorizar\">\n\t<a href=\"https:\/\/www.unigirona.cat\/es\/la-llibreta-del-partit-spar-girona-vs-idk-euskotren\/\" class=\"lte-photo\"><img loading=\"lazy\" decoding=\"async\" width=\"500\" height=\"300\" src=\"https:\/\/www.unigirona.cat\/wp-content\/uploads\/2024\/12\/WhatsApp-Image-2024-12-09-at-13.08.18-500x300.jpeg\" class=\"attachment-atleticos-blog size-atleticos-blog wp-post-image\" alt=\"\" \/><span class=\"lte-photo-overlay\"><\/span><\/a><span class=\"lte-cats\"><a href=\"https:\/\/www.unigirona.cat\/es\/category\/lf-endesa-es\/\">LF Endesa<\/a><\/span> \t\n    <div class=\"lte-description\"> \n\t    <span class=\"lte-date-top\"><a href=\"https:\/\/www.unigirona.cat\/es\/la-llibreta-del-partit-spar-girona-vs-idk-euskotren\/\" class=\"lte-date\"><span class=\"dt\">09\/12\/2024<\/span><\/a><\/span>       \t\n        <a href=\"https:\/\/www.unigirona.cat\/es\/la-llibreta-del-partit-spar-girona-vs-idk-euskotren\/\" class=\"lte-header\"><h3>LA LLIBRETA DEL PARTIT: SPAR GIRONA VS IDK EUSKOTREN<\/h3><\/a>\n\t\t<div class=\"lte-excerpt\">Hablar del IDK Euskotren es hablar de un enfrentamiento de mucha exigencia. Posiblemente, la plantilla del IDK sea una de las que mejores se han reforzado por esta campa\u00f1a 24-25. Es cierto que las vascas no empezaron con el mejor pie posible y ocuparon durante alguna jornada la \u00faltima posici\u00f3n de la LF Endesa -tambi\u00e9n [&hellip;] &hellip;<\/div><ul class=\"lte-post-info\"><\/ul>\t\n\t\t\t\t\t\n    <\/div>    \n<\/article><\/div><div class=\"items col-xl-4 col-lg-4 col-md-4 col-sm-4 col-ms-6 col-xs-12\"><article class=\"post-41102 post type-post status-publish format-standard has-post-thumbnail hentry category-sin-categorizar\">\n\t<a href=\"https:\/\/www.unigirona.cat\/es\/roberto-iniguez-aquesta-victoria-va-per-a-laficio\/\" class=\"lte-photo\"><img loading=\"lazy\" decoding=\"async\" width=\"500\" height=\"300\" src=\"https:\/\/www.unigirona.cat\/wp-content\/uploads\/2024\/12\/WhatsApp-Image-2024-12-09-at-13.06.04-500x300.jpeg\" class=\"attachment-atleticos-blog size-atleticos-blog wp-post-image\" alt=\"\" \/><span class=\"lte-photo-overlay\"><\/span><\/a><span class=\"lte-cats\"><a href=\"https:\/\/www.unigirona.cat\/es\/category\/sin-categorizar\/\">Sin categorizar<\/a><\/span> \t\n    <div class=\"lte-description\"> \n\t    <span class=\"lte-date-top\"><a href=\"https:\/\/www.unigirona.cat\/es\/roberto-iniguez-aquesta-victoria-va-per-a-laficio\/\" class=\"lte-date\"><span class=\"dt\">09\/12\/2024<\/span><\/a><\/span>       \t\n        <a href=\"https:\/\/www.unigirona.cat\/es\/roberto-iniguez-aquesta-victoria-va-per-a-laficio\/\" class=\"lte-header\"><h3>Roberto \u00cd\u00f1iguez: \u00abEsta victoria va para la afici\u00f3n\u00bb<\/h3><\/a>\n\t\t<div class=\"lte-excerpt\">Tras superar al Gernika y sumar la d\u00e9cima victoria consecutiva, logrando el mejor inicio de su historia en la LF Endesa, Roberto \u00cd\u00f1iguez atendi\u00f3 a los medios de comunicaci\u00f3n para valorar el triunfo en una pista complicada. \u201cYa sab\u00edamos que iba a ser un partido muy dif\u00edcil. Se ha decidido por detalles. Sab\u00edamos que ten\u00edamos [&hellip;] &hellip;<\/div><ul class=\"lte-post-info\"><li class=\"lte-icon-comments\"><span>0<\/span><\/li><\/ul>\t\n\t\t\t\t\t\n    <\/div>    \n<\/article><\/div><div class=\"items col-xl-4 col-lg-4 col-md-4 col-sm-4 col-ms-6 col-xs-12\"><article class=\"post-41015 post type-post status-publish format-standard has-post-thumbnail hentry category-cronica-es category-lf-endesa-es category-sin-categorizar\">\n\t<a href=\"https:\/\/www.unigirona.cat\/es\/luni-suma-el-10e-triomf-consecutiu-a-la-lf-endesa\/\" class=\"lte-photo vertical\"><img loading=\"lazy\" decoding=\"async\" width=\"500\" height=\"300\" src=\"https:\/\/www.unigirona.cat\/wp-content\/uploads\/2024\/12\/WhatsApp-Image-2024-12-09-at-12.58.55-500x300.jpeg\" class=\"attachment-atleticos-blog size-atleticos-blog wp-post-image\" alt=\"\" \/><span class=\"lte-photo-overlay\"><\/span><\/a><span class=\"lte-cats\"><a href=\"https:\/\/www.unigirona.cat\/es\/category\/cronica-es\/\">Cr\u00f3nica<\/a><\/span> \t\n    <div class=\"lte-description\"> \n\t    <span class=\"lte-date-top\"><a href=\"https:\/\/www.unigirona.cat\/es\/luni-suma-el-10e-triomf-consecutiu-a-la-lf-endesa\/\" class=\"lte-date\"><span class=\"dt\">09\/12\/2024<\/span><\/a><\/span>       \t\n        <a href=\"https:\/\/www.unigirona.cat\/es\/luni-suma-el-10e-triomf-consecutiu-a-la-lf-endesa\/\" class=\"lte-header\"><h3>Uni suma el 10\u00ba triunfo consecutivo en la LF Endesa<\/h3><\/a>\n\t\t<div class=\"lte-excerpt\">Victoria trabajada del Spar Girona en Maloste para sumar la d\u00e9cima consecutiva en la liga. El enfrentamiento lleg\u00f3 muy igualado al \u00faltimo cuarto, pero la gran gesti\u00f3n del equipo gerundense en los minutos finales decant\u00f3 la balanza a su favor (76-85). Chloe Bibby ha vuelto a ser protagonista con una actuaci\u00f3n destacada, anotando 30 puntos, [&hellip;] &hellip;<\/div><ul class=\"lte-post-info\"><li class=\"lte-icon-comments\"><span>0<\/span><\/li><\/ul>\t\n\t\t\t\t\t\n    <\/div>    \n<\/article><\/div><div class=\"items col-xl-4 col-lg-4 col-md-4 col-sm-4 col-ms-6 col-xs-12\"><article class=\"post-40997 post type-post status-publish format-standard has-post-thumbnail hentry category-lf-endesa-es category-sin-categorizar\">\n\t<a href=\"https:\/\/www.unigirona.cat\/es\/la-llibreta-del-partit-lointek-gernika-bizkaia-vs-spar-girona\/\" class=\"lte-photo\"><img loading=\"lazy\" decoding=\"async\" width=\"500\" height=\"300\" src=\"https:\/\/www.unigirona.cat\/wp-content\/uploads\/2024\/12\/WhatsApp-Image-2024-12-09-at-12.52.03-500x300.jpeg\" class=\"attachment-atleticos-blog size-atleticos-blog wp-post-image\" alt=\"\" \/><span class=\"lte-photo-overlay\"><\/span><\/a><span class=\"lte-cats\"><a href=\"https:\/\/www.unigirona.cat\/es\/category\/lf-endesa-es\/\">LF Endesa<\/a><\/span> \t\n    <div class=\"lte-description\"> \n\t    <span class=\"lte-date-top\"><a href=\"https:\/\/www.unigirona.cat\/es\/la-llibreta-del-partit-lointek-gernika-bizkaia-vs-spar-girona\/\" class=\"lte-date\"><span class=\"dt\">09\/12\/2024<\/span><\/a><\/span>       \t\n        <a href=\"https:\/\/www.unigirona.cat\/es\/la-llibreta-del-partit-lointek-gernika-bizkaia-vs-spar-girona\/\" class=\"lte-header\"><h3>LA LIBRETA DEL PARTIDO: LOINTEK GERNIKA BIZKAIA vs SPAR GIRONA<\/h3><\/a>\n\t\t<div class=\"lte-excerpt\">Con un impecable balance de 9-0, Uni Girona afronta el mes de diciembre al frente de la Liga. Sin embargo, este mi\u00e9rcoles se encontrar\u00e1 con un reto en la siempre exigente pista del Gernika, que ocupa la octava posici\u00f3n con un balance de 5-4 (19:00 h., Teledeporte). El equipo est\u00e1 en buen momento, y el [&hellip;] &hellip;<\/div><ul class=\"lte-post-info\"><li class=\"lte-icon-comments\"><span>0<\/span><\/li><\/ul>\t\n\t\t\t\t\t\n    <\/div>    \n<\/article><\/div><div class=\"items col-xl-4 col-lg-4 col-md-4 col-sm-4 col-ms-6 col-xs-12\"><article class=\"post-40029 post type-post status-publish format-standard has-post-thumbnail hentry category-lf-endesa tag-spar-girona tag-unigirona\">\n\t<a href=\"https:\/\/www.unigirona.cat\/es\/roberto-iniguez-millor-entrenador-del-mes-de-novembre\/\" class=\"lte-photo vertical\"><img loading=\"lazy\" decoding=\"async\" width=\"500\" height=\"300\" src=\"https:\/\/www.unigirona.cat\/wp-content\/uploads\/2024\/12\/WhatsApp-Image-2024-12-09-at-12.47.46-500x300.jpeg\" class=\"attachment-atleticos-blog size-atleticos-blog wp-post-image\" alt=\"\" \/><span class=\"lte-photo-overlay\"><\/span><\/a><span class=\"lte-cats\"><a href=\"https:\/\/www.unigirona.cat\/category\/lf-endesa\/\">LF Endesa<\/a><\/span> \t\n    <div class=\"lte-description\"> \n\t    <span class=\"lte-date-top\"><a href=\"https:\/\/www.unigirona.cat\/es\/roberto-iniguez-millor-entrenador-del-mes-de-novembre\/\" class=\"lte-date\"><span class=\"dt\">09\/12\/2024<\/span><\/a><\/span>       \t\n        <a href=\"https:\/\/www.unigirona.cat\/es\/roberto-iniguez-millor-entrenador-del-mes-de-novembre\/\" class=\"lte-header\"><h3>Roberto \u00cd\u00f1iguez, millor entrenador del mes de novembre<\/h3><\/a>\n\t\t<div class=\"lte-excerpt\">Roberto \u00cd\u00f1iguez, entrenador de l\u2019Spar Girona, ha estat distingit com el millor t\u00e8cnic del mes de novembre per l\u2019Associaci\u00f3 Espanyola d\u2019Entrenadors de B\u00e0squet (AEEB). L\u2019organitzaci\u00f3 ha destacat el treball d\u2019\u00cd\u00f1iguez en les cinc vict\u00f2ries obtingudes durant el mes de novembre, en qu\u00e8 el conjunt giron\u00ed ha derrotat Casademont Zaragoza, Hozono Global Jairis, Spar Gran Canaria, [&hellip;] &hellip;<\/div><ul class=\"lte-post-info\"><li class=\"lte-icon-comments\"><span>0<\/span><\/li><\/ul>\t\n\t\t\t\t\t\n    <\/div>    \n<\/article><\/div><div class=\"items col-xl-4 col-lg-4 col-md-4 col-sm-4 col-ms-6 col-xs-12\"><article class=\"post-40986 post type-post status-publish format-standard has-post-thumbnail hentry category-sin-categorizar\">\n\t<a href=\"https:\/\/www.unigirona.cat\/es\/festival-anotador-contra-el-celta\/\" class=\"lte-photo vertical\"><img loading=\"lazy\" decoding=\"async\" width=\"500\" height=\"300\" src=\"https:\/\/www.unigirona.cat\/wp-content\/uploads\/2024\/12\/WhatsApp-Image-2024-12-09-at-12.29.45-500x300.jpeg\" class=\"attachment-atleticos-blog size-atleticos-blog wp-post-image\" alt=\"\" \/><span class=\"lte-photo-overlay\"><\/span><\/a><span class=\"lte-cats\"><a href=\"https:\/\/www.unigirona.cat\/es\/category\/sin-categorizar\/\">Sin categorizar<\/a><\/span> \t\n    <div class=\"lte-description\"> \n\t    <span class=\"lte-date-top\"><a href=\"https:\/\/www.unigirona.cat\/es\/festival-anotador-contra-el-celta\/\" class=\"lte-date\"><span class=\"dt\">09\/12\/2024<\/span><\/a><\/span>       \t\n        <a href=\"https:\/\/www.unigirona.cat\/es\/festival-anotador-contra-el-celta\/\" class=\"lte-header\"><h3>FESTIVAL ANOTADOR CONTRA EL CELTA<\/h3><\/a>\n\t\t<div class=\"lte-excerpt\">\u00a1Una de las victorias m\u00e1s contundentes que se recuerdan en Fontajau! El Spar Girona no ha dado ninguna opci\u00f3n al Celta desde el primer momento, gracias al juego coral del equipo y al acierto de todas las jugadoras del Uni. Con una actuaci\u00f3n ofensiva brillante, han superado la barrera de los 100 puntos para imponerse [&hellip;] &hellip;<\/div><ul class=\"lte-post-info\"><li class=\"lte-icon-comments\"><span>0<\/span><\/li><\/ul>\t\n\t\t\t\t\t\n    <\/div>    \n<\/article><\/div><div class=\"items col-xl-4 col-lg-4 col-md-4 col-sm-4 col-ms-6 col-xs-12\"><article class=\"post-40079 post type-post status-publish format-standard has-post-thumbnail hentry category-uncategorized-ca\">\n\t<a href=\"https:\/\/www.unigirona.cat\/es\/lspar-girona-senfrontara-al-campobasso-a-la-primera-ronda-del-play-off-deurocup-women\/\" class=\"lte-photo vertical\"><img loading=\"lazy\" decoding=\"async\" width=\"500\" height=\"300\" src=\"https:\/\/www.unigirona.cat\/wp-content\/uploads\/2024\/12\/WhatsApp-Image-2024-12-09-at-14.11.55-500x300.jpeg\" class=\"attachment-atleticos-blog size-atleticos-blog wp-post-image\" alt=\"\" \/><span class=\"lte-photo-overlay\"><\/span><\/a><span class=\"lte-cats\"><a href=\"https:\/\/www.unigirona.cat\/category\/uncategorized-ca\/\">Uncategorized @ca<\/a><\/span> \t\n    <div class=\"lte-description\"> \n\t    <span class=\"lte-date-top\"><a href=\"https:\/\/www.unigirona.cat\/es\/lspar-girona-senfrontara-al-campobasso-a-la-primera-ronda-del-play-off-deurocup-women\/\" class=\"lte-date\"><span class=\"dt\">30\/11\/2024<\/span><\/a><\/span>       \t\n        <a href=\"https:\/\/www.unigirona.cat\/es\/lspar-girona-senfrontara-al-campobasso-a-la-primera-ronda-del-play-off-deurocup-women\/\" class=\"lte-header\"><h3>L\u2019Spar Girona s\u2019enfrontar\u00e0 al Campobasso a la primera ronda del play-off d\u2019Eurocup Women<\/h3><\/a>\n\t\t<div class=\"lte-excerpt\">L\u2019Spar Girona ja coneix el rival de la primera ronda del play-off d\u2019Eurocup Women: el Campobasso itali\u00e0. L\u2019equip dirigit per Roberto \u00cd\u00f1iguez es tornar\u00e0 a veure les cares amb el conjunt itali\u00e0 despr\u00e9s d\u2019haver coincidit a la fase de grups, on es van repartir els triomfs. Les gironines van guanyar a Fontajau per 74-66, per\u00f2 [&hellip;] &hellip;<\/div><ul class=\"lte-post-info\"><li class=\"lte-icon-comments\"><span>0<\/span><\/li><\/ul>\t\n\t\t\t\t\t\n    <\/div>    \n<\/article><\/div><div class=\"items col-xl-4 col-lg-4 col-md-4 col-sm-4 col-ms-6 col-xs-12\"><article class=\"post-40979 post type-post status-publish format-standard has-post-thumbnail hentry category-sin-categorizar\">\n\t<a href=\"https:\/\/www.unigirona.cat\/es\/nutrisport-renova-la-seva-collaboracio-amb-luni-girona-per-segon-any-consecutiu\/\" class=\"lte-photo\"><img loading=\"lazy\" decoding=\"async\" width=\"500\" height=\"300\" src=\"https:\/\/www.unigirona.cat\/wp-content\/uploads\/2024\/12\/WhatsApp-Image-2024-12-09-at-14.09.58-500x300.jpeg\" class=\"attachment-atleticos-blog size-atleticos-blog wp-post-image\" alt=\"\" \/><span class=\"lte-photo-overlay\"><\/span><\/a><span class=\"lte-cats\"><a href=\"https:\/\/www.unigirona.cat\/es\/category\/sin-categorizar\/\">Sin categorizar<\/a><\/span> \t\n    <div class=\"lte-description\"> \n\t    <span class=\"lte-date-top\"><a href=\"https:\/\/www.unigirona.cat\/es\/nutrisport-renova-la-seva-collaboracio-amb-luni-girona-per-segon-any-consecutiu\/\" class=\"lte-date\"><span class=\"dt\">18\/11\/2024<\/span><\/a><\/span>       \t\n        <a href=\"https:\/\/www.unigirona.cat\/es\/nutrisport-renova-la-seva-collaboracio-amb-luni-girona-per-segon-any-consecutiu\/\" class=\"lte-header\"><h3>Nutrisport renueva su colaboraci\u00f3n con Uni Girona por segundo a\u00f1o consecutivo<\/h3><\/a>\n\t\t<div class=\"lte-excerpt\">Nutrisport ha renovado su colaboraci\u00f3n con Uni Girona, reafirm\u00e1ndose como partnership oficial del equipo por segundo a\u00f1o consecutivo. El acto de formalizaci\u00f3n se ha celebrado en el Pabell\u00f3n Municipal Girona-Fontajau, con la presencia de las jugadoras y el equipo t\u00e9cnico del Uni Girona, as\u00ed como de los representantes de Nutrisport: Climent Ravent\u00f3s (Marketing Manager), N\u00faria [&hellip;] &hellip;<\/div><ul class=\"lte-post-info\"><li class=\"lte-icon-comments\"><span>0<\/span><\/li><\/ul>\t\n\t\t\t\t\t\n    <\/div>    \n<\/article><\/div><div class=\"items col-xl-4 col-lg-4 col-md-4 col-sm-4 col-ms-6 col-xs-12\"><article class=\"post-40975 post type-post status-publish format-standard has-post-thumbnail hentry category-sin-categorizar\">\n\t<a href=\"https:\/\/www.unigirona.cat\/es\/luni-suma-la-desena-victoria-consecutiva\/\" class=\"lte-photo vertical\"><img loading=\"lazy\" decoding=\"async\" width=\"500\" height=\"300\" src=\"https:\/\/www.unigirona.cat\/wp-content\/uploads\/2024\/12\/WhatsApp-Image-2024-12-09-at-14.07.00-500x300.jpeg\" class=\"attachment-atleticos-blog size-atleticos-blog wp-post-image\" alt=\"\" \/><span class=\"lte-photo-overlay\"><\/span><\/a><span class=\"lte-cats\"><a href=\"https:\/\/www.unigirona.cat\/es\/category\/sin-categorizar\/\">Sin categorizar<\/a><\/span> \t\n    <div class=\"lte-description\"> \n\t    <span class=\"lte-date-top\"><a href=\"https:\/\/www.unigirona.cat\/es\/luni-suma-la-desena-victoria-consecutiva\/\" class=\"lte-date\"><span class=\"dt\">15\/11\/2024<\/span><\/a><\/span>       \t\n        <a href=\"https:\/\/www.unigirona.cat\/es\/luni-suma-la-desena-victoria-consecutiva\/\" class=\"lte-header\"><h3>EL UNI SUMA LA D\u00c9CIMA VICTORIA CONSECUTIVA<\/h3><\/a>\n\t\t<div class=\"lte-excerpt\">El Spa Girona ha vuelto de la ventana FIBA \u200b\u200bcomo si nunca hubiera descansado. Las de Roberto \u00cd\u00f1iguez siguen intratables y han logrado una nueva victoria en la LF Endesa, sumando el d\u00e9cimo triunfo consecutivo en todas las competiciones. El acierto desde la larga distancia ha marcado la diferencia para las gerundenses en el segundo [&hellip;] &hellip;<\/div><ul class=\"lte-post-info\"><li class=\"lte-icon-comments\"><span>0<\/span><\/li><\/ul>\t\n\t\t\t\t\t\n    <\/div>    \n<\/article><\/div><div class=\"items col-xl-4 col-lg-4 col-md-4 col-sm-4 col-ms-6 col-xs-12\"><article class=\"post-40971 post type-post status-publish format-standard has-post-thumbnail hentry category-sin-categorizar\">\n\t<a href=\"https:\/\/www.unigirona.cat\/es\/luni-girona-participa-a-la-grada-suma\/\" class=\"lte-photo\"><img loading=\"lazy\" decoding=\"async\" width=\"500\" height=\"300\" src=\"https:\/\/www.unigirona.cat\/wp-content\/uploads\/2024\/12\/WhatsApp-Image-2024-12-09-at-14.04.52-500x300.jpeg\" class=\"attachment-atleticos-blog size-atleticos-blog wp-post-image\" alt=\"\" \/><span class=\"lte-photo-overlay\"><\/span><\/a><span class=\"lte-cats\"><a href=\"https:\/\/www.unigirona.cat\/es\/category\/sin-categorizar\/\">Sin categorizar<\/a><\/span> \t\n    <div class=\"lte-description\"> \n\t    <span class=\"lte-date-top\"><a href=\"https:\/\/www.unigirona.cat\/es\/luni-girona-participa-a-la-grada-suma\/\" class=\"lte-date\"><span class=\"dt\">29\/10\/2024<\/span><\/a><\/span>       \t\n        <a href=\"https:\/\/www.unigirona.cat\/es\/luni-girona-participa-a-la-grada-suma\/\" class=\"lte-header\"><h3>L\u2019UNI GIRONA PARTICIPA EN LA GRADA SUMA<\/h3><\/a>\n\t\t<div class=\"lte-excerpt\">Esta ma\u00f1ana el Pabell\u00f3n Municipal de Girona Fontajau ha sido el anfitri\u00f3n de la presentaci\u00f3n de una nueva edici\u00f3n del programa de valores del Consejo Deportivo del Giron\u00e8s: La Grada Suma \u00abcon valores siempre ganamos\u00bb. El programa, que ya est\u00e1 m\u00e1s que consolidado, este a\u00f1o alcanza su 11\u00aa edici\u00f3n gracias al Ayuntamiento de Girona y [&hellip;] &hellip;<\/div><ul class=\"lte-post-info\"><\/ul>\t\n\t\t\t\t\t\n    <\/div>    \n<\/article><\/div><div class=\"items col-xl-4 col-lg-4 col-md-4 col-sm-4 col-ms-6 col-xs-12\"><article class=\"post-40966 post type-post status-publish format-standard has-post-thumbnail hentry category-sin-categorizar\">\n\t<a href=\"https:\/\/www.unigirona.cat\/es\/punset-es-converteix-en-nou-patrocinador-de-luni-girona\/\" class=\"lte-photo\"><img loading=\"lazy\" decoding=\"async\" width=\"500\" height=\"300\" src=\"https:\/\/www.unigirona.cat\/wp-content\/uploads\/2024\/12\/WhatsApp-Image-2024-12-09-at-14.02.56-500x300.jpeg\" class=\"attachment-atleticos-blog size-atleticos-blog wp-post-image\" alt=\"\" \/><span class=\"lte-photo-overlay\"><\/span><\/a><span class=\"lte-cats\"><a href=\"https:\/\/www.unigirona.cat\/es\/category\/sin-categorizar\/\">Sin categorizar<\/a><\/span> \t\n    <div class=\"lte-description\"> \n\t    <span class=\"lte-date-top\"><a href=\"https:\/\/www.unigirona.cat\/es\/punset-es-converteix-en-nou-patrocinador-de-luni-girona\/\" class=\"lte-date\"><span class=\"dt\">25\/10\/2024<\/span><\/a><\/span>       \t\n        <a href=\"https:\/\/www.unigirona.cat\/es\/punset-es-converteix-en-nou-patrocinador-de-luni-girona\/\" class=\"lte-header\"><h3>PUNSET SE CONVIERTE EN NUEVO PATROCINADOR DE LA UNI GIRONA<\/h3><\/a>\n\t\t<div class=\"lte-excerpt\">Punset ha firmado un acuerdo de patrocinio con Uni Girona. La formalizaci\u00f3n del acuerdo se ha celebrado en el Pabell\u00f3n Municipal Girona-Fontajau con la presencia de las jugadoras y el equipo t\u00e9cnico del Uni Girona, as\u00ed como de Xavier Punset y Albert Punset, representantes de la empresa. Xavier Punset y Albert Punset han expresado su [&hellip;] &hellip;<\/div><ul class=\"lte-post-info\"><li class=\"lte-icon-comments\"><span>0<\/span><\/li><\/ul>\t\n\t\t\t\t\t\n    <\/div>    \n<\/article><\/div><div class=\"items col-xl-4 col-lg-4 col-md-4 col-sm-4 col-ms-6 col-xs-12\"><article class=\"post-40962 post type-post status-publish format-standard has-post-thumbnail hentry category-sin-categorizar\">\n\t<a href=\"https:\/\/www.unigirona.cat\/es\/solventa6-nou-patrocinador-de-luni-girona\/\" class=\"lte-photo\"><img loading=\"lazy\" decoding=\"async\" width=\"500\" height=\"300\" src=\"https:\/\/www.unigirona.cat\/wp-content\/uploads\/2024\/12\/WhatsApp-Image-2024-12-09-at-13.34.13-1-500x300.jpeg\" class=\"attachment-atleticos-blog size-atleticos-blog wp-post-image\" alt=\"\" \/><span class=\"lte-photo-overlay\"><\/span><\/a><span class=\"lte-cats\"><a href=\"https:\/\/www.unigirona.cat\/es\/category\/sin-categorizar\/\">Sin categorizar<\/a><\/span> \t\n    <div class=\"lte-description\"> \n\t    <span class=\"lte-date-top\"><a href=\"https:\/\/www.unigirona.cat\/es\/solventa6-nou-patrocinador-de-luni-girona\/\" class=\"lte-date\"><span class=\"dt\">23\/10\/2024<\/span><\/a><\/span>       \t\n        <a href=\"https:\/\/www.unigirona.cat\/es\/solventa6-nou-patrocinador-de-luni-girona\/\" class=\"lte-header\"><h3>Solventa6, nuevo patrocinador del Uni Girona<\/h3><\/a>\n\t\t<div class=\"lte-excerpt\">Solventa6 ha llegado a un acuerdo de patrocinio con Uni Girona. El acuerdo se ha formalizado en el Pabell\u00f3n Municipal Girona-Fontajau con la presencia, por parte del Uni Girona, de las jugadoras y el equipo t\u00e9cnico, y por parte de Solventa6, \u00c0lex Barcel\u00f3, CEO de la empresa. \u00c0lex Barcel\u00f3 ha mostrado su satisfacci\u00f3n por el [&hellip;] &hellip;<\/div><ul class=\"lte-post-info\"><li class=\"lte-icon-comments\"><span>0<\/span><\/li><\/ul>\t\n\t\t\t\t\t\n    <\/div>    \n<\/article><\/div><div class=\"items col-xl-4 col-lg-4 col-md-4 col-sm-4 col-ms-6 col-xs-12\"><article class=\"post-40957 post type-post status-publish format-standard has-post-thumbnail hentry category-sin-categorizar\">\n\t<a href=\"https:\/\/www.unigirona.cat\/es\/caixabank-renova-lacord-de-patrocini-amb-luni-girona\/\" class=\"lte-photo\"><img loading=\"lazy\" decoding=\"async\" width=\"500\" height=\"300\" src=\"https:\/\/www.unigirona.cat\/wp-content\/uploads\/2024\/12\/WhatsApp-Image-2024-12-09-at-13.32.30-500x300.jpeg\" class=\"attachment-atleticos-blog size-atleticos-blog wp-post-image\" alt=\"\" \/><span class=\"lte-photo-overlay\"><\/span><\/a><span class=\"lte-cats\"><a href=\"https:\/\/www.unigirona.cat\/es\/category\/sin-categorizar\/\">Sin categorizar<\/a><\/span> \t\n    <div class=\"lte-description\"> \n\t    <span class=\"lte-date-top\"><a href=\"https:\/\/www.unigirona.cat\/es\/caixabank-renova-lacord-de-patrocini-amb-luni-girona\/\" class=\"lte-date\"><span class=\"dt\">22\/10\/2024<\/span><\/a><\/span>       \t\n        <a href=\"https:\/\/www.unigirona.cat\/es\/caixabank-renova-lacord-de-patrocini-amb-luni-girona\/\" class=\"lte-header\"><h3>CaixaBank renueva el acuerdo de patrocinio con la UNI Girona<\/h3><\/a>\n\t\t<div class=\"lte-excerpt\">CaixaBank y UNI Girona han firmado el acuerdo de renovaci\u00f3n del patrocinio que une la entidad financiera y el club catal\u00e1n para la temporada 2024-2025. Ambas entidades mantienen el acuerdo de patrocinio desde 2009 y, mediante esta renovaci\u00f3n, CaixaBank contin\u00faa como partner oficial y socio financiero del club gerundense. El presidente de la UNI Girona, [&hellip;] &hellip;<\/div><ul class=\"lte-post-info\"><li class=\"lte-icon-comments\"><span>0<\/span><\/li><\/ul>\t\n\t\t\t\t\t\n    <\/div>    \n<\/article><\/div><div class=\"items col-xl-4 col-lg-4 col-md-4 col-sm-4 col-ms-6 col-xs-12\"><article class=\"post-40952 post type-post status-publish format-standard has-post-thumbnail hentry category-sin-categorizar\">\n\t<a href=\"https:\/\/www.unigirona.cat\/es\/fisiomedico-grupo-nuevo-patrocinador-del-uni-girona\/\" class=\"lte-photo\"><img loading=\"lazy\" decoding=\"async\" width=\"500\" height=\"300\" src=\"https:\/\/www.unigirona.cat\/wp-content\/uploads\/2024\/12\/WhatsApp-Image-2024-12-09-at-13.29.15-500x300.jpeg\" class=\"attachment-atleticos-blog size-atleticos-blog wp-post-image\" alt=\"\" \/><span class=\"lte-photo-overlay\"><\/span><\/a><span class=\"lte-cats\"><a href=\"https:\/\/www.unigirona.cat\/es\/category\/sin-categorizar\/\">Sin categorizar<\/a><\/span> \t\n    <div class=\"lte-description\"> \n\t    <span class=\"lte-date-top\"><a href=\"https:\/\/www.unigirona.cat\/es\/fisiomedico-grupo-nuevo-patrocinador-del-uni-girona\/\" class=\"lte-date\"><span class=\"dt\">21\/10\/2024<\/span><\/a><\/span>       \t\n        <a href=\"https:\/\/www.unigirona.cat\/es\/fisiomedico-grupo-nuevo-patrocinador-del-uni-girona\/\" class=\"lte-header\"><h3>Fisiom\u00e9dico Grupo, nuevo patrocinador del Uni Girona<\/h3><\/a>\n\t\t<div class=\"lte-excerpt\">El Spar Girona ha llegado a un acuerdo de patrocinio con Fisiom\u00e8dic Grup, una empresa de referencia en el sector de la fisioterapia avanzada y la salud deportiva. La presentaci\u00f3n del acuerdo se ha llevado a cabo en el Pabell\u00f3n Municipal Girona-Fontajau con la presencia del equipo t\u00e9cnico y las jugadoras del Uni Girona, as\u00ed [&hellip;] &hellip;<\/div><ul class=\"lte-post-info\"><li class=\"lte-icon-comments\"><span>0<\/span><\/li><\/ul>\t\n\t\t\t\t\t\n    <\/div>    \n<\/article><\/div><div class=\"items col-xl-4 col-lg-4 col-md-4 col-sm-4 col-ms-6 col-xs-12\"><article class=\"post-40948 post type-post status-publish format-standard has-post-thumbnail hentry category-sin-categorizar\">\n\t<a href=\"https:\/\/www.unigirona.cat\/es\/clinica-girona-nuevo-aliado-de-salud-del-spar-girona\/\" class=\"lte-photo vertical\"><img loading=\"lazy\" decoding=\"async\" width=\"500\" height=\"300\" src=\"https:\/\/www.unigirona.cat\/wp-content\/uploads\/2024\/12\/WhatsApp-Image-2024-12-09-at-13.19.59-500x300.jpeg\" class=\"attachment-atleticos-blog size-atleticos-blog wp-post-image\" alt=\"\" \/><span class=\"lte-photo-overlay\"><\/span><\/a><span class=\"lte-cats\"><a href=\"https:\/\/www.unigirona.cat\/es\/category\/sin-categorizar\/\">Sin categorizar<\/a><\/span> \t\n    <div class=\"lte-description\"> \n\t    <span class=\"lte-date-top\"><a href=\"https:\/\/www.unigirona.cat\/es\/clinica-girona-nuevo-aliado-de-salud-del-spar-girona\/\" class=\"lte-date\"><span class=\"dt\">18\/10\/2024<\/span><\/a><\/span>       \t\n        <a href=\"https:\/\/www.unigirona.cat\/es\/clinica-girona-nuevo-aliado-de-salud-del-spar-girona\/\" class=\"lte-header\"><h3>Cl\u00ednica Girona, nuevo aliado de salud del Spar Girona<\/h3><\/a>\n\t\t<div class=\"lte-excerpt\">Acuerdo de colaboraci\u00f3n entre Uni Girona CB y Cl\u00ednica Girona para la temporada 2024-2025. Este acuerdo reafirma el compromiso de ambas entidades con la salud y el bienestar de las deportistas de \u00e9lite. Gracias a este convenio, Cl\u00ednica Girona proporcionar\u00e1 una amplia gama de servicios m\u00e9dicos al primer equipo femenino del Uni Girona, incluidos: \u201cEsta [&hellip;] &hellip;<\/div><ul class=\"lte-post-info\"><li class=\"lte-icon-comments\"><span>0<\/span><\/li><\/ul>\t\n\t\t\t\t\t\n    <\/div>    \n<\/article><\/div><div class=\"items col-xl-4 col-lg-4 col-md-4 col-sm-4 col-ms-6 col-xs-12\"><article class=\"post-40944 post type-post status-publish format-standard has-post-thumbnail hentry category-sin-categorizar\">\n\t<a href=\"https:\/\/www.unigirona.cat\/es\/electra-avellana-nuevo-patrocinador-del-uni-girona\/\" class=\"lte-photo\"><img loading=\"lazy\" decoding=\"async\" width=\"500\" height=\"300\" src=\"https:\/\/www.unigirona.cat\/wp-content\/uploads\/2024\/12\/WhatsApp-Image-2024-12-09-at-13.14.04-500x300.jpeg\" class=\"attachment-atleticos-blog size-atleticos-blog wp-post-image\" alt=\"\" \/><span class=\"lte-photo-overlay\"><\/span><\/a><span class=\"lte-cats\"><a href=\"https:\/\/www.unigirona.cat\/es\/category\/sin-categorizar\/\">Sin categorizar<\/a><\/span> \t\n    <div class=\"lte-description\"> \n\t    <span class=\"lte-date-top\"><a href=\"https:\/\/www.unigirona.cat\/es\/electra-avellana-nuevo-patrocinador-del-uni-girona\/\" class=\"lte-date\"><span class=\"dt\">16\/10\/2024<\/span><\/a><\/span>       \t\n        <a href=\"https:\/\/www.unigirona.cat\/es\/electra-avellana-nuevo-patrocinador-del-uni-girona\/\" class=\"lte-header\"><h3>Electra Avellana, nuevo patrocinador del Uni Girona<\/h3><\/a>\n\t\t<div class=\"lte-excerpt\">Electra Avellana ha llegado a un acuerdo de patrocinio con el Spar Girona. El acuerdo se ha formalizado en el Pabell\u00f3n Municipal Girona-Fontajau con la presencia, por parte del Uni Girona, de las jugadoras y el equipo t\u00e9cnico, y por parte de Electra Avellana, Maria Figa Felip, Esther Figa Felip y Pau Figa Felip, representantes [&hellip;] &hellip;<\/div><ul class=\"lte-post-info\"><li class=\"lte-icon-comments\"><span>0<\/span><\/li><\/ul>\t\n\t\t\t\t\t\n    <\/div>    \n<\/article><\/div><div class=\"items col-xl-4 col-lg-4 col-md-4 col-sm-4 col-ms-6 col-xs-12\"><article class=\"post-40940 post type-post status-publish format-standard has-post-thumbnail hentry category-sin-categorizar\">\n\t<a href=\"https:\/\/www.unigirona.cat\/es\/pere-puig-nuevo-director-deportivo-del-uni-girona\/\" class=\"lte-photo vertical\"><img loading=\"lazy\" decoding=\"async\" width=\"384\" height=\"300\" src=\"https:\/\/www.unigirona.cat\/wp-content\/uploads\/2024\/10\/pere-puig-384x300.png\" class=\"attachment-atleticos-blog size-atleticos-blog wp-post-image\" alt=\"\" \/><span class=\"lte-photo-overlay\"><\/span><\/a><span class=\"lte-cats\"><a href=\"https:\/\/www.unigirona.cat\/es\/category\/sin-categorizar\/\">Sin categorizar<\/a><\/span> \t\n    <div class=\"lte-description\"> \n\t    <span class=\"lte-date-top\"><a href=\"https:\/\/www.unigirona.cat\/es\/pere-puig-nuevo-director-deportivo-del-uni-girona\/\" class=\"lte-date\"><span class=\"dt\">03\/10\/2024<\/span><\/a><\/span>       \t\n        <a href=\"https:\/\/www.unigirona.cat\/es\/pere-puig-nuevo-director-deportivo-del-uni-girona\/\" class=\"lte-header\"><h3>PERE PUIG, NUEVO DIRECTOR DEPORTIVO DEL UNI GIRONA<\/h3><\/a>\n\t\t<div class=\"lte-excerpt\">El Spar Girona anuncia oficialmente la incorporaci\u00f3n de Pere Puig como nuevo director deportivo del club. Esta decisi\u00f3n se enmarca dentro de los cambios estructurales que el club ha ido implementando este verano, con el objetivo de seguir consolidando el proyecto deportivo y fortalecer la estructura del equipo de cara a las pr\u00f3ximas temporadas. Pere [&hellip;] &hellip;<\/div><ul class=\"lte-post-info\"><\/ul>\t\n\t\t\t\t\t\n    <\/div>    \n<\/article><\/div><div class=\"items col-xl-4 col-lg-4 col-md-4 col-sm-4 col-ms-6 col-xs-12\"><article class=\"post-39171 post type-post status-publish format-standard has-post-thumbnail hentry category-cronica category-uncategorized-ca\">\n\t<a href=\"https:\/\/www.unigirona.cat\/es\/spar-girona-tanca-la-pretermporada-amb-derrota-2\/\" class=\"lte-photo\"><img loading=\"lazy\" decoding=\"async\" width=\"500\" height=\"300\" src=\"https:\/\/www.unigirona.cat\/wp-content\/uploads\/2024\/10\/portada-500x300.jpg\" class=\"attachment-atleticos-blog size-atleticos-blog wp-post-image\" alt=\"\" \/><span class=\"lte-photo-overlay\"><\/span><\/a><span class=\"lte-cats\"><a href=\"https:\/\/www.unigirona.cat\/category\/cronica\/\">Cr\u00f2nica<\/a><\/span> \t\n    <div class=\"lte-description\"> \n\t    <span class=\"lte-date-top\"><a href=\"https:\/\/www.unigirona.cat\/es\/spar-girona-tanca-la-pretermporada-amb-derrota-2\/\" class=\"lte-date\"><span class=\"dt\">03\/10\/2024<\/span><\/a><\/span>       \t\n        <a href=\"https:\/\/www.unigirona.cat\/es\/spar-girona-tanca-la-pretermporada-amb-derrota-2\/\" class=\"lte-header\"><h3>ROBERTO \u00cd\u00d1IGUEZ VALORA LA PRETEMPORADA DE L&#8217;UNI GIRONA<\/h3><\/a>\n\t\t<div class=\"lte-excerpt\">Aquest mat\u00ed, l\u2019entrenador de l\u2019Spar Girona, Roberto \u00cd\u00f1iguez, ha comparegut davant dels mitjans de comunicaci\u00f3 per fer una valoraci\u00f3 de la pretemporada del seu equip. El t\u00e8cnic ha destacat les dificultats que s\u2019han trobat fins ara, marcades per les lesions i les abs\u00e8ncies, aix\u00ed com per la pres\u00e8ncia de moltes jugadores joves. Segons \u00cd\u00f1iguez: \u201c\u00c9s [&hellip;] &hellip;<\/div><ul class=\"lte-post-info\"><\/ul>\t\n\t\t\t\t\t\n    <\/div>    \n<\/article><\/div><div class=\"items col-xl-4 col-lg-4 col-md-4 col-sm-4 col-ms-6 col-xs-12\"><article class=\"post-39168 post type-post status-publish format-standard has-post-thumbnail hentry category-cronica category-uncategorized-ca\">\n\t<a href=\"https:\/\/www.unigirona.cat\/es\/spar-girona-tanca-la-pretermporada-amb-derrota\/\" class=\"lte-photo vertical\"><img loading=\"lazy\" decoding=\"async\" width=\"500\" height=\"300\" src=\"https:\/\/www.unigirona.cat\/wp-content\/uploads\/2024\/10\/final-2-500x300.png\" class=\"attachment-atleticos-blog size-atleticos-blog wp-post-image\" alt=\"\" \/><span class=\"lte-photo-overlay\"><\/span><\/a><span class=\"lte-cats\"><a href=\"https:\/\/www.unigirona.cat\/category\/cronica\/\">Cr\u00f2nica<\/a><\/span> \t\n    <div class=\"lte-description\"> \n\t    <span class=\"lte-date-top\"><a href=\"https:\/\/www.unigirona.cat\/es\/spar-girona-tanca-la-pretermporada-amb-derrota\/\" class=\"lte-date\"><span class=\"dt\">03\/10\/2024<\/span><\/a><\/span>       \t\n        <a href=\"https:\/\/www.unigirona.cat\/es\/spar-girona-tanca-la-pretermporada-amb-derrota\/\" class=\"lte-header\"><h3>L\u2019SPAR GIRONA TANCA LA PRETEMPORADA AMB DERROTA<\/h3><\/a>\n\t\t<div class=\"lte-excerpt\">L\u2019Spar Girona no ha pogut tancar la pretemporada amb un bon sabor de boca. El Movistar Estudiantes ha aprofitat les baixes de l\u2019Spar per fer mal sota cistella, imposant-se per 69 a 82. Les gironines debuten a la LF Endesa el pr\u00f2xim dissabte 5 d\u2019octubre contra el Cad\u00ed La Seu. Inici t\u00edmid de l\u2019Spar Girona [&hellip;] &hellip;<\/div><ul class=\"lte-post-info\"><\/ul>\t\n\t\t\t\t\t\n    <\/div>    \n<\/article><\/div><div class=\"items col-xl-4 col-lg-4 col-md-4 col-sm-4 col-ms-6 col-xs-12\"><article class=\"post-40936 post type-post status-publish format-standard has-post-thumbnail hentry category-sin-categorizar\">\n\t<a href=\"https:\/\/www.unigirona.cat\/es\/comunicado-medico-ainhoa-lopez\/\" class=\"lte-photo vertical\"><img loading=\"lazy\" decoding=\"async\" width=\"500\" height=\"300\" src=\"https:\/\/www.unigirona.cat\/wp-content\/uploads\/2024\/10\/comunicat-media-ainhoa-lopez-500x300.jpg\" class=\"attachment-atleticos-blog size-atleticos-blog wp-post-image\" alt=\"\" \/><span class=\"lte-photo-overlay\"><\/span><\/a><span class=\"lte-cats\"><a href=\"https:\/\/www.unigirona.cat\/es\/category\/sin-categorizar\/\">Sin categorizar<\/a><\/span> \t\n    <div class=\"lte-description\"> \n\t    <span class=\"lte-date-top\"><a href=\"https:\/\/www.unigirona.cat\/es\/comunicado-medico-ainhoa-lopez\/\" class=\"lte-date\"><span class=\"dt\">03\/10\/2024<\/span><\/a><\/span>       \t\n        <a href=\"https:\/\/www.unigirona.cat\/es\/comunicado-medico-ainhoa-lopez\/\" class=\"lte-header\"><h3>COMUNICADO M\u00c9DICO: AINHOA L\u00d3PEZ<\/h3><\/a>\n\t\t<div class=\"lte-excerpt\">Tras las pruebas pertinentes, se confirma la lesi\u00f3n de Ainhoa L\u00f3pez, que sufre un edema \u00f3seo en el pie izquierdo. La evoluci\u00f3n de la lesi\u00f3n marcar\u00e1 su disponibilidad. &hellip;<\/div><ul class=\"lte-post-info\"><\/ul>\t\n\t\t\t\t\t\n    <\/div>    \n<\/article><\/div><div class=\"items col-xl-4 col-lg-4 col-md-4 col-sm-4 col-ms-6 col-xs-12\"><article class=\"post-40932 post type-post status-publish format-standard has-post-thumbnail hentry category-lf-endesa-es category-sin-categorizar\">\n\t<a href=\"https:\/\/www.unigirona.cat\/es\/presentada-la-lf-endesa-24-25\/\" class=\"lte-photo\"><img loading=\"lazy\" decoding=\"async\" width=\"500\" height=\"300\" src=\"https:\/\/www.unigirona.cat\/wp-content\/uploads\/2024\/10\/presentada-lf-endesa-24-25-500x300.jpg\" class=\"attachment-atleticos-blog size-atleticos-blog wp-post-image\" alt=\"\" \/><span class=\"lte-photo-overlay\"><\/span><\/a><span class=\"lte-cats\"><a href=\"https:\/\/www.unigirona.cat\/es\/category\/lf-endesa-es\/\">LF Endesa<\/a><\/span> \t\n    <div class=\"lte-description\"> \n\t    <span class=\"lte-date-top\"><a href=\"https:\/\/www.unigirona.cat\/es\/presentada-la-lf-endesa-24-25\/\" class=\"lte-date\"><span class=\"dt\">03\/10\/2024<\/span><\/a><\/span>       \t\n        <a href=\"https:\/\/www.unigirona.cat\/es\/presentada-la-lf-endesa-24-25\/\" class=\"lte-header\"><h3>PRESENTADA LA LF ENDESA 24\/25<\/h3><\/a>\n\t\t<div class=\"lte-excerpt\">Este martes por la ma\u00f1ana se ha realizado en Madrid la presentaci\u00f3n oficial de la LF Endesa 2024-2025, donde el Girona ha estado representado por su capitana, Sandra Ygueravide. Ygueravide ha destacado la importancia de la nueva temporada, pese a los cambios que ha experimentado el equipo: \u201cHa habido muchos cambios, pero el lema es [&hellip;] &hellip;<\/div><ul class=\"lte-post-info\"><\/ul>\t\n\t\t\t\t\t\n    <\/div>    \n<\/article><\/div><\/div><div class=\"clearfix\"><\/div>\t\t\t\t<\/div>\n\t\t\t\t<\/div>\n\t\t\t\t\t<\/div>\n\t\t\t\t<\/div>\n\t\t\t\t<\/div>\n\t\t","protected":false},"excerpt":{"rendered":"<p>\u00daltima hora 20\/01\/2025 Roberto \u00cd\u00f1iguez: &#8220;Hem de jugar amb m\u00e9s energia durant m\u00e9s minuts&#8221; El t\u00e8cnic Roberto \u00cd\u00f1iguez va analitzar la derrota de l&#8217;Uni contra el Baxi Ferrol per un ajustat 72 a 70. En la seva valoraci\u00f3 als mitjans, \u00cd\u00f1iguez va destacar la manca d&#8217;energia en molts moments del partit i va assenyalar que [&hellip;]<\/p>\n","protected":false},"author":1,"featured_media":0,"parent":0,"menu_order":0,"comment_status":"closed","ping_status":"closed","template":"","meta":{"footnotes":""},"class_list":["post-42335","page","type-page","status-publish","hentry","has-post-thumbnail"],"yoast_head":"<!-- This site is optimized with the Yoast SEO plugin v25.1 - https:\/\/yoast.com\/wordpress\/plugins\/seo\/ -->\n<title>Actualidad - UNI B\u00e0squet Girona<\/title>\n<meta name=\"robots\" content=\"index, follow, max-snippet:-1, max-image-preview:large, max-video-preview:-1\" \/>\n<link rel=\"canonical\" href=\"https:\/\/www.unigirona.cat\/es\/actualidad\/\" \/>\n<meta property=\"og:locale\" content=\"es_ES\" \/>\n<meta property=\"og:type\" content=\"article\" \/>\n<meta property=\"og:title\" content=\"Actualidad - UNI B\u00e0squet Girona\" \/>\n<meta property=\"og:description\" content=\"\u00daltima hora 20\/01\/2025 Roberto \u00cd\u00f1iguez: &#8220;Hem de jugar amb m\u00e9s energia durant m\u00e9s minuts&#8221; El t\u00e8cnic Roberto \u00cd\u00f1iguez va analitzar la derrota de l&#8217;Uni contra el Baxi Ferrol per un ajustat 72 a 70. En la seva valoraci\u00f3 als mitjans, \u00cd\u00f1iguez va destacar la manca d&#8217;energia en molts moments del partit i va assenyalar que [&hellip;]\" \/>\n<meta property=\"og:url\" content=\"https:\/\/www.unigirona.cat\/es\/actualidad\/\" \/>\n<meta property=\"og:site_name\" content=\"UNI B\u00e0squet Girona\" \/>\n<meta property=\"article:modified_time\" content=\"2025-01-20T11:34:17+00:00\" \/>\n<meta property=\"og:image\" content=\"http:\/\/www.unigirona.cat\/wp-content\/uploads\/2025\/01\/WhatsApp-Image-2025-01-19-at-21.08.56-500x300.jpeg\" \/>\n<meta name=\"twitter:card\" content=\"summary_large_image\" \/>\n<meta name=\"twitter:label1\" content=\"Tiempo de lectura\" \/>\n\t<meta name=\"twitter:data1\" content=\"35 minutos\" \/>\n<script type=\"application\/ld+json\" class=\"yoast-schema-graph\">{\"@context\":\"https:\/\/schema.org\",\"@graph\":[{\"@type\":\"WebPage\",\"@id\":\"https:\/\/www.unigirona.cat\/es\/actualidad\/\",\"url\":\"https:\/\/www.unigirona.cat\/es\/actualidad\/\",\"name\":\"Actualidad - UNI B\u00e0squet Girona\",\"isPartOf\":{\"@id\":\"https:\/\/www.unigirona.cat\/#website\"},\"primaryImageOfPage\":{\"@id\":\"https:\/\/www.unigirona.cat\/es\/actualidad\/#primaryimage\"},\"image\":{\"@id\":\"https:\/\/www.unigirona.cat\/es\/actualidad\/#primaryimage\"},\"thumbnailUrl\":\"http:\/\/www.unigirona.cat\/wp-content\/uploads\/2025\/01\/WhatsApp-Image-2025-01-19-at-21.08.56-500x300.jpeg\",\"datePublished\":\"2025-01-20T11:20:58+00:00\",\"dateModified\":\"2025-01-20T11:34:17+00:00\",\"breadcrumb\":{\"@id\":\"https:\/\/www.unigirona.cat\/es\/actualidad\/#breadcrumb\"},\"inLanguage\":\"es\",\"potentialAction\":[{\"@type\":\"ReadAction\",\"target\":[\"https:\/\/www.unigirona.cat\/es\/actualidad\/\"]}]},{\"@type\":\"ImageObject\",\"inLanguage\":\"es\",\"@id\":\"https:\/\/www.unigirona.cat\/es\/actualidad\/#primaryimage\",\"url\":\"http:\/\/www.unigirona.cat\/wp-content\/uploads\/2025\/01\/WhatsApp-Image-2025-01-19-at-21.08.56-500x300.jpeg\",\"contentUrl\":\"http:\/\/www.unigirona.cat\/wp-content\/uploads\/2025\/01\/WhatsApp-Image-2025-01-19-at-21.08.56-500x300.jpeg\"},{\"@type\":\"BreadcrumbList\",\"@id\":\"https:\/\/www.unigirona.cat\/es\/actualidad\/#breadcrumb\",\"itemListElement\":[{\"@type\":\"ListItem\",\"position\":1,\"name\":\"Portada\",\"item\":\"https:\/\/www.unigirona.cat\/\"},{\"@type\":\"ListItem\",\"position\":2,\"name\":\"Actualidad\"}]},{\"@type\":\"WebSite\",\"@id\":\"https:\/\/www.unigirona.cat\/#website\",\"url\":\"https:\/\/www.unigirona.cat\/\",\"name\":\"Spar Girona\",\"description\":\"\",\"potentialAction\":[{\"@type\":\"SearchAction\",\"target\":{\"@type\":\"EntryPoint\",\"urlTemplate\":\"https:\/\/www.unigirona.cat\/?s={search_term_string}\"},\"query-input\":{\"@type\":\"PropertyValueSpecification\",\"valueRequired\":true,\"valueName\":\"search_term_string\"}}],\"inLanguage\":\"es\"}]}<\/script>\n<!-- \/ Yoast SEO plugin. -->","yoast_head_json":{"title":"Actualidad - UNI B\u00e0squet Girona","robots":{"index":"index","follow":"follow","max-snippet":"max-snippet:-1","max-image-preview":"max-image-preview:large","max-video-preview":"max-video-preview:-1"},"canonical":"https:\/\/www.unigirona.cat\/es\/actualidad\/","og_locale":"es_ES","og_type":"article","og_title":"Actualidad - UNI B\u00e0squet Girona","og_description":"\u00daltima hora 20\/01\/2025 Roberto \u00cd\u00f1iguez: &#8220;Hem de jugar amb m\u00e9s energia durant m\u00e9s minuts&#8221; El t\u00e8cnic Roberto \u00cd\u00f1iguez va analitzar la derrota de l&#8217;Uni contra el Baxi Ferrol per un ajustat 72 a 70. En la seva valoraci\u00f3 als mitjans, \u00cd\u00f1iguez va destacar la manca d&#8217;energia en molts moments del partit i va assenyalar que [&hellip;]","og_url":"https:\/\/www.unigirona.cat\/es\/actualidad\/","og_site_name":"UNI B\u00e0squet Girona","article_modified_time":"2025-01-20T11:34:17+00:00","og_image":[{"url":"http:\/\/www.unigirona.cat\/wp-content\/uploads\/2025\/01\/WhatsApp-Image-2025-01-19-at-21.08.56-500x300.jpeg","type":"","width":"","height":""}],"twitter_card":"summary_large_image","twitter_misc":{"Tiempo de lectura":"35 minutos"},"schema":{"@context":"https:\/\/schema.org","@graph":[{"@type":"WebPage","@id":"https:\/\/www.unigirona.cat\/es\/actualidad\/","url":"https:\/\/www.unigirona.cat\/es\/actualidad\/","name":"Actualidad - UNI B\u00e0squet Girona","isPartOf":{"@id":"https:\/\/www.unigirona.cat\/#website"},"primaryImageOfPage":{"@id":"https:\/\/www.unigirona.cat\/es\/actualidad\/#primaryimage"},"image":{"@id":"https:\/\/www.unigirona.cat\/es\/actualidad\/#primaryimage"},"thumbnailUrl":"http:\/\/www.unigirona.cat\/wp-content\/uploads\/2025\/01\/WhatsApp-Image-2025-01-19-at-21.08.56-500x300.jpeg","datePublished":"2025-01-20T11:20:58+00:00","dateModified":"2025-01-20T11:34:17+00:00","breadcrumb":{"@id":"https:\/\/www.unigirona.cat\/es\/actualidad\/#breadcrumb"},"inLanguage":"es","potentialAction":[{"@type":"ReadAction","target":["https:\/\/www.unigirona.cat\/es\/actualidad\/"]}]},{"@type":"ImageObject","inLanguage":"es","@id":"https:\/\/www.unigirona.cat\/es\/actualidad\/#primaryimage","url":"http:\/\/www.unigirona.cat\/wp-content\/uploads\/2025\/01\/WhatsApp-Image-2025-01-19-at-21.08.56-500x300.jpeg","contentUrl":"http:\/\/www.unigirona.cat\/wp-content\/uploads\/2025\/01\/WhatsApp-Image-2025-01-19-at-21.08.56-500x300.jpeg"},{"@type":"BreadcrumbList","@id":"https:\/\/www.unigirona.cat\/es\/actualidad\/#breadcrumb","itemListElement":[{"@type":"ListItem","position":1,"name":"Portada","item":"https:\/\/www.unigirona.cat\/"},{"@type":"ListItem","position":2,"name":"Actualidad"}]},{"@type":"WebSite","@id":"https:\/\/www.unigirona.cat\/#website","url":"https:\/\/www.unigirona.cat\/","name":"Spar Girona","description":"","potentialAction":[{"@type":"SearchAction","target":{"@type":"EntryPoint","urlTemplate":"https:\/\/www.unigirona.cat\/?s={search_term_string}"},"query-input":{"@type":"PropertyValueSpecification","valueRequired":true,"valueName":"search_term_string"}}],"inLanguage":"es"}]}},"_links":{"self":[{"href":"https:\/\/www.unigirona.cat\/es\/wp-json\/wp\/v2\/pages\/42335"}],"collection":[{"href":"https:\/\/www.unigirona.cat\/es\/wp-json\/wp\/v2\/pages"}],"about":[{"href":"https:\/\/www.unigirona.cat\/es\/wp-json\/wp\/v2\/types\/page"}],"author":[{"embeddable":true,"href":"https:\/\/www.unigirona.cat\/es\/wp-json\/wp\/v2\/users\/1"}],"replies":[{"embeddable":true,"href":"https:\/\/www.unigirona.cat\/es\/wp-json\/wp\/v2\/comments?post=42335"}],"version-history":[{"count":1,"href":"https:\/\/www.unigirona.cat\/es\/wp-json\/wp\/v2\/pages\/42335\/revisions"}],"predecessor-version":[{"id":42337,"href":"https:\/\/www.unigirona.cat\/es\/wp-json\/wp\/v2\/pages\/42335\/revisions\/42337"}],"wp:attachment":[{"href":"https:\/\/www.unigirona.cat\/es\/wp-json\/wp\/v2\/media?parent=42335"}],"curies":[{"name":"wp","href":"https:\/\/api.w.org\/{rel}","templated":true}]}}